{"version":"1.0","provider_name":"The Epoch Times TR","provider_url":"https:\/\/epochtimestr.com","author_name":"Haber Merkezi","author_url":"https:\/\/epochtimestr.com\/index.php\/author\/sendag","title":"11 \u0130lin Emniyet M\u00fcd\u00fcr\u00fc De\u011fi\u015fti - The Epoch Times TR","type":"rich","width":600,"height":338,"html":"<blockquote class=\"wp-embedded-content\" data-secret=\"OOK9SPDLhG\"><a href=\"https:\/\/epochtimestr.com\/index.php\/11-ilin-emniyet-muduru-degisti\">11 \u0130lin Emniyet M\u00fcd\u00fcr\u00fc De\u011fi\u015fti<\/a><\/blockquote><iframe sandbox=\"allow-scripts\" security=\"restricted\" src=\"https:\/\/epochtimestr.com\/index.php\/11-ilin-emniyet-muduru-degisti\/embed#?secret=OOK9SPDLhG\" width=\"600\" height=\"338\" title=\"&#8220;11 \u0130lin Emniyet M\u00fcd\u00fcr\u00fc De\u011fi\u015fti&#8221; &#8212; The Epoch Times TR\" data-secret=\"OOK9SPDLhG\" frameborder=\"0\" marginwidth=\"0\" marginheight=\"0\" scrolling=\"no\" class=\"wp-embedded-content\"><\/iframe><script type=\"text\/javascript\">\n\/* <![CDATA[ *\/\n\/*! This file is auto-generated *\/\n!function(d,l){\"use strict\";l.querySelector&&d.addEventListener&&\"undefined\"!=typeof URL&&(d.wp=d.wp||{},d.wp.receiveEmbedMessage||(d.wp.receiveEmbedMessage=function(e){var t=e.data;if((t||t.secret||t.message||t.value)&&!\/[^a-zA-Z0-9]\/.test(t.secret)){for(var s,r,n,a=l.querySelectorAll('iframe[data-secret=\"'+t.secret+'\"]'),o=l.querySelectorAll('blockquote[data-secret=\"'+t.secret+'\"]'),c=new RegExp(\"^https?:$\",\"i\"),i=0;i<o.length;i++)o[i].style.display=\"none\";for(i=0;i<a.length;i++)s=a[i],e.source===s.contentWindow&&(s.removeAttribute(\"style\"),\"height\"===t.message?(1e3<(r=parseInt(t.value,10))?r=1e3:~~r<200&&(r=200),s.height=r):\"link\"===t.message&&(r=new URL(s.getAttribute(\"src\")),n=new URL(t.value),c.test(n.protocol))&&n.host===r.host&&l.activeElement===s&&(d.top.location.href=t.value))}},d.addEventListener(\"message\",d.wp.receiveEmbedMessage,!1),l.addEventListener(\"DOMContentLoaded\",function(){for(var e,t,s=l.querySelectorAll(\"iframe.wp-embedded-content\"),r=0;r<s.length;r++)(t=(e=s[r]).getAttribute(\"data-secret\"))||(t=Math.random().toString(36).substring(2,12),e.src+=\"#?secret=\"+t,e.setAttribute(\"data-secret\",t)),e.contentWindow.postMessage({message:\"ready\",secret:t},\"*\")},!1)))}(window,document);\n\/* ]]> *\/\n<\/script>\n","thumbnail_url":"https:\/\/epochtimestr.com\/wp-content\/uploads\/2011y\/resmi-gazete.jpg","thumbnail_width":664,"thumbnail_height":354,"description":"Cumhurba\u015fkanl\u0131\u011f\u0131 Karar\u0131 ile 11 ilin emniyet m\u00fcd\u00fcr\u00fc de\u011fi\u015fti. Resmi Gazete&#8217;de Cumhurba\u015fkan\u0131 Recep Tayyip Erdo\u011fan&#8217;\u0131n imzas\u0131yla yay\u0131mlanan kararlara g\u00f6re Diyarbak\u0131r \u0130l Emniyet M\u00fcd\u00fcr\u00fc\u00a0H\u00fcseyin A\u015fk\u0131n\u00a0ve Giresun \u0130l Emniyet M\u00fcd\u00fcr\u00fc\u00a0Saruhan K\u0131z\u0131lay, Emniyet Genel M\u00fcd\u00fcrl\u00fc\u011f\u00fc emrine verilerek merkeze \u00e7ekildi.\u00a0 Karara g\u00f6re,\u00a0Orhan \u00c7evik\u00a0Antalya \u0130l Emniyet M\u00fcd\u00fcr\u00fc,\u00a0Fatih Kaya\u00a0Diyarbak\u0131r \u0130l Emniyet M\u00fcd\u00fcr\u00fc,\u00a0Recep G\u00fczelyaz\u0131c\u0131\u00a0Giresun \u0130l Emniyet M\u00fcd\u00fcr\u00fc,\u00a0Kadir Y\u0131rtar\u00a0Karab\u00fck \u0130l Emniyet M\u00fcd\u00fcr\u00fc,\u00a0Kayhan Ay\u00a0Kastamonu \u0130l [&hellip;]"}