{"version":"1.0","provider_name":"The Epoch Times TR","provider_url":"https:\/\/epochtimestr.com","author_name":"S. \u00d6zcan","author_url":"https:\/\/epochtimestr.com\/index.php\/author\/n-kaya","title":"18 Milyon \u00d6\u011frenci Bug\u00fcn Karne Al\u0131yor - The Epoch Times TR","type":"rich","width":600,"height":338,"html":"<blockquote class=\"wp-embedded-content\" data-secret=\"UFt8okuR4S\"><a href=\"https:\/\/epochtimestr.com\/index.php\/18-milyon-ogrenci-bugun-karne-aliyor\">18 Milyon \u00d6\u011frenci Bug\u00fcn Karne Al\u0131yor<\/a><\/blockquote><iframe sandbox=\"allow-scripts\" security=\"restricted\" src=\"https:\/\/epochtimestr.com\/index.php\/18-milyon-ogrenci-bugun-karne-aliyor\/embed#?secret=UFt8okuR4S\" width=\"600\" height=\"338\" title=\"&#8220;18 Milyon \u00d6\u011frenci Bug\u00fcn Karne Al\u0131yor&#8221; &#8212; The Epoch Times TR\" data-secret=\"UFt8okuR4S\" frameborder=\"0\" marginwidth=\"0\" marginheight=\"0\" scrolling=\"no\" class=\"wp-embedded-content\"><\/iframe><script type=\"text\/javascript\">\n\/* <![CDATA[ *\/\n\/*! This file is auto-generated *\/\n!function(d,l){\"use strict\";l.querySelector&&d.addEventListener&&\"undefined\"!=typeof URL&&(d.wp=d.wp||{},d.wp.receiveEmbedMessage||(d.wp.receiveEmbedMessage=function(e){var t=e.data;if((t||t.secret||t.message||t.value)&&!\/[^a-zA-Z0-9]\/.test(t.secret)){for(var s,r,n,a=l.querySelectorAll('iframe[data-secret=\"'+t.secret+'\"]'),o=l.querySelectorAll('blockquote[data-secret=\"'+t.secret+'\"]'),c=new RegExp(\"^https?:$\",\"i\"),i=0;i<o.length;i++)o[i].style.display=\"none\";for(i=0;i<a.length;i++)s=a[i],e.source===s.contentWindow&&(s.removeAttribute(\"style\"),\"height\"===t.message?(1e3<(r=parseInt(t.value,10))?r=1e3:~~r<200&&(r=200),s.height=r):\"link\"===t.message&&(r=new URL(s.getAttribute(\"src\")),n=new URL(t.value),c.test(n.protocol))&&n.host===r.host&&l.activeElement===s&&(d.top.location.href=t.value))}},d.addEventListener(\"message\",d.wp.receiveEmbedMessage,!1),l.addEventListener(\"DOMContentLoaded\",function(){for(var e,t,s=l.querySelectorAll(\"iframe.wp-embedded-content\"),r=0;r<s.length;r++)(t=(e=s[r]).getAttribute(\"data-secret\"))||(t=Math.random().toString(36).substring(2,12),e.src+=\"#?secret=\"+t,e.setAttribute(\"data-secret\",t)),e.contentWindow.postMessage({message:\"ready\",secret:t},\"*\")},!1)))}(window,document);\n\/* ]]> *\/\n<\/script>\n","thumbnail_url":"https:\/\/epochtimestr.com\/wp-content\/uploads\/2011y\/yariyil-tatili-basliyor-789427-664x354.jpg","thumbnail_width":500,"thumbnail_height":266,"description":"2014-2015 e\u011fitim \u00f6\u011fretim y\u0131l\u0131 ilk yar\u0131s\u0131n\u0131 tamamlayan yakla\u015f\u0131k 18 milyon \u00f6\u011frenci bug\u00fcn yar\u0131y\u0131l tatiline giriyor. 2014-2015 e\u011fitim \u00f6\u011fretim d\u00f6neminin ilk yar\u0131s\u0131 tamamland\u0131. Bug\u00fcn okul \u00f6ncesi, ilkokul, orta okul ve liselerden yakla\u015f\u0131k 18 milyon \u00f6\u011frenci ve 900 bin \u00f6\u011fretmen 15 g\u00fcnl\u00fck yar\u0131 y\u0131l tatiline girecek. Milli E\u011fitim Bakanl\u0131\u011f\u0131 2014-2015 e\u011fitim \u00f6\u011fretim d\u00f6nemine g\u00f6re yar\u0131y\u0131l tatili takviminde [&hellip;]"}