{"version":"1.0","provider_name":"The Epoch Times TR","provider_url":"https:\/\/epochtimestr.com","author_name":"Haber Merkezi","author_url":"https:\/\/epochtimestr.com\/index.php\/author\/sendag","title":"20 Temmuz 1999: \u0130nsanl\u0131k Tarihinde Kara Bir Leke - The Epoch Times TR","type":"rich","width":600,"height":338,"html":"<blockquote class=\"wp-embedded-content\" data-secret=\"7h8d6an4Xm\"><a href=\"https:\/\/epochtimestr.com\/index.php\/20-temmuz-1999-insanlik-tarihinde-kara-bir-leke\">20 Temmuz 1999: \u0130nsanl\u0131k Tarihinde Kara Bir Leke<\/a><\/blockquote><iframe sandbox=\"allow-scripts\" security=\"restricted\" src=\"https:\/\/epochtimestr.com\/index.php\/20-temmuz-1999-insanlik-tarihinde-kara-bir-leke\/embed#?secret=7h8d6an4Xm\" width=\"600\" height=\"338\" title=\"&#8220;20 Temmuz 1999: \u0130nsanl\u0131k Tarihinde Kara Bir Leke&#8221; &#8212; The Epoch Times TR\" data-secret=\"7h8d6an4Xm\" frameborder=\"0\" marginwidth=\"0\" marginheight=\"0\" scrolling=\"no\" class=\"wp-embedded-content\"><\/iframe><script type=\"text\/javascript\">\n\/* <![CDATA[ *\/\n\/*! This file is auto-generated *\/\n!function(d,l){\"use strict\";l.querySelector&&d.addEventListener&&\"undefined\"!=typeof URL&&(d.wp=d.wp||{},d.wp.receiveEmbedMessage||(d.wp.receiveEmbedMessage=function(e){var t=e.data;if((t||t.secret||t.message||t.value)&&!\/[^a-zA-Z0-9]\/.test(t.secret)){for(var s,r,n,a=l.querySelectorAll('iframe[data-secret=\"'+t.secret+'\"]'),o=l.querySelectorAll('blockquote[data-secret=\"'+t.secret+'\"]'),c=new RegExp(\"^https?:$\",\"i\"),i=0;i<o.length;i++)o[i].style.display=\"none\";for(i=0;i<a.length;i++)s=a[i],e.source===s.contentWindow&&(s.removeAttribute(\"style\"),\"height\"===t.message?(1e3<(r=parseInt(t.value,10))?r=1e3:~~r<200&&(r=200),s.height=r):\"link\"===t.message&&(r=new URL(s.getAttribute(\"src\")),n=new URL(t.value),c.test(n.protocol))&&n.host===r.host&&l.activeElement===s&&(d.top.location.href=t.value))}},d.addEventListener(\"message\",d.wp.receiveEmbedMessage,!1),l.addEventListener(\"DOMContentLoaded\",function(){for(var e,t,s=l.querySelectorAll(\"iframe.wp-embedded-content\"),r=0;r<s.length;r++)(t=(e=s[r]).getAttribute(\"data-secret\"))||(t=Math.random().toString(36).substring(2,12),e.src+=\"#?secret=\"+t,e.setAttribute(\"data-secret\",t)),e.contentWindow.postMessage({message:\"ready\",secret:t},\"*\")},!1)))}(window,document);\n\/* ]]> *\/\n<\/script>\n","thumbnail_url":"https:\/\/epochtimestr.com\/wp-content\/uploads\/2011y\/20-temmuz-2013-mum-n\u00f6beti-washington-21.jpg","thumbnail_width":526,"thumbnail_height":350,"description":"\u00c7in Kom\u00fcnist Partisi (\u00c7KP)&#8217;nin Eski Devlet Ba\u015fkan\u0131 Jiang Zemin taraf\u0131ndan, Falun Dafa meditasyonu uygulay\u0131c\u0131lar\u0131na kar\u015f\u0131 ba\u015flat\u0131lan i\u015fkence 20. y\u0131l\u0131na girdi. Ac\u0131mas\u0131z soyk\u0131r\u0131m hala devam ediyor. Bundan tam 20 y\u0131l \u00f6nce, 25 Nisan 1999 tarihinde, \u00c7in devleti \u00e7ok talihsiz bir ad\u0131m att\u0131 ve d\u00f6nemin Devlet Ba\u015fkan\u0131 Jiang Zemin&#8217;in talimat\u0131yla b\u00fcy\u00fck \u00e7apl\u0131 bir iftira kampanyas\u0131 ba\u015flatt\u0131. Bir\u00e7ok [&hellip;]"}