{"version":"1.0","provider_name":"The Epoch Times TR","provider_url":"https:\/\/epochtimestr.com","author_name":"S. \u00d6zcan","author_url":"https:\/\/epochtimestr.com\/index.php\/author\/n-kaya","title":"21 \u0130lin Emniyet M\u00fcd\u00fcr\u00fc De\u011fi\u015ftirildi - The Epoch Times TR","type":"rich","width":600,"height":338,"html":"<blockquote class=\"wp-embedded-content\" data-secret=\"416zm5CyXr\"><a href=\"https:\/\/epochtimestr.com\/index.php\/21-ilin-emniyet-muduru-degistirildi\">21 \u0130lin Emniyet M\u00fcd\u00fcr\u00fc De\u011fi\u015ftirildi<\/a><\/blockquote><iframe sandbox=\"allow-scripts\" security=\"restricted\" src=\"https:\/\/epochtimestr.com\/index.php\/21-ilin-emniyet-muduru-degistirildi\/embed#?secret=416zm5CyXr\" width=\"600\" height=\"338\" title=\"&#8220;21 \u0130lin Emniyet M\u00fcd\u00fcr\u00fc De\u011fi\u015ftirildi&#8221; &#8212; The Epoch Times TR\" data-secret=\"416zm5CyXr\" frameborder=\"0\" marginwidth=\"0\" marginheight=\"0\" scrolling=\"no\" class=\"wp-embedded-content\"><\/iframe><script type=\"text\/javascript\">\n\/* <![CDATA[ *\/\n\/*! This file is auto-generated *\/\n!function(d,l){\"use strict\";l.querySelector&&d.addEventListener&&\"undefined\"!=typeof URL&&(d.wp=d.wp||{},d.wp.receiveEmbedMessage||(d.wp.receiveEmbedMessage=function(e){var t=e.data;if((t||t.secret||t.message||t.value)&&!\/[^a-zA-Z0-9]\/.test(t.secret)){for(var s,r,n,a=l.querySelectorAll('iframe[data-secret=\"'+t.secret+'\"]'),o=l.querySelectorAll('blockquote[data-secret=\"'+t.secret+'\"]'),c=new RegExp(\"^https?:$\",\"i\"),i=0;i<o.length;i++)o[i].style.display=\"none\";for(i=0;i<a.length;i++)s=a[i],e.source===s.contentWindow&&(s.removeAttribute(\"style\"),\"height\"===t.message?(1e3<(r=parseInt(t.value,10))?r=1e3:~~r<200&&(r=200),s.height=r):\"link\"===t.message&&(r=new URL(s.getAttribute(\"src\")),n=new URL(t.value),c.test(n.protocol))&&n.host===r.host&&l.activeElement===s&&(d.top.location.href=t.value))}},d.addEventListener(\"message\",d.wp.receiveEmbedMessage,!1),l.addEventListener(\"DOMContentLoaded\",function(){for(var e,t,s=l.querySelectorAll(\"iframe.wp-embedded-content\"),r=0;r<s.length;r++)(t=(e=s[r]).getAttribute(\"data-secret\"))||(t=Math.random().toString(36).substring(2,12),e.src+=\"#?secret=\"+t,e.setAttribute(\"data-secret\",t)),e.contentWindow.postMessage({message:\"ready\",secret:t},\"*\")},!1)))}(window,document);\n\/* ]]> *\/\n<\/script>\n","thumbnail_url":"https:\/\/epochtimestr.com\/wp-content\/uploads\/2011y\/21-ilin-emniyet-muduru-degisti-539245-664x354.jpg","thumbnail_width":500,"thumbnail_height":266,"description":"Resmi Gazete\u2019de 21 ilin Emniyet M\u00fcd\u00fcr\u00fc de\u011fi\u015fikli\u011fi yay\u0131mland\u0131. \u0130\u00e7i\u015fleri Bakanl\u0131\u011f\u0131&#8217;n\u0131n karar\u0131yla g\u00f6rev yeri de\u011fi\u015fen 21 Emniyet M\u00fcd\u00fcr\u00fc\u2019n\u00fcn isimleri \u015fu \u015fekilde: Artvin Emniyet M\u00fcd\u00fcrl\u00fc\u011f\u00fcne Polis Ba\u015fm\u00fcfetti\u015fi Alaattin Akba\u015f\u2019\u0131n, Bart\u0131n Emniyet M\u00fcd\u00fcrl\u00fc\u011f\u00fcne \u015e\u0131rnak Emniyet M\u00fcd\u00fcr\u00fc \u0130sa Aydo\u011fdu\u2019nun, Bilecik Emniyet M\u00fcd\u00fcrl\u00fc\u011f\u00fcne Polis Ba\u015fm\u00fcfetti\u015fi Ali Ekber Bekta\u015f\u2019\u0131n, Bitlis Emniyet M\u00fcd\u00fcrl\u00fc\u011f\u00fcne Polis Ba\u015fm\u00fcfetti\u015fi Fatih Kaya\u2019n\u0131n, Burdur Emniyet M\u00fcd\u00fcrl\u00fc\u011f\u00fcne Bilecik Emniyet [&hellip;]"}