{"version":"1.0","provider_name":"The Epoch Times TR","provider_url":"https:\/\/epochtimestr.com","author_name":"Ayfer K\u00f6kl\u00fc","author_url":"https:\/\/epochtimestr.com\/index.php\/author\/ayfer","title":"25 Mart Pazar G\u00fcn\u00fc Saatler \u0130leri Al\u0131n\u0131yor - The Epoch Times TR","type":"rich","width":600,"height":338,"html":"<blockquote class=\"wp-embedded-content\" data-secret=\"zP8wTmEQbd\"><a href=\"https:\/\/epochtimestr.com\/index.php\/25-mart-pazar-gunu-saatler-ileri-aliniyor\">25 Mart Pazar G\u00fcn\u00fc Saatler \u0130leri Al\u0131n\u0131yor<\/a><\/blockquote><iframe sandbox=\"allow-scripts\" security=\"restricted\" src=\"https:\/\/epochtimestr.com\/index.php\/25-mart-pazar-gunu-saatler-ileri-aliniyor\/embed#?secret=zP8wTmEQbd\" width=\"600\" height=\"338\" title=\"&#8220;25 Mart Pazar G\u00fcn\u00fc Saatler \u0130leri Al\u0131n\u0131yor&#8221; &#8212; The Epoch Times TR\" data-secret=\"zP8wTmEQbd\" frameborder=\"0\" marginwidth=\"0\" marginheight=\"0\" scrolling=\"no\" class=\"wp-embedded-content\"><\/iframe><script type=\"text\/javascript\">\n\/* <![CDATA[ *\/\n\/*! This file is auto-generated *\/\n!function(d,l){\"use strict\";l.querySelector&&d.addEventListener&&\"undefined\"!=typeof URL&&(d.wp=d.wp||{},d.wp.receiveEmbedMessage||(d.wp.receiveEmbedMessage=function(e){var t=e.data;if((t||t.secret||t.message||t.value)&&!\/[^a-zA-Z0-9]\/.test(t.secret)){for(var s,r,n,a=l.querySelectorAll('iframe[data-secret=\"'+t.secret+'\"]'),o=l.querySelectorAll('blockquote[data-secret=\"'+t.secret+'\"]'),c=new RegExp(\"^https?:$\",\"i\"),i=0;i<o.length;i++)o[i].style.display=\"none\";for(i=0;i<a.length;i++)s=a[i],e.source===s.contentWindow&&(s.removeAttribute(\"style\"),\"height\"===t.message?(1e3<(r=parseInt(t.value,10))?r=1e3:~~r<200&&(r=200),s.height=r):\"link\"===t.message&&(r=new URL(s.getAttribute(\"src\")),n=new URL(t.value),c.test(n.protocol))&&n.host===r.host&&l.activeElement===s&&(d.top.location.href=t.value))}},d.addEventListener(\"message\",d.wp.receiveEmbedMessage,!1),l.addEventListener(\"DOMContentLoaded\",function(){for(var e,t,s=l.querySelectorAll(\"iframe.wp-embedded-content\"),r=0;r<s.length;r++)(t=(e=s[r]).getAttribute(\"data-secret\"))||(t=Math.random().toString(36).substring(2,12),e.src+=\"#?secret=\"+t,e.setAttribute(\"data-secret\",t)),e.contentWindow.postMessage({message:\"ready\",secret:t},\"*\")},!1)))}(window,document);\n\/* ]]> *\/\n<\/script>\n","thumbnail_url":"https:\/\/epochtimestr.com\/wp-content\/uploads\/2011y\/big-ben.jpg","thumbnail_width":640,"thumbnail_height":480,"description":"2012 yaz saati uygulamas\u0131 s\u0131nav tarihlerine denk gelmesi nedeniyle bir hafta erken ba\u015fl\u0131yor Her y\u0131l \u00f6zellikle\u00a0\u00fcniversite \u00f6\u011frencilerini ma\u011fdur eden yaz saati ileri saat uygulamas\u0131 2012 y\u0131l\u0131nda \u00f6\u011frencilerin s\u0131nav tarihlerine denk gelmesi dolay\u0131s\u0131 ile bir hafta erken ba\u015flayacak. Buna g\u00f6re 25 Mart Pazar gecesi saatler 1 saat ileri al\u0131nacak. 2012 y\u0131l\u0131 saatler ne zaman geri al\u0131nacak [&hellip;]"}