{"version":"1.0","provider_name":"The Epoch Times TR","provider_url":"https:\/\/epochtimestr.com","author_name":"Nesrin Se\u00e7er","author_url":"https:\/\/epochtimestr.com\/index.php\/author\/nesrin","title":"28. Ayd\u0131n Do\u011fan Karikat\u00fcr Yar\u0131\u015fmas\u0131 \u00d6d\u00fclleri Sahiplerini Buldu - The Epoch Times TR","type":"rich","width":600,"height":338,"html":"<blockquote class=\"wp-embedded-content\" data-secret=\"tdsJBt3VAD\"><a href=\"https:\/\/epochtimestr.com\/index.php\/28-aydin-dogan-karikatur-yarismasi-odulleri-sahiplerini-buldu\">28. Ayd\u0131n Do\u011fan Karikat\u00fcr Yar\u0131\u015fmas\u0131 \u00d6d\u00fclleri Sahiplerini Buldu<\/a><\/blockquote><iframe sandbox=\"allow-scripts\" security=\"restricted\" src=\"https:\/\/epochtimestr.com\/index.php\/28-aydin-dogan-karikatur-yarismasi-odulleri-sahiplerini-buldu\/embed#?secret=tdsJBt3VAD\" width=\"600\" height=\"338\" title=\"&#8220;28. Ayd\u0131n Do\u011fan Karikat\u00fcr Yar\u0131\u015fmas\u0131 \u00d6d\u00fclleri Sahiplerini Buldu&#8221; &#8212; The Epoch Times TR\" data-secret=\"tdsJBt3VAD\" frameborder=\"0\" marginwidth=\"0\" marginheight=\"0\" scrolling=\"no\" class=\"wp-embedded-content\"><\/iframe><script type=\"text\/javascript\">\n\/* <![CDATA[ *\/\n\/*! This file is auto-generated *\/\n!function(d,l){\"use strict\";l.querySelector&&d.addEventListener&&\"undefined\"!=typeof URL&&(d.wp=d.wp||{},d.wp.receiveEmbedMessage||(d.wp.receiveEmbedMessage=function(e){var t=e.data;if((t||t.secret||t.message||t.value)&&!\/[^a-zA-Z0-9]\/.test(t.secret)){for(var s,r,n,a=l.querySelectorAll('iframe[data-secret=\"'+t.secret+'\"]'),o=l.querySelectorAll('blockquote[data-secret=\"'+t.secret+'\"]'),c=new RegExp(\"^https?:$\",\"i\"),i=0;i<o.length;i++)o[i].style.display=\"none\";for(i=0;i<a.length;i++)s=a[i],e.source===s.contentWindow&&(s.removeAttribute(\"style\"),\"height\"===t.message?(1e3<(r=parseInt(t.value,10))?r=1e3:~~r<200&&(r=200),s.height=r):\"link\"===t.message&&(r=new URL(s.getAttribute(\"src\")),n=new URL(t.value),c.test(n.protocol))&&n.host===r.host&&l.activeElement===s&&(d.top.location.href=t.value))}},d.addEventListener(\"message\",d.wp.receiveEmbedMessage,!1),l.addEventListener(\"DOMContentLoaded\",function(){for(var e,t,s=l.querySelectorAll(\"iframe.wp-embedded-content\"),r=0;r<s.length;r++)(t=(e=s[r]).getAttribute(\"data-secret\"))||(t=Math.random().toString(36).substring(2,12),e.src+=\"#?secret=\"+t,e.setAttribute(\"data-secret\",t)),e.contentWindow.postMessage({message:\"ready\",secret:t},\"*\")},!1)))}(window,document);\n\/* ]]> *\/\n<\/script>\n","description":"28. Ayd\u0131n Do\u011fan Uluslararas\u0131 Karikat\u00fcr Yar\u0131\u015fmas\u0131 \u00d6d\u00fclleri \u0130stanbul Hilton Convention Center\u2019da d\u00fczenlenen t\u00f6renle sahiplerini buldu. K\u00fclt\u00fcr ve Turizm Bakan\u0131 Ertu\u011frul G\u00fcnay, Ayd\u0131n Do\u011fan Vakf\u0131 taraf\u0131ndan 28 y\u0131ld\u0131r d\u00fczenlenen bu etkinli\u011fin geleneksel hale d\u00f6n\u00fc\u015ft\u00fc\u011f\u00fcn\u00fc s\u00f6yledi. Bakan G\u00fcnay t\u00f6rende yapt\u0131\u011f\u0131 a\u00e7\u0131l\u0131\u015f konu\u015fmas\u0131nda &#8221;Bu etkinlik, art\u0131k \u00f6d\u00fcl t\u00f6reniyle, kitaplar\u0131yla, sanal m\u00fczesiyle, uluslararas\u0131 kat\u0131l\u0131mc\u0131lar\u0131 ve j\u00fcrisiyle ger\u00e7ekten y\u00fcz\u00fcm\u00fcz\u00fc a\u011fartan [&hellip;]","thumbnail_url":"http:\/\/www.epochtimestr.com\/wp-content\/uploads\/2011y\/Ross-Thomson.jpg"}