{"version":"1.0","provider_name":"The Epoch Times TR","provider_url":"https:\/\/epochtimestr.com","author_name":"G.Hakan Ko\u00e7man","author_url":"https:\/\/epochtimestr.com\/index.php\/author\/hakan","title":"3 Ocak Mersin\u2019in Kurtulu\u015f G\u00fcn\u00fc \u00e7o\u015fkuyla kutland\u0131 - The Epoch Times TR","type":"rich","width":600,"height":338,"html":"<blockquote class=\"wp-embedded-content\" data-secret=\"9YDPy8kLm7\"><a href=\"https:\/\/epochtimestr.com\/index.php\/3-ocak-mersinin-kurtulus-gunu-coskuyla-kutlandi\">3 Ocak Mersin\u2019in Kurtulu\u015f G\u00fcn\u00fc \u00e7o\u015fkuyla kutland\u0131<\/a><\/blockquote><iframe sandbox=\"allow-scripts\" security=\"restricted\" src=\"https:\/\/epochtimestr.com\/index.php\/3-ocak-mersinin-kurtulus-gunu-coskuyla-kutlandi\/embed#?secret=9YDPy8kLm7\" width=\"600\" height=\"338\" title=\"&#8220;3 Ocak Mersin\u2019in Kurtulu\u015f G\u00fcn\u00fc \u00e7o\u015fkuyla kutland\u0131&#8221; &#8212; The Epoch Times TR\" data-secret=\"9YDPy8kLm7\" frameborder=\"0\" marginwidth=\"0\" marginheight=\"0\" scrolling=\"no\" class=\"wp-embedded-content\"><\/iframe><script type=\"text\/javascript\">\n\/* <![CDATA[ *\/\n\/*! This file is auto-generated *\/\n!function(d,l){\"use strict\";l.querySelector&&d.addEventListener&&\"undefined\"!=typeof URL&&(d.wp=d.wp||{},d.wp.receiveEmbedMessage||(d.wp.receiveEmbedMessage=function(e){var t=e.data;if((t||t.secret||t.message||t.value)&&!\/[^a-zA-Z0-9]\/.test(t.secret)){for(var s,r,n,a=l.querySelectorAll('iframe[data-secret=\"'+t.secret+'\"]'),o=l.querySelectorAll('blockquote[data-secret=\"'+t.secret+'\"]'),c=new RegExp(\"^https?:$\",\"i\"),i=0;i<o.length;i++)o[i].style.display=\"none\";for(i=0;i<a.length;i++)s=a[i],e.source===s.contentWindow&&(s.removeAttribute(\"style\"),\"height\"===t.message?(1e3<(r=parseInt(t.value,10))?r=1e3:~~r<200&&(r=200),s.height=r):\"link\"===t.message&&(r=new URL(s.getAttribute(\"src\")),n=new URL(t.value),c.test(n.protocol))&&n.host===r.host&&l.activeElement===s&&(d.top.location.href=t.value))}},d.addEventListener(\"message\",d.wp.receiveEmbedMessage,!1),l.addEventListener(\"DOMContentLoaded\",function(){for(var e,t,s=l.querySelectorAll(\"iframe.wp-embedded-content\"),r=0;r<s.length;r++)(t=(e=s[r]).getAttribute(\"data-secret\"))||(t=Math.random().toString(36).substring(2,12),e.src+=\"#?secret=\"+t,e.setAttribute(\"data-secret\",t)),e.contentWindow.postMessage({message:\"ready\",secret:t},\"*\")},!1)))}(window,document);\n\/* ]]> *\/\n<\/script>\n","thumbnail_url":"https:\/\/epochtimestr.com\/wp-content\/uploads\/2011y\/IMG_0828.jpg","thumbnail_width":400,"thumbnail_height":267,"description":"3 Ocak Mersin&#8217;in Kurtulu\u015fu 3 Ocak Mersin\u2019in Kurtulu\u015fu \u00a0Cumhuriyet Meydan\u0131&#8217;nda bulunan Atat\u00fcrk heykeli \u00f6n\u00fcne \u00e7elenk konulmas\u0131 ile ba\u015flayan t\u00f6ren, \u00a0Mersin Toroslar Belediyesi ve Mersin Valili\u011fi taraf\u0131ndan tertip edilen iki ayr\u0131 y\u00fcr\u00fcy\u00fc\u015f grubunun \u015fehrin iki ayr\u0131 noktas\u0131ndan bayrak ve flamalar ta\u015f\u0131yarak ve \u00e7e\u015fitli g\u00f6steri topluluklar\u0131 ile y\u00fcr\u00fcy\u00fc\u015fe ge\u00e7mesi ile devam etti.\u00a0\u00a0\u00a0Bu sene Toroslar Belediyesi taraf\u0131ndan 8.cisi [&hellip;]"}