{"version":"1.0","provider_name":"The Epoch Times TR","provider_url":"https:\/\/epochtimestr.com","author_name":"S.\u015eener","author_url":"https:\/\/epochtimestr.com\/index.php\/author\/semra","title":"30 A\u011fustos Zafer Bayram\u0131 90. Y\u0131l\u0131nda Kutland\u0131 - The Epoch Times TR","type":"rich","width":600,"height":338,"html":"<blockquote class=\"wp-embedded-content\" data-secret=\"FvJ8uL28ZM\"><a href=\"https:\/\/epochtimestr.com\/index.php\/30-agustos-zafer-bayrami-90-yilinda-kutlandi\">30 A\u011fustos Zafer Bayram\u0131 90. Y\u0131l\u0131nda  Kutland\u0131<\/a><\/blockquote><iframe sandbox=\"allow-scripts\" security=\"restricted\" src=\"https:\/\/epochtimestr.com\/index.php\/30-agustos-zafer-bayrami-90-yilinda-kutlandi\/embed#?secret=FvJ8uL28ZM\" width=\"600\" height=\"338\" title=\"&#8220;30 A\u011fustos Zafer Bayram\u0131 90. Y\u0131l\u0131nda  Kutland\u0131&#8221; &#8212; The Epoch Times TR\" data-secret=\"FvJ8uL28ZM\" frameborder=\"0\" marginwidth=\"0\" marginheight=\"0\" scrolling=\"no\" class=\"wp-embedded-content\"><\/iframe><script type=\"text\/javascript\">\n\/* <![CDATA[ *\/\n\/*! This file is auto-generated *\/\n!function(d,l){\"use strict\";l.querySelector&&d.addEventListener&&\"undefined\"!=typeof URL&&(d.wp=d.wp||{},d.wp.receiveEmbedMessage||(d.wp.receiveEmbedMessage=function(e){var t=e.data;if((t||t.secret||t.message||t.value)&&!\/[^a-zA-Z0-9]\/.test(t.secret)){for(var s,r,n,a=l.querySelectorAll('iframe[data-secret=\"'+t.secret+'\"]'),o=l.querySelectorAll('blockquote[data-secret=\"'+t.secret+'\"]'),c=new RegExp(\"^https?:$\",\"i\"),i=0;i<o.length;i++)o[i].style.display=\"none\";for(i=0;i<a.length;i++)s=a[i],e.source===s.contentWindow&&(s.removeAttribute(\"style\"),\"height\"===t.message?(1e3<(r=parseInt(t.value,10))?r=1e3:~~r<200&&(r=200),s.height=r):\"link\"===t.message&&(r=new URL(s.getAttribute(\"src\")),n=new URL(t.value),c.test(n.protocol))&&n.host===r.host&&l.activeElement===s&&(d.top.location.href=t.value))}},d.addEventListener(\"message\",d.wp.receiveEmbedMessage,!1),l.addEventListener(\"DOMContentLoaded\",function(){for(var e,t,s=l.querySelectorAll(\"iframe.wp-embedded-content\"),r=0;r<s.length;r++)(t=(e=s[r]).getAttribute(\"data-secret\"))||(t=Math.random().toString(36).substring(2,12),e.src+=\"#?secret=\"+t,e.setAttribute(\"data-secret\",t)),e.contentWindow.postMessage({message:\"ready\",secret:t},\"*\")},!1)))}(window,document);\n\/* ]]> *\/\n<\/script>\n","thumbnail_url":"https:\/\/epochtimestr.com\/wp-content\/uploads\/2011y\/30-a\u011fustos-51.jpg","thumbnail_width":533,"thumbnail_height":400,"description":"30 A\u011fustos Zafer Bayram\u0131&#8217;n\u0131n 90&#8217;\u0131nc\u0131 y\u0131ld\u00f6n\u00fcm\u00fc nedeniyle\u00a0 Cumhurba\u015fkan\u0131 Vekili Cemil \u00c7i\u00e7ek ve\u00a0 resmi erkan, An\u0131tkabir&#8217;i ziyaret ederek B\u00fcy\u00fck \u00d6nder&#8217;in mozolesine \u00e7elenk koydu. Cumhurba\u015fkan\u0131 Abdullah G\u00fcl&#8217;\u00fcn rahats\u0131zl\u0131\u011f\u0131 nedeniyle kat\u0131lamad\u0131\u011f\u0131 t\u00f6rende Cumhurba\u015fkan\u0131n\u0131 Cumhurba\u015fkan\u0131 Vekili Cemil \u00c7i\u00e7ek temsil etti. Cumhurba\u015fkan\u0131 Vekili Cemil \u00c7i\u00e7ek ba\u015fkanl\u0131\u011f\u0131ndaki resmi erkan, Ba\u015fbakan Recep Tayyip Erdo\u011fan, \u00a0Bakanlar, Genelkurmay Ba\u015fkan\u0131 Orgeneral Necdet \u00d6zel, Kuvvet Komutanlar\u0131, [&hellip;]"}