{"version":"1.0","provider_name":"The Epoch Times TR","provider_url":"https:\/\/epochtimestr.com","author_name":"S. \u00d6zcan","author_url":"https:\/\/epochtimestr.com\/index.php\/author\/n-kaya","title":"301 Madenci \u0130\u00e7in Dava 13 Nisan\u2019da Ba\u015fl\u0131yor - The Epoch Times TR","type":"rich","width":600,"height":338,"html":"<blockquote class=\"wp-embedded-content\" data-secret=\"DfHxFBdlOC\"><a href=\"https:\/\/epochtimestr.com\/index.php\/301-madenci-icin-dava-13-nisanda-basliyor\">301 Madenci \u0130\u00e7in Dava 13 Nisan\u2019da Ba\u015fl\u0131yor<\/a><\/blockquote><iframe sandbox=\"allow-scripts\" security=\"restricted\" src=\"https:\/\/epochtimestr.com\/index.php\/301-madenci-icin-dava-13-nisanda-basliyor\/embed#?secret=DfHxFBdlOC\" width=\"600\" height=\"338\" title=\"&#8220;301 Madenci \u0130\u00e7in Dava 13 Nisan\u2019da Ba\u015fl\u0131yor&#8221; &#8212; The Epoch Times TR\" data-secret=\"DfHxFBdlOC\" frameborder=\"0\" marginwidth=\"0\" marginheight=\"0\" scrolling=\"no\" class=\"wp-embedded-content\"><\/iframe><script type=\"text\/javascript\">\n\/* <![CDATA[ *\/\n\/*! This file is auto-generated *\/\n!function(d,l){\"use strict\";l.querySelector&&d.addEventListener&&\"undefined\"!=typeof URL&&(d.wp=d.wp||{},d.wp.receiveEmbedMessage||(d.wp.receiveEmbedMessage=function(e){var t=e.data;if((t||t.secret||t.message||t.value)&&!\/[^a-zA-Z0-9]\/.test(t.secret)){for(var s,r,n,a=l.querySelectorAll('iframe[data-secret=\"'+t.secret+'\"]'),o=l.querySelectorAll('blockquote[data-secret=\"'+t.secret+'\"]'),c=new RegExp(\"^https?:$\",\"i\"),i=0;i<o.length;i++)o[i].style.display=\"none\";for(i=0;i<a.length;i++)s=a[i],e.source===s.contentWindow&&(s.removeAttribute(\"style\"),\"height\"===t.message?(1e3<(r=parseInt(t.value,10))?r=1e3:~~r<200&&(r=200),s.height=r):\"link\"===t.message&&(r=new URL(s.getAttribute(\"src\")),n=new URL(t.value),c.test(n.protocol))&&n.host===r.host&&l.activeElement===s&&(d.top.location.href=t.value))}},d.addEventListener(\"message\",d.wp.receiveEmbedMessage,!1),l.addEventListener(\"DOMContentLoaded\",function(){for(var e,t,s=l.querySelectorAll(\"iframe.wp-embedded-content\"),r=0;r<s.length;r++)(t=(e=s[r]).getAttribute(\"data-secret\"))||(t=Math.random().toString(36).substring(2,12),e.src+=\"#?secret=\"+t,e.setAttribute(\"data-secret\",t)),e.contentWindow.postMessage({message:\"ready\",secret:t},\"*\")},!1)))}(window,document);\n\/* ]]> *\/\n<\/script>\n","thumbnail_url":"https:\/\/epochtimestr.com\/wp-content\/uploads\/2011y\/soma-davasi-13-nisanda-basliyor-605898-664x354.jpg","thumbnail_width":500,"thumbnail_height":266,"description":"T\u00fcm T\u00fcrkiye&#8217;yi yasa bo\u011fan Manisa\u2019n\u0131n Soma il\u00e7esinde, 13 May\u0131s 2014 tarihinde 301 maden i\u015f\u00e7isinin hayat\u0131n\u0131 kaybetti\u011fi faciayla ilgili dava 13 Nisan Pazartesi g\u00fcn\u00fc ba\u015flayacak. Manisa Barosu\u2019nun eski ba\u015fkan\u0131 ve ma\u011fdur avukat\u0131 Zeynel Balk\u0131z yapt\u0131\u011f\u0131 a\u00e7\u0131klamada, \u201c436 tan\u0131kl\u0131, 162 ma\u011fdur yaral\u0131y\u0131 kapsayan, 487 makt\u00fcl m\u00fc\u015fteki s\u0131fat\u0131n\u0131 ta\u015f\u0131yan \u015fikayet\u00e7inin oldu\u011fu ve 45 san\u0131\u011f\u0131n yarg\u0131lanaca\u011f\u0131 Soma maden kazas\u0131 [&hellip;]"}