{"version":"1.0","provider_name":"The Epoch Times TR","provider_url":"https:\/\/epochtimestr.com","author_name":"Nesrin Se\u00e7er","author_url":"https:\/\/epochtimestr.com\/index.php\/author\/nesrin","title":"Ankara Barosu \u015eiddet Ma\u011fduru Kad\u0131n Ve \u00c7ocuklara Avukat Tahsis Edecek - The Epoch Times TR","type":"rich","width":600,"height":338,"html":"<blockquote class=\"wp-embedded-content\" data-secret=\"HfVrd0ZAv0\"><a href=\"https:\/\/epochtimestr.com\/index.php\/30956\">Ankara Barosu \u015eiddet Ma\u011fduru Kad\u0131n Ve \u00c7ocuklara Avukat Tahsis Edecek<\/a><\/blockquote><iframe sandbox=\"allow-scripts\" security=\"restricted\" src=\"https:\/\/epochtimestr.com\/index.php\/30956\/embed#?secret=HfVrd0ZAv0\" width=\"600\" height=\"338\" title=\"&#8220;Ankara Barosu \u015eiddet Ma\u011fduru Kad\u0131n Ve \u00c7ocuklara Avukat Tahsis Edecek&#8221; &#8212; The Epoch Times TR\" data-secret=\"HfVrd0ZAv0\" frameborder=\"0\" marginwidth=\"0\" marginheight=\"0\" scrolling=\"no\" class=\"wp-embedded-content\"><\/iframe><script type=\"text\/javascript\">\n\/* <![CDATA[ *\/\n\/*! This file is auto-generated *\/\n!function(d,l){\"use strict\";l.querySelector&&d.addEventListener&&\"undefined\"!=typeof URL&&(d.wp=d.wp||{},d.wp.receiveEmbedMessage||(d.wp.receiveEmbedMessage=function(e){var t=e.data;if((t||t.secret||t.message||t.value)&&!\/[^a-zA-Z0-9]\/.test(t.secret)){for(var s,r,n,a=l.querySelectorAll('iframe[data-secret=\"'+t.secret+'\"]'),o=l.querySelectorAll('blockquote[data-secret=\"'+t.secret+'\"]'),c=new RegExp(\"^https?:$\",\"i\"),i=0;i<o.length;i++)o[i].style.display=\"none\";for(i=0;i<a.length;i++)s=a[i],e.source===s.contentWindow&&(s.removeAttribute(\"style\"),\"height\"===t.message?(1e3<(r=parseInt(t.value,10))?r=1e3:~~r<200&&(r=200),s.height=r):\"link\"===t.message&&(r=new URL(s.getAttribute(\"src\")),n=new URL(t.value),c.test(n.protocol))&&n.host===r.host&&l.activeElement===s&&(d.top.location.href=t.value))}},d.addEventListener(\"message\",d.wp.receiveEmbedMessage,!1),l.addEventListener(\"DOMContentLoaded\",function(){for(var e,t,s=l.querySelectorAll(\"iframe.wp-embedded-content\"),r=0;r<s.length;r++)(t=(e=s[r]).getAttribute(\"data-secret\"))||(t=Math.random().toString(36).substring(2,12),e.src+=\"#?secret=\"+t,e.setAttribute(\"data-secret\",t)),e.contentWindow.postMessage({message:\"ready\",secret:t},\"*\")},!1)))}(window,document);\n\/* ]]> *\/\n<\/script>\n","description":"SH\u00c7EK ile Ankara Barosu Ba\u015fkanl\u0131\u011f\u0131 aras\u0131nda &#8221;Aile \u0130\u00e7i \u015eiddetin \u00d6nlenmesi ve \u015eiddet Ma\u011fduru Kad\u0131n ve \u00c7ocuklara Destek Olabilmek Amac\u0131 \u0130le \u0130\u015fbirli\u011finin Geli\u015ftirilmesine \u0130li\u015fkin Protokol&#8221; imzaland\u0131. Ankara Barosu, SH\u00c7EK&#8217;e ba\u011fl\u0131 Ankara&#8217;daki s\u0131\u011f\u0131nmaevlerinde kalan kad\u0131n ve \u00e7ocuklara, hukuki s\u00fcre\u00e7ler, kar\u015f\u0131la\u015f\u0131lan engeller gibi konularda hukuki bilgilendirme, e\u011fitim ve dan\u0131\u015fmanl\u0131k hizmeti verecek. Baro, ayr\u0131ca s\u0131\u011f\u0131nmaevlerinde kalan kad\u0131n ve \u00e7ocuklara [&hellip;]","thumbnail_url":"http:\/\/www.epochtimestr.com\/wp-content\/uploads\/2011y\/metin-feyzioglu.jpg"}