{"version":"1.0","provider_name":"The Epoch Times TR","provider_url":"https:\/\/epochtimestr.com","author_name":"\u00c7.Akdeniz","author_url":"https:\/\/epochtimestr.com\/index.php\/author\/cigdem","title":"Japonya\u2019da 7.2 B\u00fcy\u00fckl\u00fc\u011f\u00fcnde Deprem: \u00d6l\u00fc Ve Yaral\u0131 Yok (Video) - The Epoch Times TR","type":"rich","width":600,"height":338,"html":"<blockquote class=\"wp-embedded-content\" data-secret=\"4HP4smPnil\"><a href=\"https:\/\/epochtimestr.com\/index.php\/31279\">Japonya\u2019da 7.2 B\u00fcy\u00fckl\u00fc\u011f\u00fcnde Deprem: \u00d6l\u00fc Ve Yaral\u0131 Yok (Video)<\/a><\/blockquote><iframe sandbox=\"allow-scripts\" security=\"restricted\" src=\"https:\/\/epochtimestr.com\/index.php\/31279\/embed#?secret=4HP4smPnil\" width=\"600\" height=\"338\" title=\"&#8220;Japonya\u2019da 7.2 B\u00fcy\u00fckl\u00fc\u011f\u00fcnde Deprem: \u00d6l\u00fc Ve Yaral\u0131 Yok (Video)&#8221; &#8212; The Epoch Times TR\" data-secret=\"4HP4smPnil\" frameborder=\"0\" marginwidth=\"0\" marginheight=\"0\" scrolling=\"no\" class=\"wp-embedded-content\"><\/iframe><script type=\"text\/javascript\">\n\/* <![CDATA[ *\/\n\/*! This file is auto-generated *\/\n!function(d,l){\"use strict\";l.querySelector&&d.addEventListener&&\"undefined\"!=typeof URL&&(d.wp=d.wp||{},d.wp.receiveEmbedMessage||(d.wp.receiveEmbedMessage=function(e){var t=e.data;if((t||t.secret||t.message||t.value)&&!\/[^a-zA-Z0-9]\/.test(t.secret)){for(var s,r,n,a=l.querySelectorAll('iframe[data-secret=\"'+t.secret+'\"]'),o=l.querySelectorAll('blockquote[data-secret=\"'+t.secret+'\"]'),c=new RegExp(\"^https?:$\",\"i\"),i=0;i<o.length;i++)o[i].style.display=\"none\";for(i=0;i<a.length;i++)s=a[i],e.source===s.contentWindow&&(s.removeAttribute(\"style\"),\"height\"===t.message?(1e3<(r=parseInt(t.value,10))?r=1e3:~~r<200&&(r=200),s.height=r):\"link\"===t.message&&(r=new URL(s.getAttribute(\"src\")),n=new URL(t.value),c.test(n.protocol))&&n.host===r.host&&l.activeElement===s&&(d.top.location.href=t.value))}},d.addEventListener(\"message\",d.wp.receiveEmbedMessage,!1),l.addEventListener(\"DOMContentLoaded\",function(){for(var e,t,s=l.querySelectorAll(\"iframe.wp-embedded-content\"),r=0;r<s.length;r++)(t=(e=s[r]).getAttribute(\"data-secret\"))||(t=Math.random().toString(36).substring(2,12),e.src+=\"#?secret=\"+t,e.setAttribute(\"data-secret\",t)),e.contentWindow.postMessage({message:\"ready\",secret:t},\"*\")},!1)))}(window,document);\n\/* ]]> *\/\n<\/script>\n","thumbnail_url":"https:\/\/epochtimestr.com\/wp-content\/uploads\/2011y\/usgsmap.jpg","thumbnail_width":750,"thumbnail_height":807,"description":"Japonya\u2019n\u0131n kuzeyinde Honshu adas\u0131nda yerel saat ile \u00c7ar\u015famba 11:45\u2019te 7,2 b\u00fcy\u00fckl\u00fc\u011f\u00fcnde deprem meydana geldi. &nbsp; Deprem, Tokyo\u2019nun 300 km kuzeyinde ve Sendai kasabas\u0131n\u0131n 104 mil do\u011fusunda ve yerin 14.1 km alt\u0131nda ger\u00e7ekle\u015fti. Kuzeydo\u011fu k\u0131y\u0131lar\u0131 i\u00e7in Japon meteroloji ajans\u0131, kuzeydo\u011fu k\u0131y\u0131lar\u0131 i\u00e7in yar\u0131m metreye kadar ula\u015f\u0131labilecek dalgalar i\u00e7in Tsunami uyar\u0131s\u0131 verdi. \u015euana kadar depremde \u00f6l\u00fc ve [&hellip;]"}