{"version":"1.0","provider_name":"The Epoch Times TR","provider_url":"https:\/\/epochtimestr.com","author_name":"\u00c7.Akdeniz","author_url":"https:\/\/epochtimestr.com\/index.php\/author\/cigdem","title":"Libya\u2019daki Durum Gittik\u00e7e Daha da Fazla \u0130\u00e7 Sava\u015f Haline D\u00f6n\u00fc\u015f\u00fcyor - The Epoch Times TR","type":"rich","width":600,"height":338,"html":"<blockquote class=\"wp-embedded-content\" data-secret=\"Z7DtVzh8Z4\"><a href=\"https:\/\/epochtimestr.com\/index.php\/31323\">Libya\u2019daki Durum Gittik\u00e7e Daha da Fazla \u0130\u00e7 Sava\u015f Haline D\u00f6n\u00fc\u015f\u00fcyor<\/a><\/blockquote><iframe sandbox=\"allow-scripts\" security=\"restricted\" src=\"https:\/\/epochtimestr.com\/index.php\/31323\/embed#?secret=Z7DtVzh8Z4\" width=\"600\" height=\"338\" title=\"&#8220;Libya\u2019daki Durum Gittik\u00e7e Daha da Fazla \u0130\u00e7 Sava\u015f Haline D\u00f6n\u00fc\u015f\u00fcyor&#8221; &#8212; The Epoch Times TR\" data-secret=\"Z7DtVzh8Z4\" frameborder=\"0\" marginwidth=\"0\" marginheight=\"0\" scrolling=\"no\" class=\"wp-embedded-content\"><\/iframe><script type=\"text\/javascript\">\n\/* <![CDATA[ *\/\n\/*! This file is auto-generated *\/\n!function(d,l){\"use strict\";l.querySelector&&d.addEventListener&&\"undefined\"!=typeof URL&&(d.wp=d.wp||{},d.wp.receiveEmbedMessage||(d.wp.receiveEmbedMessage=function(e){var t=e.data;if((t||t.secret||t.message||t.value)&&!\/[^a-zA-Z0-9]\/.test(t.secret)){for(var s,r,n,a=l.querySelectorAll('iframe[data-secret=\"'+t.secret+'\"]'),o=l.querySelectorAll('blockquote[data-secret=\"'+t.secret+'\"]'),c=new RegExp(\"^https?:$\",\"i\"),i=0;i<o.length;i++)o[i].style.display=\"none\";for(i=0;i<a.length;i++)s=a[i],e.source===s.contentWindow&&(s.removeAttribute(\"style\"),\"height\"===t.message?(1e3<(r=parseInt(t.value,10))?r=1e3:~~r<200&&(r=200),s.height=r):\"link\"===t.message&&(r=new URL(s.getAttribute(\"src\")),n=new URL(t.value),c.test(n.protocol))&&n.host===r.host&&l.activeElement===s&&(d.top.location.href=t.value))}},d.addEventListener(\"message\",d.wp.receiveEmbedMessage,!1),l.addEventListener(\"DOMContentLoaded\",function(){for(var e,t,s=l.querySelectorAll(\"iframe.wp-embedded-content\"),r=0;r<s.length;r++)(t=(e=s[r]).getAttribute(\"data-secret\"))||(t=Math.random().toString(36).substring(2,12),e.src+=\"#?secret=\"+t,e.setAttribute(\"data-secret\",t)),e.contentWindow.postMessage({message:\"ready\",secret:t},\"*\")},!1)))}(window,document);\n\/* ]]> *\/\n<\/script>\n","description":"Kaddafi Zaviye kentine 50 tankla beraber girdi. \u015eehri top at\u0131\u015f\u0131na tuttu\u011fu ve ortal\u0131\u011f\u0131n sava\u015fa alan\u0131na d\u00f6nd\u00fc\u011f\u00fc s\u00f6yleniyor. Yerle\u015fim b\u00f6lgelerinin s\u00fcrekli bombaland\u0131\u011f\u0131 da s\u00f6yleniyor. Baz\u0131 g\u00f6rg\u00fc tan\u0131klar\u0131 Zaviye \u015fehrinin tan\u0131nmaz bir hale geldi\u011fini, askerlerin \u00f6n\u00fcne \u00e7\u0131kan herkesin vuruldu\u011funu s\u00f6yl\u00fcyor. \u015eehirdeki ayaklanmalar\u0131n sebebin Libya\u2019l\u0131 gen\u00e7lerin El Kaide ve Avrupa h\u00fck\u00fcmetleri taraf\u0131ndan y\u00f6nlendirildi\u011fini iddia ediyor. 41 y\u0131ld\u0131r s\u00fcren [&hellip;]","thumbnail_url":"http:\/\/www.epochtimestr.com\/wp-content\/uploads\/2011y\/109892351.jpg"}