{"version":"1.0","provider_name":"The Epoch Times TR","provider_url":"https:\/\/epochtimestr.com","author_name":"Nesrin Se\u00e7er","author_url":"https:\/\/epochtimestr.com\/index.php\/author\/nesrin","title":"\u201cAl G\u00f6z\u00fcm Seyreyle - G\u00fcne\u015f Karabuda\u2019n\u0131n Ya\u015far Kemal Foto\u011fraflar\u0131:1956-2010\u201d  - The Epoch Times TR","type":"rich","width":600,"height":338,"html":"<blockquote class=\"wp-embedded-content\" data-secret=\"zVj1rxB2VJ\"><a href=\"https:\/\/epochtimestr.com\/index.php\/34354\">\u201cAl G\u00f6z\u00fcm Seyreyle &#8211; G\u00fcne\u015f Karabuda\u2019n\u0131n Ya\u015far Kemal Foto\u011fraflar\u0131:1956-2010\u201d<\/a><\/blockquote><iframe sandbox=\"allow-scripts\" security=\"restricted\" src=\"https:\/\/epochtimestr.com\/index.php\/34354\/embed#?secret=zVj1rxB2VJ\" width=\"600\" height=\"338\" title=\"&#8220;\u201cAl G\u00f6z\u00fcm Seyreyle &#8211; G\u00fcne\u015f Karabuda\u2019n\u0131n Ya\u015far Kemal Foto\u011fraflar\u0131:1956-2010\u201d&#8221; &#8212; The Epoch Times TR\" data-secret=\"zVj1rxB2VJ\" frameborder=\"0\" marginwidth=\"0\" marginheight=\"0\" scrolling=\"no\" class=\"wp-embedded-content\"><\/iframe><script type=\"text\/javascript\">\n\/* <![CDATA[ *\/\n\/*! This file is auto-generated *\/\n!function(d,l){\"use strict\";l.querySelector&&d.addEventListener&&\"undefined\"!=typeof URL&&(d.wp=d.wp||{},d.wp.receiveEmbedMessage||(d.wp.receiveEmbedMessage=function(e){var t=e.data;if((t||t.secret||t.message||t.value)&&!\/[^a-zA-Z0-9]\/.test(t.secret)){for(var s,r,n,a=l.querySelectorAll('iframe[data-secret=\"'+t.secret+'\"]'),o=l.querySelectorAll('blockquote[data-secret=\"'+t.secret+'\"]'),c=new RegExp(\"^https?:$\",\"i\"),i=0;i<o.length;i++)o[i].style.display=\"none\";for(i=0;i<a.length;i++)s=a[i],e.source===s.contentWindow&&(s.removeAttribute(\"style\"),\"height\"===t.message?(1e3<(r=parseInt(t.value,10))?r=1e3:~~r<200&&(r=200),s.height=r):\"link\"===t.message&&(r=new URL(s.getAttribute(\"src\")),n=new URL(t.value),c.test(n.protocol))&&n.host===r.host&&l.activeElement===s&&(d.top.location.href=t.value))}},d.addEventListener(\"message\",d.wp.receiveEmbedMessage,!1),l.addEventListener(\"DOMContentLoaded\",function(){for(var e,t,s=l.querySelectorAll(\"iframe.wp-embedded-content\"),r=0;r<s.length;r++)(t=(e=s[r]).getAttribute(\"data-secret\"))||(t=Math.random().toString(36).substring(2,12),e.src+=\"#?secret=\"+t,e.setAttribute(\"data-secret\",t)),e.contentWindow.postMessage({message:\"ready\",secret:t},\"*\")},!1)))}(window,document);\n\/* ]]> *\/\n<\/script>\n","description":"Kad\u0131k\u00f6y Belediyesi ve Yap\u0131 Kredi K\u00fclt\u00fcr Sanat Yay\u0131nc\u0131l\u0131k i\u015fbirli\u011fiyle haz\u0131rlanan \u201cAl G\u00f6z\u00fcm Seyreyle &#8211; G\u00fcne\u015f Karabuda\u2019n\u0131n Ya\u015far Kemal Foto\u011fraflar\u0131:1956-2010\u201d ba\u015fl\u0131kl\u0131 sergi 15 May\u0131s 2011 tarihine kadar Caddebostan K\u00fclt\u00fcr Merkezi\u2019nde sanatseverlerle bulu\u015fuyor. Belgeselci, gazeteci ve yazar G\u00fcne\u015f Karabuda\u2019n\u0131n objektifinden 50 y\u0131ll\u0131k bir dostlu\u011fun izlerine tan\u0131k olabilece\u011fimiz sergide, Ya\u015far Kemal\u2019in \u0130stanbul, Paris, Adana gibi farkl\u0131 \u015fehirlerde, kimi [&hellip;]","thumbnail_url":"http:\/\/epochtimestr.com\/wp-content\/uploads\/2011y\/g%C3%BCne%C5%9F-karabuda.jpg"}