{"version":"1.0","provider_name":"The Epoch Times TR","provider_url":"https:\/\/epochtimestr.com","author_name":"\u00c7.Akdeniz","author_url":"https:\/\/epochtimestr.com\/index.php\/author\/cigdem","title":"Be\u015f\u015far\u2019\u0131n Vaadine Ra\u011fmen Suriye\u2019de \u00c7at\u0131\u015fmalar Dinmiyor - The Epoch Times TR","type":"rich","width":600,"height":338,"html":"<blockquote class=\"wp-embedded-content\" data-secret=\"yRSKeLIBst\"><a href=\"https:\/\/epochtimestr.com\/index.php\/34884\">Be\u015f\u015far\u2019\u0131n Vaadine Ra\u011fmen Suriye\u2019de \u00c7at\u0131\u015fmalar Dinmiyor<\/a><\/blockquote><iframe sandbox=\"allow-scripts\" security=\"restricted\" src=\"https:\/\/epochtimestr.com\/index.php\/34884\/embed#?secret=yRSKeLIBst\" width=\"600\" height=\"338\" title=\"&#8220;Be\u015f\u015far\u2019\u0131n Vaadine Ra\u011fmen Suriye\u2019de \u00c7at\u0131\u015fmalar Dinmiyor&#8221; &#8212; The Epoch Times TR\" data-secret=\"yRSKeLIBst\" frameborder=\"0\" marginwidth=\"0\" marginheight=\"0\" scrolling=\"no\" class=\"wp-embedded-content\"><\/iframe><script type=\"text\/javascript\">\n\/* <![CDATA[ *\/\n\/*! This file is auto-generated *\/\n!function(d,l){\"use strict\";l.querySelector&&d.addEventListener&&\"undefined\"!=typeof URL&&(d.wp=d.wp||{},d.wp.receiveEmbedMessage||(d.wp.receiveEmbedMessage=function(e){var t=e.data;if((t||t.secret||t.message||t.value)&&!\/[^a-zA-Z0-9]\/.test(t.secret)){for(var s,r,n,a=l.querySelectorAll('iframe[data-secret=\"'+t.secret+'\"]'),o=l.querySelectorAll('blockquote[data-secret=\"'+t.secret+'\"]'),c=new RegExp(\"^https?:$\",\"i\"),i=0;i<o.length;i++)o[i].style.display=\"none\";for(i=0;i<a.length;i++)s=a[i],e.source===s.contentWindow&&(s.removeAttribute(\"style\"),\"height\"===t.message?(1e3<(r=parseInt(t.value,10))?r=1e3:~~r<200&&(r=200),s.height=r):\"link\"===t.message&&(r=new URL(s.getAttribute(\"src\")),n=new URL(t.value),c.test(n.protocol))&&n.host===r.host&&l.activeElement===s&&(d.top.location.href=t.value))}},d.addEventListener(\"message\",d.wp.receiveEmbedMessage,!1),l.addEventListener(\"DOMContentLoaded\",function(){for(var e,t,s=l.querySelectorAll(\"iframe.wp-embedded-content\"),r=0;r<s.length;r++)(t=(e=s[r]).getAttribute(\"data-secret\"))||(t=Math.random().toString(36).substring(2,12),e.src+=\"#?secret=\"+t,e.setAttribute(\"data-secret\",t)),e.contentWindow.postMessage({message:\"ready\",secret:t},\"*\")},!1)))}(window,document);\n\/* ]]> *\/\n<\/script>\n","description":"Suriye&#8217;de 1 ayd\u0131r devam eden g\u00f6sterilerde 200&#8217;den fazla ki\u015fi ya\u015fam\u0131n\u0131 yitirdi\u011fi \u00e7at\u0131\u015fmalar hala devam ediyor. Suriye\u2019nin devlet ba\u015fkan\u0131 Be\u015f\u015far Esad 50 y\u0131ld\u0131r uygulanan ola\u011fan\u00fcst\u00fc halin bir hafta i\u00e7inde kald\u0131raca\u011f\u0131n\u0131 s\u00f6ylemesine ra\u011fmen, muhalifler yat\u0131\u015fmad\u0131. D\u00fcn ak\u015fam saatlerinde Humus kentinde silahl\u0131 gruplar sokaklara barikat kurarak \u00e7at\u0131\u015fma ba\u015flatt\u0131lar. \u00c7at\u0131\u015fma da ilk \u00f6nce bir polis hayat\u0131n\u0131 kaybederken daha sonra [&hellip;]","thumbnail_url":"http:\/\/www.epochtimestr.com\/wp-content\/uploads\/2011y\/112223344.jpg"}