{"version":"1.0","provider_name":"The Epoch Times TR","provider_url":"https:\/\/epochtimestr.com","author_name":"\u00c7.Akdeniz","author_url":"https:\/\/epochtimestr.com\/index.php\/author\/cigdem","title":"\u0130ngiltere\u2019den Sonra Fransa ve \u0130talya\u2019dan da Asilere Destek - The Epoch Times TR","type":"rich","width":600,"height":338,"html":"<blockquote class=\"wp-embedded-content\" data-secret=\"oEC30Deq1C\"><a href=\"https:\/\/epochtimestr.com\/index.php\/34995\">\u0130ngiltere\u2019den Sonra Fransa ve \u0130talya\u2019dan da Asilere Destek<\/a><\/blockquote><iframe sandbox=\"allow-scripts\" security=\"restricted\" src=\"https:\/\/epochtimestr.com\/index.php\/34995\/embed#?secret=oEC30Deq1C\" width=\"600\" height=\"338\" title=\"&#8220;\u0130ngiltere\u2019den Sonra Fransa ve \u0130talya\u2019dan da Asilere Destek&#8221; &#8212; The Epoch Times TR\" data-secret=\"oEC30Deq1C\" frameborder=\"0\" marginwidth=\"0\" marginheight=\"0\" scrolling=\"no\" class=\"wp-embedded-content\"><\/iframe><script type=\"text\/javascript\">\n\/* <![CDATA[ *\/\n\/*! This file is auto-generated *\/\n!function(d,l){\"use strict\";l.querySelector&&d.addEventListener&&\"undefined\"!=typeof URL&&(d.wp=d.wp||{},d.wp.receiveEmbedMessage||(d.wp.receiveEmbedMessage=function(e){var t=e.data;if((t||t.secret||t.message||t.value)&&!\/[^a-zA-Z0-9]\/.test(t.secret)){for(var s,r,n,a=l.querySelectorAll('iframe[data-secret=\"'+t.secret+'\"]'),o=l.querySelectorAll('blockquote[data-secret=\"'+t.secret+'\"]'),c=new RegExp(\"^https?:$\",\"i\"),i=0;i<o.length;i++)o[i].style.display=\"none\";for(i=0;i<a.length;i++)s=a[i],e.source===s.contentWindow&&(s.removeAttribute(\"style\"),\"height\"===t.message?(1e3<(r=parseInt(t.value,10))?r=1e3:~~r<200&&(r=200),s.height=r):\"link\"===t.message&&(r=new URL(s.getAttribute(\"src\")),n=new URL(t.value),c.test(n.protocol))&&n.host===r.host&&l.activeElement===s&&(d.top.location.href=t.value))}},d.addEventListener(\"message\",d.wp.receiveEmbedMessage,!1),l.addEventListener(\"DOMContentLoaded\",function(){for(var e,t,s=l.querySelectorAll(\"iframe.wp-embedded-content\"),r=0;r<s.length;r++)(t=(e=s[r]).getAttribute(\"data-secret\"))||(t=Math.random().toString(36).substring(2,12),e.src+=\"#?secret=\"+t,e.setAttribute(\"data-secret\",t)),e.contentWindow.postMessage({message:\"ready\",secret:t},\"*\")},!1)))}(window,document);\n\/* ]]> *\/\n<\/script>\n","description":"\u0130ngiltere\u2019den sonra, Fransa ve \u0130talya\u2019da Libya\u2019daki muhaliflere dan\u0131\u015fmanl\u0131k yapmak \u00fczere irtibat subaylar\u0131ndan olu\u015fan k\u00fc\u00e7\u00fck bir ekip g\u00f6nderiyor. \u0130ngiltere D\u0131\u015fi\u015fleri Bakan\u0131 Willam Hague\u2019un d\u00fcn Libya\u2019ya giderek asilerle bir toplant\u0131 yaparak \u00f6rg\u00fctlenme konusunda yard\u0131mc\u0131 olaca\u011f\u0131n\u0131 s\u00f6yledi. Yaln\u0131z g\u00f6nderece\u011fi dan\u0131\u015fmanlar\u0131n Kaddafi\u2019ye kar\u015f\u0131 yap\u0131lacak sald\u0131r\u0131lardan ve silah sevkiyat\u0131ndan sorumlu olmayaca\u011f\u0131n\u0131 s\u00f6yledi. Bunun ard\u0131ndan bug\u00fcn \u0130talyan Savunma Bakan\u0131 \u0130gnazio La [&hellip;]","thumbnail_url":"http:\/\/www.epochtimestr.com\/wp-content\/uploads\/2011y\/112761562.jpg"}