{"version":"1.0","provider_name":"The Epoch Times TR","provider_url":"https:\/\/epochtimestr.com","author_name":"\u00c7.Akdeniz","author_url":"https:\/\/epochtimestr.com\/index.php\/author\/cigdem","title":"Suriye\u2019de \u00d6lenlerin An\u0131s\u0131na Genel Grev \u0130lan Edildi - The Epoch Times TR","type":"rich","width":600,"height":338,"html":"<blockquote class=\"wp-embedded-content\" data-secret=\"TrOXEfVVf4\"><a href=\"https:\/\/epochtimestr.com\/index.php\/37310\">Suriye\u2019de \u00d6lenlerin An\u0131s\u0131na Genel Grev \u0130lan Edildi<\/a><\/blockquote><iframe sandbox=\"allow-scripts\" security=\"restricted\" src=\"https:\/\/epochtimestr.com\/index.php\/37310\/embed#?secret=TrOXEfVVf4\" width=\"600\" height=\"338\" title=\"&#8220;Suriye\u2019de \u00d6lenlerin An\u0131s\u0131na Genel Grev \u0130lan Edildi&#8221; &#8212; The Epoch Times TR\" data-secret=\"TrOXEfVVf4\" frameborder=\"0\" marginwidth=\"0\" marginheight=\"0\" scrolling=\"no\" class=\"wp-embedded-content\"><\/iframe><script type=\"text\/javascript\">\n\/* <![CDATA[ *\/\n\/*! This file is auto-generated *\/\n!function(d,l){\"use strict\";l.querySelector&&d.addEventListener&&\"undefined\"!=typeof URL&&(d.wp=d.wp||{},d.wp.receiveEmbedMessage||(d.wp.receiveEmbedMessage=function(e){var t=e.data;if((t||t.secret||t.message||t.value)&&!\/[^a-zA-Z0-9]\/.test(t.secret)){for(var s,r,n,a=l.querySelectorAll('iframe[data-secret=\"'+t.secret+'\"]'),o=l.querySelectorAll('blockquote[data-secret=\"'+t.secret+'\"]'),c=new RegExp(\"^https?:$\",\"i\"),i=0;i<o.length;i++)o[i].style.display=\"none\";for(i=0;i<a.length;i++)s=a[i],e.source===s.contentWindow&&(s.removeAttribute(\"style\"),\"height\"===t.message?(1e3<(r=parseInt(t.value,10))?r=1e3:~~r<200&&(r=200),s.height=r):\"link\"===t.message&&(r=new URL(s.getAttribute(\"src\")),n=new URL(t.value),c.test(n.protocol))&&n.host===r.host&&l.activeElement===s&&(d.top.location.href=t.value))}},d.addEventListener(\"message\",d.wp.receiveEmbedMessage,!1),l.addEventListener(\"DOMContentLoaded\",function(){for(var e,t,s=l.querySelectorAll(\"iframe.wp-embedded-content\"),r=0;r<s.length;r++)(t=(e=s[r]).getAttribute(\"data-secret\"))||(t=Math.random().toString(36).substring(2,12),e.src+=\"#?secret=\"+t,e.setAttribute(\"data-secret\",t)),e.contentWindow.postMessage({message:\"ready\",secret:t},\"*\")},!1)))}(window,document);\n\/* ]]> *\/\n<\/script>\n","description":"Cuma g\u00fcn\u00fc meydana gelen \u00e7at\u0131\u015fmalarda Hama\u2019da 50\u2019ye yak\u0131n ki\u015fi hayat\u0131n\u0131 kaybetti. Hayat\u0131n\u0131 kaybedenlerin artmas\u0131 isyan\u0131n giderek daha da b\u00fcy\u00fcmesine neden oluyor. Cuma g\u00fcn\u00fc yap\u0131lan eylem \u201c\u00c7ocuklar\u201da adanm\u0131\u015ft\u0131. Cuma g\u00fcn\u00fc meydana gelen \u00e7at\u0131\u015fmalarda hayatlar\u0131n\u0131 kaybeden ki\u015fileri anmak u\u011fruna bug\u00fcn Hama kentinde Genel Grev ilan edildi. Yap\u0131lan grev ile beraber, Devlet Ba\u015fkan\u0131 Be\u015f\u015far Esad rejimini farkl\u0131 bir [&hellip;]","thumbnail_url":"http:\/\/www.epochtimestr.com\/wp-content\/uploads\/2011y\/115148947.jpg"}