{"version":"1.0","provider_name":"The Epoch Times TR","provider_url":"https:\/\/epochtimestr.com","author_name":"\u00c7.Akdeniz","author_url":"https:\/\/epochtimestr.com\/index.php\/author\/cigdem","title":"Fransa\u2019da, Facebook ve Twitter\u2019\u0131n \u0130simleri Art\u0131k Kullan\u0131lamayacak  - The Epoch Times TR","type":"rich","width":600,"height":338,"html":"<blockquote class=\"wp-embedded-content\" data-secret=\"iBlZTp9ibq\"><a href=\"https:\/\/epochtimestr.com\/index.php\/37640\">Fransa\u2019da, Facebook ve Twitter\u2019\u0131n \u0130simleri Art\u0131k Kullan\u0131lamayacak<\/a><\/blockquote><iframe sandbox=\"allow-scripts\" security=\"restricted\" src=\"https:\/\/epochtimestr.com\/index.php\/37640\/embed#?secret=iBlZTp9ibq\" width=\"600\" height=\"338\" title=\"&#8220;Fransa\u2019da, Facebook ve Twitter\u2019\u0131n \u0130simleri Art\u0131k Kullan\u0131lamayacak&#8221; &#8212; The Epoch Times TR\" data-secret=\"iBlZTp9ibq\" frameborder=\"0\" marginwidth=\"0\" marginheight=\"0\" scrolling=\"no\" class=\"wp-embedded-content\"><\/iframe><script type=\"text\/javascript\">\n\/* <![CDATA[ *\/\n\/*! This file is auto-generated *\/\n!function(d,l){\"use strict\";l.querySelector&&d.addEventListener&&\"undefined\"!=typeof URL&&(d.wp=d.wp||{},d.wp.receiveEmbedMessage||(d.wp.receiveEmbedMessage=function(e){var t=e.data;if((t||t.secret||t.message||t.value)&&!\/[^a-zA-Z0-9]\/.test(t.secret)){for(var s,r,n,a=l.querySelectorAll('iframe[data-secret=\"'+t.secret+'\"]'),o=l.querySelectorAll('blockquote[data-secret=\"'+t.secret+'\"]'),c=new RegExp(\"^https?:$\",\"i\"),i=0;i<o.length;i++)o[i].style.display=\"none\";for(i=0;i<a.length;i++)s=a[i],e.source===s.contentWindow&&(s.removeAttribute(\"style\"),\"height\"===t.message?(1e3<(r=parseInt(t.value,10))?r=1e3:~~r<200&&(r=200),s.height=r):\"link\"===t.message&&(r=new URL(s.getAttribute(\"src\")),n=new URL(t.value),c.test(n.protocol))&&n.host===r.host&&l.activeElement===s&&(d.top.location.href=t.value))}},d.addEventListener(\"message\",d.wp.receiveEmbedMessage,!1),l.addEventListener(\"DOMContentLoaded\",function(){for(var e,t,s=l.querySelectorAll(\"iframe.wp-embedded-content\"),r=0;r<s.length;r++)(t=(e=s[r]).getAttribute(\"data-secret\"))||(t=Math.random().toString(36).substring(2,12),e.src+=\"#?secret=\"+t,e.setAttribute(\"data-secret\",t)),e.contentWindow.postMessage({message:\"ready\",secret:t},\"*\")},!1)))}(window,document);\n\/* ]]> *\/\n<\/script>\n","description":"Fransa&#8217;n\u0131n RT\u00dcK&#8217;\u00fc, G\u00f6rsel \u0130\u015fitsel Yay\u0131n \u00dcst Kurulu (CSA) televizyonlarda &#8216;Facebook&#8217; ve &#8216;Twitter&#8217; sosyal platformlar\u0131n\u0131n isminin kullan\u0131lmas\u0131n\u0131 yasaklad\u0131. Karara g\u00f6re, e\u011fer yay\u0131ndaki televizyon i\u00e7eri\u011fi Facebook ve Twitter hakk\u0131nda bir haber niteli\u011fi ta\u015f\u0131m\u0131yorsa bu iki pop\u00fcler sosyal a\u011f\u0131n isimlerinin televizyonda kullan\u0131lmas\u0131 reklam s\u0131n\u0131f\u0131na girdi\u011fi i\u00e7in yasakland\u0131. Sosyalmedya&#8217;n\u0131n haberine g\u00f6re, bu kararla beraber Frans\u0131z TV programc\u0131lar\u0131 \u201cBizi Twitter\u2019da [&hellip;]","thumbnail_url":"http:\/\/www.epochtimestr.com\/wp-content\/uploads\/2011y\/115631595.jpg"}