{"version":"1.0","provider_name":"The Epoch Times TR","provider_url":"https:\/\/epochtimestr.com","author_name":"Demet G.","author_url":"https:\/\/epochtimestr.com\/index.php\/author\/d-gokoglu","title":"Taksim'de 12 Eyl\u00fcl Darbesi Protesto Edildi - The Epoch Times TR","type":"rich","width":600,"height":338,"html":"<blockquote class=\"wp-embedded-content\" data-secret=\"jREoSuACwf\"><a href=\"https:\/\/epochtimestr.com\/index.php\/61420\">Taksim&#8217;de 12 Eyl\u00fcl Darbesi Protesto Edildi<\/a><\/blockquote><iframe sandbox=\"allow-scripts\" security=\"restricted\" src=\"https:\/\/epochtimestr.com\/index.php\/61420\/embed#?secret=jREoSuACwf\" width=\"600\" height=\"338\" title=\"&#8220;Taksim&#8217;de 12 Eyl\u00fcl Darbesi Protesto Edildi&#8221; &#8212; The Epoch Times TR\" data-secret=\"jREoSuACwf\" frameborder=\"0\" marginwidth=\"0\" marginheight=\"0\" scrolling=\"no\" class=\"wp-embedded-content\"><\/iframe><script type=\"text\/javascript\">\n\/* <![CDATA[ *\/\n\/*! This file is auto-generated *\/\n!function(d,l){\"use strict\";l.querySelector&&d.addEventListener&&\"undefined\"!=typeof URL&&(d.wp=d.wp||{},d.wp.receiveEmbedMessage||(d.wp.receiveEmbedMessage=function(e){var t=e.data;if((t||t.secret||t.message||t.value)&&!\/[^a-zA-Z0-9]\/.test(t.secret)){for(var s,r,n,a=l.querySelectorAll('iframe[data-secret=\"'+t.secret+'\"]'),o=l.querySelectorAll('blockquote[data-secret=\"'+t.secret+'\"]'),c=new RegExp(\"^https?:$\",\"i\"),i=0;i<o.length;i++)o[i].style.display=\"none\";for(i=0;i<a.length;i++)s=a[i],e.source===s.contentWindow&&(s.removeAttribute(\"style\"),\"height\"===t.message?(1e3<(r=parseInt(t.value,10))?r=1e3:~~r<200&&(r=200),s.height=r):\"link\"===t.message&&(r=new URL(s.getAttribute(\"src\")),n=new URL(t.value),c.test(n.protocol))&&n.host===r.host&&l.activeElement===s&&(d.top.location.href=t.value))}},d.addEventListener(\"message\",d.wp.receiveEmbedMessage,!1),l.addEventListener(\"DOMContentLoaded\",function(){for(var e,t,s=l.querySelectorAll(\"iframe.wp-embedded-content\"),r=0;r<s.length;r++)(t=(e=s[r]).getAttribute(\"data-secret\"))||(t=Math.random().toString(36).substring(2,12),e.src+=\"#?secret=\"+t,e.setAttribute(\"data-secret\",t)),e.contentWindow.postMessage({message:\"ready\",secret:t},\"*\")},!1)))}(window,document);\n\/* ]]> *\/\n<\/script>\n","thumbnail_url":"https:\/\/epochtimestr.com\/wp-content\/uploads\/2011y\/taksim-y\u00fcr\u00fcy\u00fc\u015f.jpg","thumbnail_width":448,"thumbnail_height":252,"description":"12 Eyl\u00fcl Askeri Darbesi\u2019nin 32. y\u0131ld\u00f6n\u00fcm\u00fc dolay\u0131s\u0131yla Taksim Meydan\u0131\u2019nda protesto y\u00fcr\u00fcy\u00fc\u015f\u00fc vard\u0131. Taksim&#8217;de\u00a0toplanan T\u00fcrkiye Devrimci \u0130\u015f\u00e7i Sendikalar\u0131 Konfederasyonu (D\u0130SK),\u00a0 \u00a0TKP ve \u00d6DP \u00fcyeleri 12 Eyl\u00fcl 1980 Askeri Darbesi\u2019ni protesto etti. Galatasaray Meydan\u0131\u2019nda bir araya gelen yakla\u015f\u0131k 200 ki\u015fi me\u015faleler ve d\u00f6vizlerle Taksim Meydan\u0131\u2019na do\u011fru y\u00fcr\u00fcd\u00fc. Grup ad\u0131na a\u00e7\u0131klama yapan D\u0130SK Genel Sekreteri Adnan Serdaro\u011flu 12 [&hellip;]"}