{"version":"1.0","provider_name":"The Epoch Times TR","provider_url":"https:\/\/epochtimestr.com","author_name":"S.\u015eener","author_url":"https:\/\/epochtimestr.com\/index.php\/author\/semra","title":"98. Y\u0131l T\u00f6renlerinde 98 Metrelik Dev T\u00fcrk Bayra\u011f\u0131  - The Epoch Times TR","type":"rich","width":600,"height":338,"html":"<blockquote class=\"wp-embedded-content\" data-secret=\"NGeU4Q9Plu\"><a href=\"https:\/\/epochtimestr.com\/index.php\/98-yil-torenlerinde-98-metrelik-dev-turk-bayragi\">98. Y\u0131l T\u00f6renlerinde 98 Metrelik Dev  T\u00fcrk Bayra\u011f\u0131<\/a><\/blockquote><iframe sandbox=\"allow-scripts\" security=\"restricted\" src=\"https:\/\/epochtimestr.com\/index.php\/98-yil-torenlerinde-98-metrelik-dev-turk-bayragi\/embed#?secret=NGeU4Q9Plu\" width=\"600\" height=\"338\" title=\"&#8220;98. Y\u0131l T\u00f6renlerinde 98 Metrelik Dev  T\u00fcrk Bayra\u011f\u0131&#8221; &#8212; The Epoch Times TR\" data-secret=\"NGeU4Q9Plu\" frameborder=\"0\" marginwidth=\"0\" marginheight=\"0\" scrolling=\"no\" class=\"wp-embedded-content\"><\/iframe><script type=\"text\/javascript\">\n\/* <![CDATA[ *\/\n\/*! This file is auto-generated *\/\n!function(d,l){\"use strict\";l.querySelector&&d.addEventListener&&\"undefined\"!=typeof URL&&(d.wp=d.wp||{},d.wp.receiveEmbedMessage||(d.wp.receiveEmbedMessage=function(e){var t=e.data;if((t||t.secret||t.message||t.value)&&!\/[^a-zA-Z0-9]\/.test(t.secret)){for(var s,r,n,a=l.querySelectorAll('iframe[data-secret=\"'+t.secret+'\"]'),o=l.querySelectorAll('blockquote[data-secret=\"'+t.secret+'\"]'),c=new RegExp(\"^https?:$\",\"i\"),i=0;i<o.length;i++)o[i].style.display=\"none\";for(i=0;i<a.length;i++)s=a[i],e.source===s.contentWindow&&(s.removeAttribute(\"style\"),\"height\"===t.message?(1e3<(r=parseInt(t.value,10))?r=1e3:~~r<200&&(r=200),s.height=r):\"link\"===t.message&&(r=new URL(s.getAttribute(\"src\")),n=new URL(t.value),c.test(n.protocol))&&n.host===r.host&&l.activeElement===s&&(d.top.location.href=t.value))}},d.addEventListener(\"message\",d.wp.receiveEmbedMessage,!1),l.addEventListener(\"DOMContentLoaded\",function(){for(var e,t,s=l.querySelectorAll(\"iframe.wp-embedded-content\"),r=0;r<s.length;r++)(t=(e=s[r]).getAttribute(\"data-secret\"))||(t=Math.random().toString(36).substring(2,12),e.src+=\"#?secret=\"+t,e.setAttribute(\"data-secret\",t)),e.contentWindow.postMessage({message:\"ready\",secret:t},\"*\")},!1)))}(window,document);\n\/* ]]> *\/\n<\/script>\n","thumbnail_url":"https:\/\/epochtimestr.com\/wp-content\/uploads\/2011y\/20130318AW001039_03.jpg","thumbnail_width":623,"thumbnail_height":350,"description":"&nbsp; \u00c7anakkale Gen\u00e7lik Grubu ve MHP \u0130l Te\u015fkilat\u0131 taraf\u0131ndan \u00c7anakkale Deniz Zaferinin 98. y\u0131l\u0131 m\u00fcnasebetiyle yapt\u0131r\u0131lan 98 metrelik dev bayra\u011f\u0131n alt\u0131nda \u015fehitlere sayg\u0131 y\u00fcr\u00fcy\u00fc\u015f\u00fc yap\u0131ld\u0131. Y\u00fcr\u00fcy\u00fc\u015fe Milliyet\u00e7i Hareket Partisi Merkez \u0130l\u00e7e Ba\u015fkan\u0131 \u0130brahim Tayfun U\u011fur da kat\u0131ld\u0131. \u201cMustafa Kemal\u2019in askerleriyiz\u201d, \u201c\u015eehitler \u00f6lmez, vatan b\u00f6l\u00fcnmez\u201d sloganlar\u0131yla iskeleye kadar y\u00fcr\u00fcyen vatanda\u015flar sayg\u0131 duru\u015funda bulundu. \u0130stiklal Mar\u015f\u0131n\u0131n okunmas\u0131n\u0131n [&hellip;]"}