{"version":"1.0","provider_name":"The Epoch Times TR","provider_url":"https:\/\/epochtimestr.com","author_name":"\u00c7.Akdeniz","author_url":"https:\/\/epochtimestr.com\/index.php\/author\/cigdem","title":"ABBA Grubunun M\u00fczesi \u0130sve\u00e7'te A\u00e7\u0131ld\u0131 - The Epoch Times TR","type":"rich","width":600,"height":338,"html":"<blockquote class=\"wp-embedded-content\" data-secret=\"3O3i45bRsC\"><a href=\"https:\/\/epochtimestr.com\/index.php\/abba-grubunun-muzesi-isvecte-acildi\">ABBA Grubunun M\u00fczesi \u0130sve\u00e7&#8217;te A\u00e7\u0131ld\u0131<\/a><\/blockquote><iframe sandbox=\"allow-scripts\" security=\"restricted\" src=\"https:\/\/epochtimestr.com\/index.php\/abba-grubunun-muzesi-isvecte-acildi\/embed#?secret=3O3i45bRsC\" width=\"600\" height=\"338\" title=\"&#8220;ABBA Grubunun M\u00fczesi \u0130sve\u00e7&#8217;te A\u00e7\u0131ld\u0131&#8221; &#8212; The Epoch Times TR\" data-secret=\"3O3i45bRsC\" frameborder=\"0\" marginwidth=\"0\" marginheight=\"0\" scrolling=\"no\" class=\"wp-embedded-content\"><\/iframe><script type=\"text\/javascript\">\n\/* <![CDATA[ *\/\n\/*! This file is auto-generated *\/\n!function(d,l){\"use strict\";l.querySelector&&d.addEventListener&&\"undefined\"!=typeof URL&&(d.wp=d.wp||{},d.wp.receiveEmbedMessage||(d.wp.receiveEmbedMessage=function(e){var t=e.data;if((t||t.secret||t.message||t.value)&&!\/[^a-zA-Z0-9]\/.test(t.secret)){for(var s,r,n,a=l.querySelectorAll('iframe[data-secret=\"'+t.secret+'\"]'),o=l.querySelectorAll('blockquote[data-secret=\"'+t.secret+'\"]'),c=new RegExp(\"^https?:$\",\"i\"),i=0;i<o.length;i++)o[i].style.display=\"none\";for(i=0;i<a.length;i++)s=a[i],e.source===s.contentWindow&&(s.removeAttribute(\"style\"),\"height\"===t.message?(1e3<(r=parseInt(t.value,10))?r=1e3:~~r<200&&(r=200),s.height=r):\"link\"===t.message&&(r=new URL(s.getAttribute(\"src\")),n=new URL(t.value),c.test(n.protocol))&&n.host===r.host&&l.activeElement===s&&(d.top.location.href=t.value))}},d.addEventListener(\"message\",d.wp.receiveEmbedMessage,!1),l.addEventListener(\"DOMContentLoaded\",function(){for(var e,t,s=l.querySelectorAll(\"iframe.wp-embedded-content\"),r=0;r<s.length;r++)(t=(e=s[r]).getAttribute(\"data-secret\"))||(t=Math.random().toString(36).substring(2,12),e.src+=\"#?secret=\"+t,e.setAttribute(\"data-secret\",t)),e.contentWindow.postMessage({message:\"ready\",secret:t},\"*\")},!1)))}(window,document);\n\/* ]]> *\/\n<\/script>\n","thumbnail_url":"https:\/\/epochtimestr.com\/wp-content\/uploads\/2011y\/abba-m\u00fczesi-2.jpg","thumbnail_width":499,"thumbnail_height":450,"description":"\u0130sve\u00e7\u2019in ba\u015fkenti Stockholm\u2019da bug\u00fcn \u00fcnl\u00fc pop grubu ABBA\u2019n\u0131n ad\u0131n\u0131 ta\u015f\u0131yan m\u00fcze a\u00e7\u0131ld\u0131. A\u00e7\u0131l\u0131\u015fta \u00fcnl\u00fc grubun \u00fcyelerinden biri olan Bj\u00f6rn Ulvaeus\u2019ta vard\u0131. ABBA\u2019n\u0131n hayranlar\u0131 a\u00e7\u0131l\u0131\u015fa b\u00fcy\u00fck ilgi g\u00f6sterdiler. M\u00fczede, Agnetha, Benny, Bj\u00f6rn ve Frida 1972 ila 1982 aras\u0131nda kulland\u0131klar\u0131 giysi ve estr\u00fcmanlar ile plak, kaset, film ve foto\u011fraflar sergileniyor. Her on y\u0131l i\u00e7in ayr\u0131lan b\u00f6l\u00fcmde o [&hellip;]"}