{"version":"1.0","provider_name":"The Epoch Times TR","provider_url":"https:\/\/epochtimestr.com","author_name":"\u00c7.Akdeniz","author_url":"https:\/\/epochtimestr.com\/index.php\/author\/cigdem","title":"ABD Ba\u015fkan Yard\u0131mc\u0131s\u0131 Biden, Japonya'y\u0131 ziyaret etti  - The Epoch Times TR","type":"rich","width":600,"height":338,"html":"<blockquote class=\"wp-embedded-content\" data-secret=\"malsj6cJ6c\"><a href=\"https:\/\/epochtimestr.com\/index.php\/abd-baskan-yardimcisi-biden-japonyayi-ziyaret-etti\">ABD Ba\u015fkan Yard\u0131mc\u0131s\u0131 Biden, Japonya&#8217;y\u0131 ziyaret etti<\/a><\/blockquote><iframe sandbox=\"allow-scripts\" security=\"restricted\" src=\"https:\/\/epochtimestr.com\/index.php\/abd-baskan-yardimcisi-biden-japonyayi-ziyaret-etti\/embed#?secret=malsj6cJ6c\" width=\"600\" height=\"338\" title=\"&#8220;ABD Ba\u015fkan Yard\u0131mc\u0131s\u0131 Biden, Japonya&#8217;y\u0131 ziyaret etti&#8221; &#8212; The Epoch Times TR\" data-secret=\"malsj6cJ6c\" frameborder=\"0\" marginwidth=\"0\" marginheight=\"0\" scrolling=\"no\" class=\"wp-embedded-content\"><\/iframe><script type=\"text\/javascript\">\n\/* <![CDATA[ *\/\n\/*! This file is auto-generated *\/\n!function(d,l){\"use strict\";l.querySelector&&d.addEventListener&&\"undefined\"!=typeof URL&&(d.wp=d.wp||{},d.wp.receiveEmbedMessage||(d.wp.receiveEmbedMessage=function(e){var t=e.data;if((t||t.secret||t.message||t.value)&&!\/[^a-zA-Z0-9]\/.test(t.secret)){for(var s,r,n,a=l.querySelectorAll('iframe[data-secret=\"'+t.secret+'\"]'),o=l.querySelectorAll('blockquote[data-secret=\"'+t.secret+'\"]'),c=new RegExp(\"^https?:$\",\"i\"),i=0;i<o.length;i++)o[i].style.display=\"none\";for(i=0;i<a.length;i++)s=a[i],e.source===s.contentWindow&&(s.removeAttribute(\"style\"),\"height\"===t.message?(1e3<(r=parseInt(t.value,10))?r=1e3:~~r<200&&(r=200),s.height=r):\"link\"===t.message&&(r=new URL(s.getAttribute(\"src\")),n=new URL(t.value),c.test(n.protocol))&&n.host===r.host&&l.activeElement===s&&(d.top.location.href=t.value))}},d.addEventListener(\"message\",d.wp.receiveEmbedMessage,!1),l.addEventListener(\"DOMContentLoaded\",function(){for(var e,t,s=l.querySelectorAll(\"iframe.wp-embedded-content\"),r=0;r<s.length;r++)(t=(e=s[r]).getAttribute(\"data-secret\"))||(t=Math.random().toString(36).substring(2,12),e.src+=\"#?secret=\"+t,e.setAttribute(\"data-secret\",t)),e.contentWindow.postMessage({message:\"ready\",secret:t},\"*\")},!1)))}(window,document);\n\/* ]]> *\/\n<\/script>\n","description":"ABD Ba\u015fkan Yard\u0131mc\u0131s\u0131 Joe Biden, \u00a0Sendai havaalan\u0131na indi\u011fi s\u0131rada Japon insanlar\u0131n\u0131n fedakarl\u0131\u011f\u0131 hakk\u0131nda bir konu\u015fma yapt\u0131. Japonlara kar\u015f\u0131 olan hayranl\u0131\u011f\u0131n\u0131 dile getirdi. Biden, ayn\u0131 zamanda Amerika\u2019n\u0131n Japonya\u2019ya yard\u0131m etmesinin bir \u201dOnur\u201d oldu\u011funu belirtti. \u00c7\u00fcnk\u00fc Japonya\u2019da ne zaman bir trajedi veya do\u011fal felaket meydana gelse Amerika hep Japonya\u2019n\u0131n yan\u0131ndayd\u0131. Japonya\u2019n\u0131n Amerika gibi pasifik bir ulus oldu\u011fu [&hellip;]","thumbnail_url":"http:\/\/www.epochtimestr.com\/wp-content\/uploads\/2011y\/Biden-ve-Naoto-Kan.jpg"}