{"version":"1.0","provider_name":"The Epoch Times TR","provider_url":"https:\/\/epochtimestr.com","author_name":"Haber Merkezi","author_url":"https:\/\/epochtimestr.com\/index.php\/author\/sendag","title":"ABD Ba\u015fkan\u0131 Trump'tan Demokrat Vekillere Tehdit - The Epoch Times TR","type":"rich","width":600,"height":338,"html":"<blockquote class=\"wp-embedded-content\" data-secret=\"Ol5q1itP7n\"><a href=\"https:\/\/epochtimestr.com\/index.php\/abd-baskani-trumptan-demokrat-vekillere-tehdit\">ABD Ba\u015fkan\u0131 Trump&#8217;tan Demokrat Vekillere Tehdit<\/a><\/blockquote><iframe sandbox=\"allow-scripts\" security=\"restricted\" src=\"https:\/\/epochtimestr.com\/index.php\/abd-baskani-trumptan-demokrat-vekillere-tehdit\/embed#?secret=Ol5q1itP7n\" width=\"600\" height=\"338\" title=\"&#8220;ABD Ba\u015fkan\u0131 Trump&#8217;tan Demokrat Vekillere Tehdit&#8221; &#8212; The Epoch Times TR\" data-secret=\"Ol5q1itP7n\" frameborder=\"0\" marginwidth=\"0\" marginheight=\"0\" scrolling=\"no\" class=\"wp-embedded-content\"><\/iframe><script type=\"text\/javascript\">\n\/* <![CDATA[ *\/\n\/*! This file is auto-generated *\/\n!function(d,l){\"use strict\";l.querySelector&&d.addEventListener&&\"undefined\"!=typeof URL&&(d.wp=d.wp||{},d.wp.receiveEmbedMessage||(d.wp.receiveEmbedMessage=function(e){var t=e.data;if((t||t.secret||t.message||t.value)&&!\/[^a-zA-Z0-9]\/.test(t.secret)){for(var s,r,n,a=l.querySelectorAll('iframe[data-secret=\"'+t.secret+'\"]'),o=l.querySelectorAll('blockquote[data-secret=\"'+t.secret+'\"]'),c=new RegExp(\"^https?:$\",\"i\"),i=0;i<o.length;i++)o[i].style.display=\"none\";for(i=0;i<a.length;i++)s=a[i],e.source===s.contentWindow&&(s.removeAttribute(\"style\"),\"height\"===t.message?(1e3<(r=parseInt(t.value,10))?r=1e3:~~r<200&&(r=200),s.height=r):\"link\"===t.message&&(r=new URL(s.getAttribute(\"src\")),n=new URL(t.value),c.test(n.protocol))&&n.host===r.host&&l.activeElement===s&&(d.top.location.href=t.value))}},d.addEventListener(\"message\",d.wp.receiveEmbedMessage,!1),l.addEventListener(\"DOMContentLoaded\",function(){for(var e,t,s=l.querySelectorAll(\"iframe.wp-embedded-content\"),r=0;r<s.length;r++)(t=(e=s[r]).getAttribute(\"data-secret\"))||(t=Math.random().toString(36).substring(2,12),e.src+=\"#?secret=\"+t,e.setAttribute(\"data-secret\",t)),e.contentWindow.postMessage({message:\"ready\",secret:t},\"*\")},!1)))}(window,document);\n\/* ]]> *\/\n<\/script>\n","thumbnail_url":"https:\/\/epochtimestr.com\/wp-content\/uploads\/2011y\/trump-66.jpg","thumbnail_width":664,"thumbnail_height":354,"description":"Amerika Birle\u015fik Devletleri (ABD) Ba\u015fkan\u0131 Donald Trump, sosyal medya hesab\u0131 \u00fczerinden yapt\u0131\u011f\u0131 a\u00e7\u0131klamada ABD kongresindeki Demokrat Parti milletvekillerini, h\u00fck\u00fcmetin g\u00f6\u00e7men kar\u015f\u0131t\u0131 politikalar\u0131 \u00e7er\u00e7evesinde in\u015fa edilmesi planlanan duvar karar\u0131n\u0131 desteklememeleri halinde, h\u00fck\u00fcmeti kapatmakla tehdit etti. G\u00f6\u00e7men meselesinin \u015fansa b\u0131rak\u0131lmamas\u0131 gerekti\u011fini belirten Trump, &#8220;M\u00fckemmel insanlar\u0131n \u00fclkemize girmesi gerek.&#8221; ifadelerini kulland\u0131. Trump h\u00fck\u00fcmeti, Meksika s\u0131n\u0131r\u0131nda \u00fclkeye ka\u00e7ak olarak [&hellip;]"}