{"version":"1.0","provider_name":"The Epoch Times TR","provider_url":"https:\/\/epochtimestr.com","author_name":"S. \u00d6zcan","author_url":"https:\/\/epochtimestr.com\/index.php\/author\/n-kaya","title":"ABD B\u00fcy\u00fckel\u00e7isi Mark Lippert Taburcu Edildi - The Epoch Times TR","type":"rich","width":600,"height":338,"html":"<blockquote class=\"wp-embedded-content\" data-secret=\"QFICkvskDw\"><a href=\"https:\/\/epochtimestr.com\/index.php\/abd-buyukelcisi-mark-lippert-taburcu-edildi\">ABD B\u00fcy\u00fckel\u00e7isi Mark Lippert Taburcu Edildi<\/a><\/blockquote><iframe sandbox=\"allow-scripts\" security=\"restricted\" src=\"https:\/\/epochtimestr.com\/index.php\/abd-buyukelcisi-mark-lippert-taburcu-edildi\/embed#?secret=QFICkvskDw\" width=\"600\" height=\"338\" title=\"&#8220;ABD B\u00fcy\u00fckel\u00e7isi Mark Lippert Taburcu Edildi&#8221; &#8212; The Epoch Times TR\" data-secret=\"QFICkvskDw\" frameborder=\"0\" marginwidth=\"0\" marginheight=\"0\" scrolling=\"no\" class=\"wp-embedded-content\"><\/iframe><script type=\"text\/javascript\">\n\/* <![CDATA[ *\/\n\/*! This file is auto-generated *\/\n!function(d,l){\"use strict\";l.querySelector&&d.addEventListener&&\"undefined\"!=typeof URL&&(d.wp=d.wp||{},d.wp.receiveEmbedMessage||(d.wp.receiveEmbedMessage=function(e){var t=e.data;if((t||t.secret||t.message||t.value)&&!\/[^a-zA-Z0-9]\/.test(t.secret)){for(var s,r,n,a=l.querySelectorAll('iframe[data-secret=\"'+t.secret+'\"]'),o=l.querySelectorAll('blockquote[data-secret=\"'+t.secret+'\"]'),c=new RegExp(\"^https?:$\",\"i\"),i=0;i<o.length;i++)o[i].style.display=\"none\";for(i=0;i<a.length;i++)s=a[i],e.source===s.contentWindow&&(s.removeAttribute(\"style\"),\"height\"===t.message?(1e3<(r=parseInt(t.value,10))?r=1e3:~~r<200&&(r=200),s.height=r):\"link\"===t.message&&(r=new URL(s.getAttribute(\"src\")),n=new URL(t.value),c.test(n.protocol))&&n.host===r.host&&l.activeElement===s&&(d.top.location.href=t.value))}},d.addEventListener(\"message\",d.wp.receiveEmbedMessage,!1),l.addEventListener(\"DOMContentLoaded\",function(){for(var e,t,s=l.querySelectorAll(\"iframe.wp-embedded-content\"),r=0;r<s.length;r++)(t=(e=s[r]).getAttribute(\"data-secret\"))||(t=Math.random().toString(36).substring(2,12),e.src+=\"#?secret=\"+t,e.setAttribute(\"data-secret\",t)),e.contentWindow.postMessage({message:\"ready\",secret:t},\"*\")},!1)))}(window,document);\n\/* ]]> *\/\n<\/script>\n","thumbnail_url":"https:\/\/epochtimestr.com\/wp-content\/uploads\/2011y\/abdnin-guney-kore-elcisi-taburcu-oldu-868945-664x354.jpg","thumbnail_width":500,"thumbnail_height":266,"description":"ABD\u2019nin G\u00fcney Kore B\u00fcy\u00fckel\u00e7isi Mark Lippert, ge\u00e7en hafta u\u011frad\u0131\u011f\u0131 b\u0131\u00e7akl\u0131 sald\u0131r\u0131n\u0131n ard\u0131ndan tedavi g\u00f6rd\u00fc\u011f\u00fc hastaneden taburcu edildi. B\u00fcy\u00fckel\u00e7i Mark Lippert, ge\u00e7ti\u011fimiz hafta Seul\u2019de kat\u0131ld\u0131\u011f\u0131 bir program esnas\u0131nda Koreli milliyet\u00e7i Kim Ki-jong\u2019un b\u0131\u00e7akl\u0131 sald\u0131r\u0131s\u0131na u\u011fram\u0131\u015ft\u0131. Sald\u0131r\u0131 s\u0131ras\u0131nda elinden ve y\u00fcz\u00fcnden yaraland\u0131\u011f\u0131 bildirilen Lippert\u2019in Seul\u2019de tedavi g\u00f6rd\u00fc\u011f\u00fc Yonsei \u00dcniversitesi Hastanesi\u2019nden taburcu edildi. Hastaneden ayr\u0131lmadan bas\u0131n toplant\u0131s\u0131 d\u00fczenleyen [&hellip;]"}