{"version":"1.0","provider_name":"The Epoch Times TR","provider_url":"https:\/\/epochtimestr.com","author_name":"Haber Merkezi","author_url":"https:\/\/epochtimestr.com\/index.php\/author\/sendag","title":"ABD-\u00c7in Aras\u0131ndaki Anla\u015fma \u0130mzaland\u0131 - The Epoch Times TR","type":"rich","width":600,"height":338,"html":"<blockquote class=\"wp-embedded-content\" data-secret=\"pItyqRBfUK\"><a href=\"https:\/\/epochtimestr.com\/index.php\/abd-cin-arasindaki-anlasma-imzalandi\">ABD-\u00c7in Aras\u0131ndaki Anla\u015fma \u0130mzaland\u0131<\/a><\/blockquote><iframe sandbox=\"allow-scripts\" security=\"restricted\" src=\"https:\/\/epochtimestr.com\/index.php\/abd-cin-arasindaki-anlasma-imzalandi\/embed#?secret=pItyqRBfUK\" width=\"600\" height=\"338\" title=\"&#8220;ABD-\u00c7in Aras\u0131ndaki Anla\u015fma \u0130mzaland\u0131&#8221; &#8212; The Epoch Times TR\" data-secret=\"pItyqRBfUK\" frameborder=\"0\" marginwidth=\"0\" marginheight=\"0\" scrolling=\"no\" class=\"wp-embedded-content\"><\/iframe><script type=\"text\/javascript\">\n\/* <![CDATA[ *\/\n\/*! This file is auto-generated *\/\n!function(d,l){\"use strict\";l.querySelector&&d.addEventListener&&\"undefined\"!=typeof URL&&(d.wp=d.wp||{},d.wp.receiveEmbedMessage||(d.wp.receiveEmbedMessage=function(e){var t=e.data;if((t||t.secret||t.message||t.value)&&!\/[^a-zA-Z0-9]\/.test(t.secret)){for(var s,r,n,a=l.querySelectorAll('iframe[data-secret=\"'+t.secret+'\"]'),o=l.querySelectorAll('blockquote[data-secret=\"'+t.secret+'\"]'),c=new RegExp(\"^https?:$\",\"i\"),i=0;i<o.length;i++)o[i].style.display=\"none\";for(i=0;i<a.length;i++)s=a[i],e.source===s.contentWindow&&(s.removeAttribute(\"style\"),\"height\"===t.message?(1e3<(r=parseInt(t.value,10))?r=1e3:~~r<200&&(r=200),s.height=r):\"link\"===t.message&&(r=new URL(s.getAttribute(\"src\")),n=new URL(t.value),c.test(n.protocol))&&n.host===r.host&&l.activeElement===s&&(d.top.location.href=t.value))}},d.addEventListener(\"message\",d.wp.receiveEmbedMessage,!1),l.addEventListener(\"DOMContentLoaded\",function(){for(var e,t,s=l.querySelectorAll(\"iframe.wp-embedded-content\"),r=0;r<s.length;r++)(t=(e=s[r]).getAttribute(\"data-secret\"))||(t=Math.random().toString(36).substring(2,12),e.src+=\"#?secret=\"+t,e.setAttribute(\"data-secret\",t)),e.contentWindow.postMessage({message:\"ready\",secret:t},\"*\")},!1)))}(window,document);\n\/* ]]> *\/\n<\/script>\n","thumbnail_url":"https:\/\/epochtimestr.com\/wp-content\/uploads\/2011y\/liu-he-trump.png","thumbnail_width":1338,"thumbnail_height":658,"description":"ABD Ba\u015fkan\u0131 Donald Trump ve \u00c7in Devlet Ba\u015fkan Yard\u0131mc\u0131s\u0131 Liu He, aralar\u0131ndaki ticaret sava\u015f\u0131n\u0131 bitirecek olan birinci faz anla\u015fmas\u0131n\u0131 imzalad\u0131. ABD ile \u00c7in aras\u0131nda uzun s\u00fcredir devam eden m\u00fczakereler sonras\u0131nda birinci faz ticaret anla\u015fmas\u0131, Beyaz Saray&#8217;da d\u00fczenlenen t\u00f6renle Trump ve Liu taraf\u0131ndan imzaland\u0131. D\u00fczenlenen t\u00f6rende ger\u00e7ekle\u015ftirilen canl\u0131 yay\u0131nda konu\u015fan Trump, anla\u015fman\u0131n bir d\u00f6n\u00fcm noktas\u0131 oldu\u011funu [&hellip;]"}