{"version":"1.0","provider_name":"The Epoch Times TR","provider_url":"https:\/\/epochtimestr.com","author_name":"Emel AKAN","author_url":"https:\/\/epochtimestr.com\/index.php\/author\/emel","title":"ABD U\u00e7aklar\u0131 I\u015e\u0130D'i Vurdu - The Epoch Times TR","type":"rich","width":600,"height":338,"html":"<blockquote class=\"wp-embedded-content\" data-secret=\"kMZGuxYfKG\"><a href=\"https:\/\/epochtimestr.com\/index.php\/abd-ucaklari-isidi-vurdu\">ABD U\u00e7aklar\u0131 I\u015e\u0130D&#8217;i Vurdu<\/a><\/blockquote><iframe sandbox=\"allow-scripts\" security=\"restricted\" src=\"https:\/\/epochtimestr.com\/index.php\/abd-ucaklari-isidi-vurdu\/embed#?secret=kMZGuxYfKG\" width=\"600\" height=\"338\" title=\"&#8220;ABD U\u00e7aklar\u0131 I\u015e\u0130D&#8217;i Vurdu&#8221; &#8212; The Epoch Times TR\" data-secret=\"kMZGuxYfKG\" frameborder=\"0\" marginwidth=\"0\" marginheight=\"0\" scrolling=\"no\" class=\"wp-embedded-content\"><\/iframe><script type=\"text\/javascript\">\n\/* <![CDATA[ *\/\n\/*! This file is auto-generated *\/\n!function(d,l){\"use strict\";l.querySelector&&d.addEventListener&&\"undefined\"!=typeof URL&&(d.wp=d.wp||{},d.wp.receiveEmbedMessage||(d.wp.receiveEmbedMessage=function(e){var t=e.data;if((t||t.secret||t.message||t.value)&&!\/[^a-zA-Z0-9]\/.test(t.secret)){for(var s,r,n,a=l.querySelectorAll('iframe[data-secret=\"'+t.secret+'\"]'),o=l.querySelectorAll('blockquote[data-secret=\"'+t.secret+'\"]'),c=new RegExp(\"^https?:$\",\"i\"),i=0;i<o.length;i++)o[i].style.display=\"none\";for(i=0;i<a.length;i++)s=a[i],e.source===s.contentWindow&&(s.removeAttribute(\"style\"),\"height\"===t.message?(1e3<(r=parseInt(t.value,10))?r=1e3:~~r<200&&(r=200),s.height=r):\"link\"===t.message&&(r=new URL(s.getAttribute(\"src\")),n=new URL(t.value),c.test(n.protocol))&&n.host===r.host&&l.activeElement===s&&(d.top.location.href=t.value))}},d.addEventListener(\"message\",d.wp.receiveEmbedMessage,!1),l.addEventListener(\"DOMContentLoaded\",function(){for(var e,t,s=l.querySelectorAll(\"iframe.wp-embedded-content\"),r=0;r<s.length;r++)(t=(e=s[r]).getAttribute(\"data-secret\"))||(t=Math.random().toString(36).substring(2,12),e.src+=\"#?secret=\"+t,e.setAttribute(\"data-secret\",t)),e.contentWindow.postMessage({message:\"ready\",secret:t},\"*\")},!1)))}(window,document);\n\/* ]]> *\/\n<\/script>\n","description":"Irak K\u00fcrdistan B\u00f6lgesel Y\u00f6netimi\u2019nin ba\u015fkenti Erbil\u2019e do\u011fru ilerleyen I\u015e\u0130D\u2019e kar\u015f\u0131 Amerikan u\u00e7aklar\u0131 ilk m\u00fcdahalede bulundu. Pentagon s\u00f6zc\u00fcs\u00fcn\u00fcn twitter hesab\u0131ndan verdi\u011fi bilgiye g\u00f6re Amerikan u\u00e7aklar\u0131 I\u015e\u0130D mevzilerini hedef almaya ba\u015flad\u0131. D\u00fcn yapt\u0131\u011f\u0131 a\u00e7\u0131klamada, ABD Ba\u015fkan\u0131 Barack Obama, Kuzey Irak\u2019ta hem ABD\u2019lilere hem de K\u00fcrtlere b\u00fcy\u00fck tehdit olu\u015fturan I\u015e\u0130D\u2019e kar\u015f\u0131 hava operasyonu olaca\u011f\u0131na dair ilk sinyalleri vermi\u015fti.","thumbnail_url":"http:\/\/epochtimestr.com\/wp-content\/uploads\/2011y\/son-dakika-300x225.png"}