{"version":"1.0","provider_name":"The Epoch Times TR","provider_url":"https:\/\/epochtimestr.com","author_name":"S. \u00d6zcan","author_url":"https:\/\/epochtimestr.com\/index.php\/author\/n-kaya","title":"ABD Ve \u0130ran Aras\u0131nda Tarihi Uzla\u015fma - The Epoch Times TR","type":"rich","width":600,"height":338,"html":"<blockquote class=\"wp-embedded-content\" data-secret=\"y0dNS25jZF\"><a href=\"https:\/\/epochtimestr.com\/index.php\/abd-ve-iran-arasinda-tarihi-uzlasma\">ABD Ve \u0130ran Aras\u0131nda Tarihi Uzla\u015fma<\/a><\/blockquote><iframe sandbox=\"allow-scripts\" security=\"restricted\" src=\"https:\/\/epochtimestr.com\/index.php\/abd-ve-iran-arasinda-tarihi-uzlasma\/embed#?secret=y0dNS25jZF\" width=\"600\" height=\"338\" title=\"&#8220;ABD Ve \u0130ran Aras\u0131nda Tarihi Uzla\u015fma&#8221; &#8212; The Epoch Times TR\" data-secret=\"y0dNS25jZF\" frameborder=\"0\" marginwidth=\"0\" marginheight=\"0\" scrolling=\"no\" class=\"wp-embedded-content\"><\/iframe><script type=\"text\/javascript\">\n\/* <![CDATA[ *\/\n\/*! This file is auto-generated *\/\n!function(d,l){\"use strict\";l.querySelector&&d.addEventListener&&\"undefined\"!=typeof URL&&(d.wp=d.wp||{},d.wp.receiveEmbedMessage||(d.wp.receiveEmbedMessage=function(e){var t=e.data;if((t||t.secret||t.message||t.value)&&!\/[^a-zA-Z0-9]\/.test(t.secret)){for(var s,r,n,a=l.querySelectorAll('iframe[data-secret=\"'+t.secret+'\"]'),o=l.querySelectorAll('blockquote[data-secret=\"'+t.secret+'\"]'),c=new RegExp(\"^https?:$\",\"i\"),i=0;i<o.length;i++)o[i].style.display=\"none\";for(i=0;i<a.length;i++)s=a[i],e.source===s.contentWindow&&(s.removeAttribute(\"style\"),\"height\"===t.message?(1e3<(r=parseInt(t.value,10))?r=1e3:~~r<200&&(r=200),s.height=r):\"link\"===t.message&&(r=new URL(s.getAttribute(\"src\")),n=new URL(t.value),c.test(n.protocol))&&n.host===r.host&&l.activeElement===s&&(d.top.location.href=t.value))}},d.addEventListener(\"message\",d.wp.receiveEmbedMessage,!1),l.addEventListener(\"DOMContentLoaded\",function(){for(var e,t,s=l.querySelectorAll(\"iframe.wp-embedded-content\"),r=0;r<s.length;r++)(t=(e=s[r]).getAttribute(\"data-secret\"))||(t=Math.random().toString(36).substring(2,12),e.src+=\"#?secret=\"+t,e.setAttribute(\"data-secret\",t)),e.contentWindow.postMessage({message:\"ready\",secret:t},\"*\")},!1)))}(window,document);\n\/* ]]> *\/\n<\/script>\n","thumbnail_url":"https:\/\/epochtimestr.com\/wp-content\/uploads\/2011y\/obama-iran-ile-tarihi-bir-uzlasmaya-varildi-498765-664x354.jpg","thumbnail_width":500,"thumbnail_height":266,"description":"ABD ve \u0130ran n\u00fckleer m\u00fczakerelerde tarihi bir uzla\u015fma vard\u0131. Obama, \u0130ran ile n\u00fckleer m\u00fczakerelerde taraflar\u0131n ana konularda uzla\u015fma sa\u011flad\u0131\u011f\u0131n\u0131 belirtti. Kapsaml\u0131 anla\u015fma i\u00e7in m\u00fczakerelerin s\u00fcrece\u011fini kaydeden Obama, Haziran\u2019a kadar nihai anla\u015fma i\u00e7in \u00e7al\u0131\u015fmalar\u0131n devam edece\u011fini s\u00f6yledi. \u0130ran\u2019a uygulanan ambargonun a\u015famal\u0131 olarak kald\u0131r\u0131laca\u011f\u0131n\u0131 belirten Obama, \u201c\u0130ran n\u00fckleer silah geli\u015ftirmeyecek buna izin verilmeyecek. \u0130ran\u2019\u0131n n\u00fckleer program\u0131 s\u0131k\u0131 [&hellip;]"}