{"version":"1.0","provider_name":"The Epoch Times TR","provider_url":"https:\/\/epochtimestr.com","author_name":"Emel AKAN","author_url":"https:\/\/epochtimestr.com\/index.php\/author\/emel","title":"Adana'da 1.200 adet roket ba\u015fl\u0131\u011f\u0131 ele ge\u00e7irildi - The Epoch Times TR","type":"rich","width":600,"height":338,"html":"<blockquote class=\"wp-embedded-content\" data-secret=\"wI5HiTcTvP\"><a href=\"https:\/\/epochtimestr.com\/index.php\/adanada-1-200-adet-roket-basligi-ele-gecirildi\">Adana&#8217;da 1.200 adet roket ba\u015fl\u0131\u011f\u0131 ele ge\u00e7irildi<\/a><\/blockquote><iframe sandbox=\"allow-scripts\" security=\"restricted\" src=\"https:\/\/epochtimestr.com\/index.php\/adanada-1-200-adet-roket-basligi-ele-gecirildi\/embed#?secret=wI5HiTcTvP\" width=\"600\" height=\"338\" title=\"&#8220;Adana&#8217;da 1.200 adet roket ba\u015fl\u0131\u011f\u0131 ele ge\u00e7irildi&#8221; &#8212; The Epoch Times TR\" data-secret=\"wI5HiTcTvP\" frameborder=\"0\" marginwidth=\"0\" marginheight=\"0\" scrolling=\"no\" class=\"wp-embedded-content\"><\/iframe><script type=\"text\/javascript\">\n\/* <![CDATA[ *\/\n\/*! This file is auto-generated *\/\n!function(d,l){\"use strict\";l.querySelector&&d.addEventListener&&\"undefined\"!=typeof URL&&(d.wp=d.wp||{},d.wp.receiveEmbedMessage||(d.wp.receiveEmbedMessage=function(e){var t=e.data;if((t||t.secret||t.message||t.value)&&!\/[^a-zA-Z0-9]\/.test(t.secret)){for(var s,r,n,a=l.querySelectorAll('iframe[data-secret=\"'+t.secret+'\"]'),o=l.querySelectorAll('blockquote[data-secret=\"'+t.secret+'\"]'),c=new RegExp(\"^https?:$\",\"i\"),i=0;i<o.length;i++)o[i].style.display=\"none\";for(i=0;i<a.length;i++)s=a[i],e.source===s.contentWindow&&(s.removeAttribute(\"style\"),\"height\"===t.message?(1e3<(r=parseInt(t.value,10))?r=1e3:~~r<200&&(r=200),s.height=r):\"link\"===t.message&&(r=new URL(s.getAttribute(\"src\")),n=new URL(t.value),c.test(n.protocol))&&n.host===r.host&&l.activeElement===s&&(d.top.location.href=t.value))}},d.addEventListener(\"message\",d.wp.receiveEmbedMessage,!1),l.addEventListener(\"DOMContentLoaded\",function(){for(var e,t,s=l.querySelectorAll(\"iframe.wp-embedded-content\"),r=0;r<s.length;r++)(t=(e=s[r]).getAttribute(\"data-secret\"))||(t=Math.random().toString(36).substring(2,12),e.src+=\"#?secret=\"+t,e.setAttribute(\"data-secret\",t)),e.contentWindow.postMessage({message:\"ready\",secret:t},\"*\")},!1)))}(window,document);\n\/* ]]> *\/\n<\/script>\n","thumbnail_url":"https:\/\/epochtimestr.com\/wp-content\/uploads\/2011y\/roket-ba\u015fl\u0131\u011f\u0131.bmp","thumbnail_width":375,"thumbnail_height":250,"description":"Adana Valisi H\u00fcseyin Avni Co\u015f taraf\u0131ndan yap\u0131lan a\u00e7\u0131klamaya g\u00f6re, Adana\u2019da bir t\u0131r i\u00e7erisinde 1.200 adet roket ba\u015fl\u0131\u011f\u0131 ele ge\u00e7irildi. Vali, bir uyu\u015fturucu operasyonu kapsam\u0131nda yap\u0131lan aramada t\u0131r i\u00e7erisinde roket ba\u015fl\u0131klar\u0131 bulundu\u011funu bildirdi. Anadolu Ajans\u0131\u2019n\u0131n haberine g\u00f6re, konuyla ilgili\u00a0yasal \u00e7al\u0131\u015fmalar\u0131n devam etti\u011fini ifade eden Co\u015f, \u015fu bilgileri verdi: \u201cOlayla ilgili kapsaml\u0131 soru\u015fturma y\u00fcr\u00fct\u00fcl\u00fcyor. G\u00f6zalt\u0131na al\u0131nan ki\u015fi [&hellip;]"}