{"version":"1.0","provider_name":"The Epoch Times TR","provider_url":"https:\/\/epochtimestr.com","author_name":"S. \u00d6zcan","author_url":"https:\/\/epochtimestr.com\/index.php\/author\/n-kaya","title":"Adana\u2019da Orman Yang\u0131n\u0131 - The Epoch Times TR","type":"rich","width":600,"height":338,"html":"<blockquote class=\"wp-embedded-content\" data-secret=\"IAt6IgkiiH\"><a href=\"https:\/\/epochtimestr.com\/index.php\/adanada-orman-yangini\">Adana\u2019da Orman Yang\u0131n\u0131<\/a><\/blockquote><iframe sandbox=\"allow-scripts\" security=\"restricted\" src=\"https:\/\/epochtimestr.com\/index.php\/adanada-orman-yangini\/embed#?secret=IAt6IgkiiH\" width=\"600\" height=\"338\" title=\"&#8220;Adana\u2019da Orman Yang\u0131n\u0131&#8221; &#8212; The Epoch Times TR\" data-secret=\"IAt6IgkiiH\" frameborder=\"0\" marginwidth=\"0\" marginheight=\"0\" scrolling=\"no\" class=\"wp-embedded-content\"><\/iframe><script type=\"text\/javascript\">\n\/* <![CDATA[ *\/\n\/*! This file is auto-generated *\/\n!function(d,l){\"use strict\";l.querySelector&&d.addEventListener&&\"undefined\"!=typeof URL&&(d.wp=d.wp||{},d.wp.receiveEmbedMessage||(d.wp.receiveEmbedMessage=function(e){var t=e.data;if((t||t.secret||t.message||t.value)&&!\/[^a-zA-Z0-9]\/.test(t.secret)){for(var s,r,n,a=l.querySelectorAll('iframe[data-secret=\"'+t.secret+'\"]'),o=l.querySelectorAll('blockquote[data-secret=\"'+t.secret+'\"]'),c=new RegExp(\"^https?:$\",\"i\"),i=0;i<o.length;i++)o[i].style.display=\"none\";for(i=0;i<a.length;i++)s=a[i],e.source===s.contentWindow&&(s.removeAttribute(\"style\"),\"height\"===t.message?(1e3<(r=parseInt(t.value,10))?r=1e3:~~r<200&&(r=200),s.height=r):\"link\"===t.message&&(r=new URL(s.getAttribute(\"src\")),n=new URL(t.value),c.test(n.protocol))&&n.host===r.host&&l.activeElement===s&&(d.top.location.href=t.value))}},d.addEventListener(\"message\",d.wp.receiveEmbedMessage,!1),l.addEventListener(\"DOMContentLoaded\",function(){for(var e,t,s=l.querySelectorAll(\"iframe.wp-embedded-content\"),r=0;r<s.length;r++)(t=(e=s[r]).getAttribute(\"data-secret\"))||(t=Math.random().toString(36).substring(2,12),e.src+=\"#?secret=\"+t,e.setAttribute(\"data-secret\",t)),e.contentWindow.postMessage({message:\"ready\",secret:t},\"*\")},!1)))}(window,document);\n\/* ]]> *\/\n<\/script>\n","thumbnail_url":"https:\/\/epochtimestr.com\/wp-content\/uploads\/2011y\/adanada-orman-yangini-1193210-664x354.jpg","thumbnail_width":600,"thumbnail_height":319,"description":"Gece saatlerinde Adana\u2019n\u0131n Kozan il\u00e7esinde makilik ve \u00e7aml\u0131k alanda yang\u0131n \u00e7\u0131kt\u0131. Yang\u0131n sabaha kar\u015f\u0131 kontrol al\u0131n\u0131rken, so\u011futma \u00e7al\u0131\u015fmalar\u0131 devam ediyor. Edinilen bilgiye g\u00f6re gece saat 23.00 s\u0131ralar\u0131nda il\u00e7eye ba\u011fl\u0131 Ferhatl\u0131 Mahallesi \u00c7ift\u00e7iler mevkinde bilinmeyen bir nedenden dolay\u0131 orman yang\u0131n\u0131 \u00e7\u0131kt\u0131. Yang\u0131n r\u00fczgar\u0131n da etkisiyle k\u0131sa s\u00fcrede b\u00fcy\u00fcd\u00fc. K\u00f6yl\u00fclerin ihbar\u0131 \u00fczerine Kozan Orman \u0130\u015fletme M\u00fcd\u00fcrl\u00fc\u011f\u00fc&#8217;ne ait [&hellip;]"}