{"version":"1.0","provider_name":"The Epoch Times TR","provider_url":"https:\/\/epochtimestr.com","author_name":"S. \u00d6zcan","author_url":"https:\/\/epochtimestr.com\/index.php\/author\/n-kaya","title":"Adliyelerdeki G\u00fcvenlik \u00d6nlemleri Artt\u0131r\u0131ld\u0131 - The Epoch Times TR","type":"rich","width":600,"height":338,"html":"<blockquote class=\"wp-embedded-content\" data-secret=\"LS4aXqYJHl\"><a href=\"https:\/\/epochtimestr.com\/index.php\/adliyelerdeki-guvenlik-onlemleri-arttirildi\">Adliyelerdeki G\u00fcvenlik \u00d6nlemleri Artt\u0131r\u0131ld\u0131<\/a><\/blockquote><iframe sandbox=\"allow-scripts\" security=\"restricted\" src=\"https:\/\/epochtimestr.com\/index.php\/adliyelerdeki-guvenlik-onlemleri-arttirildi\/embed#?secret=LS4aXqYJHl\" width=\"600\" height=\"338\" title=\"&#8220;Adliyelerdeki G\u00fcvenlik \u00d6nlemleri Artt\u0131r\u0131ld\u0131&#8221; &#8212; The Epoch Times TR\" data-secret=\"LS4aXqYJHl\" frameborder=\"0\" marginwidth=\"0\" marginheight=\"0\" scrolling=\"no\" class=\"wp-embedded-content\"><\/iframe><script type=\"text\/javascript\">\n\/* <![CDATA[ *\/\n\/*! This file is auto-generated *\/\n!function(d,l){\"use strict\";l.querySelector&&d.addEventListener&&\"undefined\"!=typeof URL&&(d.wp=d.wp||{},d.wp.receiveEmbedMessage||(d.wp.receiveEmbedMessage=function(e){var t=e.data;if((t||t.secret||t.message||t.value)&&!\/[^a-zA-Z0-9]\/.test(t.secret)){for(var s,r,n,a=l.querySelectorAll('iframe[data-secret=\"'+t.secret+'\"]'),o=l.querySelectorAll('blockquote[data-secret=\"'+t.secret+'\"]'),c=new RegExp(\"^https?:$\",\"i\"),i=0;i<o.length;i++)o[i].style.display=\"none\";for(i=0;i<a.length;i++)s=a[i],e.source===s.contentWindow&&(s.removeAttribute(\"style\"),\"height\"===t.message?(1e3<(r=parseInt(t.value,10))?r=1e3:~~r<200&&(r=200),s.height=r):\"link\"===t.message&&(r=new URL(s.getAttribute(\"src\")),n=new URL(t.value),c.test(n.protocol))&&n.host===r.host&&l.activeElement===s&&(d.top.location.href=t.value))}},d.addEventListener(\"message\",d.wp.receiveEmbedMessage,!1),l.addEventListener(\"DOMContentLoaded\",function(){for(var e,t,s=l.querySelectorAll(\"iframe.wp-embedded-content\"),r=0;r<s.length;r++)(t=(e=s[r]).getAttribute(\"data-secret\"))||(t=Math.random().toString(36).substring(2,12),e.src+=\"#?secret=\"+t,e.setAttribute(\"data-secret\",t)),e.contentWindow.postMessage({message:\"ready\",secret:t},\"*\")},!1)))}(window,document);\n\/* ]]> *\/\n<\/script>\n","thumbnail_url":"https:\/\/epochtimestr.com\/wp-content\/uploads\/2011y\/adliyelerde-onlemler-artirildi-909500-664x354.jpg","thumbnail_width":500,"thumbnail_height":266,"description":"Cumhuriyet Savc\u0131s\u0131 Mehmet Selim Kiraz\u2019\u0131n \u015fehit edilmesiyle sonu\u00e7lanan olay\u0131n ard\u0131ndan adliyelerdeki g\u00fcvenlik \u00f6nlemleri artt\u0131r\u0131ld\u0131. \u00c7a\u011flayan\u2019da bulunan \u0130stanbul Adliyesi\u2019nde d\u00fcn ya\u015fanan rehine krizinin ard\u0131ndan g\u00f6zler adliyelerdeki g\u00fcvenlik tedbirlerine \u00e7evrildi. Cumhuriyet Savc\u0131s\u0131 Mehmet Selim Kiraz\u2019\u0131n \u015fehit edilmesiyle sonu\u00e7lanan olay\u0131n ard\u0131ndan t\u00fcm adliyelerde g\u00fcvenlik \u00f6nlemleri art\u0131r\u0131l\u0131rken, Kartal\u2019da bulunan \u0130stanbul Adalet Saray\u0131\u2019nda da yo\u011funla\u015ft\u0131r\u0131lan g\u00fcvenlik \u00f6nlemleri dikkat \u00e7ekti. Adliye [&hellip;]"}