{"version":"1.0","provider_name":"The Epoch Times TR","provider_url":"https:\/\/epochtimestr.com","author_name":"Bora Akdeniz","author_url":"https:\/\/epochtimestr.com\/index.php\/author\/bora","title":"Adnan \u00d6zt\u00fcrk Y\u00f6netimi Se\u00e7imli Genel Kurula Davet Etti - The Epoch Times TR","type":"rich","width":600,"height":338,"html":"<blockquote class=\"wp-embedded-content\" data-secret=\"m9bOH6T30i\"><a href=\"https:\/\/epochtimestr.com\/index.php\/adnan-ozturk-yonetimi-secimli-genel-kurula-davet-etti\">Adnan \u00d6zt\u00fcrk Y\u00f6netimi Se\u00e7imli Genel Kurula Davet Etti<\/a><\/blockquote><iframe sandbox=\"allow-scripts\" security=\"restricted\" src=\"https:\/\/epochtimestr.com\/index.php\/adnan-ozturk-yonetimi-secimli-genel-kurula-davet-etti\/embed#?secret=m9bOH6T30i\" width=\"600\" height=\"338\" title=\"&#8220;Adnan \u00d6zt\u00fcrk Y\u00f6netimi Se\u00e7imli Genel Kurula Davet Etti&#8221; &#8212; The Epoch Times TR\" data-secret=\"m9bOH6T30i\" frameborder=\"0\" marginwidth=\"0\" marginheight=\"0\" scrolling=\"no\" class=\"wp-embedded-content\"><\/iframe><script type=\"text\/javascript\">\n\/* <![CDATA[ *\/\n\/*! This file is auto-generated *\/\n!function(d,l){\"use strict\";l.querySelector&&d.addEventListener&&\"undefined\"!=typeof URL&&(d.wp=d.wp||{},d.wp.receiveEmbedMessage||(d.wp.receiveEmbedMessage=function(e){var t=e.data;if((t||t.secret||t.message||t.value)&&!\/[^a-zA-Z0-9]\/.test(t.secret)){for(var s,r,n,a=l.querySelectorAll('iframe[data-secret=\"'+t.secret+'\"]'),o=l.querySelectorAll('blockquote[data-secret=\"'+t.secret+'\"]'),c=new RegExp(\"^https?:$\",\"i\"),i=0;i<o.length;i++)o[i].style.display=\"none\";for(i=0;i<a.length;i++)s=a[i],e.source===s.contentWindow&&(s.removeAttribute(\"style\"),\"height\"===t.message?(1e3<(r=parseInt(t.value,10))?r=1e3:~~r<200&&(r=200),s.height=r):\"link\"===t.message&&(r=new URL(s.getAttribute(\"src\")),n=new URL(t.value),c.test(n.protocol))&&n.host===r.host&&l.activeElement===s&&(d.top.location.href=t.value))}},d.addEventListener(\"message\",d.wp.receiveEmbedMessage,!1),l.addEventListener(\"DOMContentLoaded\",function(){for(var e,t,s=l.querySelectorAll(\"iframe.wp-embedded-content\"),r=0;r<s.length;r++)(t=(e=s[r]).getAttribute(\"data-secret\"))||(t=Math.random().toString(36).substring(2,12),e.src+=\"#?secret=\"+t,e.setAttribute(\"data-secret\",t)),e.contentWindow.postMessage({message:\"ready\",secret:t},\"*\")},!1)))}(window,document);\n\/* ]]> *\/\n<\/script>\n","description":"Galatasaray&#8217;daki son se\u00e7imde Adnan Polat\u2019a kar\u015f\u0131 aday olan Adnan \u00d6zt\u00fcrk, d\u00fczenledi\u011fi bas\u0131n toplant\u0131s\u0131yla sert ele\u015ftirilerde bulundu. Y\u00f6netimi se\u00e7imli genel kurula davet eden \u00d6zt\u00fcrk, imza kampanyas\u0131na da imza vererek destekte bulundu\u011funu s\u00f6yledi. \u0130mza kampanyas\u0131n\u0131 d\u00fczenleyen organizasyonda yer almad\u0131\u011f\u0131n\u0131 ifade eden \u00d6zt\u00fcrk, etik olmad\u0131\u011f\u0131 y\u00f6n\u00fcndeki ele\u015ftirilere kat\u0131lmad\u0131\u011f\u0131n\u0131 ifade etti. Y\u00f6netimin mali genel kurulda ibra edilmeyece\u011fi y\u00f6n\u00fcndeki iddialara [&hellip;]","thumbnail_url":"http:\/\/www.epochtimestr.com\/wp-content\/uploads\/2011\/ocak 2011\/Galatasaray-Logo-226x300.jpg"}