{"version":"1.0","provider_name":"The Epoch Times TR","provider_url":"https:\/\/epochtimestr.com","author_name":"\u00c7.Akdeniz","author_url":"https:\/\/epochtimestr.com\/index.php\/author\/cigdem","title":"Afganistan Devlet Ba\u015fkan\u0131n\u0131n Karde\u015fine Suikast - The Epoch Times TR","type":"rich","width":600,"height":338,"html":"<blockquote class=\"wp-embedded-content\" data-secret=\"GajBXWsj2D\"><a href=\"https:\/\/epochtimestr.com\/index.php\/afganistan-devlet-baskaninin-kardesine-suikast\">Afganistan Devlet Ba\u015fkan\u0131n\u0131n Karde\u015fine Suikast<\/a><\/blockquote><iframe sandbox=\"allow-scripts\" security=\"restricted\" src=\"https:\/\/epochtimestr.com\/index.php\/afganistan-devlet-baskaninin-kardesine-suikast\/embed#?secret=GajBXWsj2D\" width=\"600\" height=\"338\" title=\"&#8220;Afganistan Devlet Ba\u015fkan\u0131n\u0131n Karde\u015fine Suikast&#8221; &#8212; The Epoch Times TR\" data-secret=\"GajBXWsj2D\" frameborder=\"0\" marginwidth=\"0\" marginheight=\"0\" scrolling=\"no\" class=\"wp-embedded-content\"><\/iframe><script type=\"text\/javascript\">\n\/* <![CDATA[ *\/\n\/*! This file is auto-generated *\/\n!function(d,l){\"use strict\";l.querySelector&&d.addEventListener&&\"undefined\"!=typeof URL&&(d.wp=d.wp||{},d.wp.receiveEmbedMessage||(d.wp.receiveEmbedMessage=function(e){var t=e.data;if((t||t.secret||t.message||t.value)&&!\/[^a-zA-Z0-9]\/.test(t.secret)){for(var s,r,n,a=l.querySelectorAll('iframe[data-secret=\"'+t.secret+'\"]'),o=l.querySelectorAll('blockquote[data-secret=\"'+t.secret+'\"]'),c=new RegExp(\"^https?:$\",\"i\"),i=0;i<o.length;i++)o[i].style.display=\"none\";for(i=0;i<a.length;i++)s=a[i],e.source===s.contentWindow&&(s.removeAttribute(\"style\"),\"height\"===t.message?(1e3<(r=parseInt(t.value,10))?r=1e3:~~r<200&&(r=200),s.height=r):\"link\"===t.message&&(r=new URL(s.getAttribute(\"src\")),n=new URL(t.value),c.test(n.protocol))&&n.host===r.host&&l.activeElement===s&&(d.top.location.href=t.value))}},d.addEventListener(\"message\",d.wp.receiveEmbedMessage,!1),l.addEventListener(\"DOMContentLoaded\",function(){for(var e,t,s=l.querySelectorAll(\"iframe.wp-embedded-content\"),r=0;r<s.length;r++)(t=(e=s[r]).getAttribute(\"data-secret\"))||(t=Math.random().toString(36).substring(2,12),e.src+=\"#?secret=\"+t,e.setAttribute(\"data-secret\",t)),e.contentWindow.postMessage({message:\"ready\",secret:t},\"*\")},!1)))}(window,document);\n\/* ]]> *\/\n<\/script>\n","description":"Afganistan Devlet Ba\u015fkan\u0131 Hamid Karzai\u2019nin karde\u015fi Ahmed Veli Karzai d\u00fczenlenen suikastta hayat\u0131n\u0131 kaybetti. Afgan televizyonlar\u0131, bu sabah meydana gelen suikast sald\u0131r\u0131s\u0131nda, evinde korumas\u0131n\u0131n silahl\u0131 sald\u0131r\u0131s\u0131 sonucu Ahmed Veli Karzai\u2019nin hayat\u0131n\u0131 kaybetti\u011fini belirttiler. Kandahar eyalet s\u00f6zc\u00fcs\u00fc Zalmay Eyubi\u2019de Karzai\u2019nin karde\u015finin kendi evinde \u00f6ld\u00fcr\u00fcld\u00fc\u011f\u00fcn\u00fc do\u011frulad\u0131. Suikast\u0131n sorumlulu\u011funu Taliban \u00fcstlendi. Taliban s\u00f6zc\u00fcs\u00fc Yusuf Ahmedi telefonla yapt\u0131\u011f\u0131 a\u00e7\u0131klamada, bu [&hellip;]","thumbnail_url":"http:\/\/epochtimestr.com\/wp-content\/uploads\/2011y\/Afganistan-Ba%C5%9Fkan%C4%B1-Karzai.jpg"}