{"version":"1.0","provider_name":"The Epoch Times TR","provider_url":"https:\/\/epochtimestr.com","author_name":"Haber Merkezi","author_url":"https:\/\/epochtimestr.com\/index.php\/author\/sendag","title":"Afyonkarahisar Barosu Ba\u015fkan\u0131 AKP \u0130l Ba\u015fkan\u0131 yap\u0131ld\u0131 - The Epoch Times TR","type":"rich","width":600,"height":338,"html":"<blockquote class=\"wp-embedded-content\" data-secret=\"7UudFYeltH\"><a href=\"https:\/\/epochtimestr.com\/index.php\/afyonkarahisar-barosu-baskani-akp-il-baskani-yapildi\">Afyonkarahisar Barosu Ba\u015fkan\u0131 AKP \u0130l Ba\u015fkan\u0131 yap\u0131ld\u0131<\/a><\/blockquote><iframe sandbox=\"allow-scripts\" security=\"restricted\" src=\"https:\/\/epochtimestr.com\/index.php\/afyonkarahisar-barosu-baskani-akp-il-baskani-yapildi\/embed#?secret=7UudFYeltH\" width=\"600\" height=\"338\" title=\"&#8220;Afyonkarahisar Barosu Ba\u015fkan\u0131 AKP \u0130l Ba\u015fkan\u0131 yap\u0131ld\u0131&#8221; &#8212; The Epoch Times TR\" data-secret=\"7UudFYeltH\" frameborder=\"0\" marginwidth=\"0\" marginheight=\"0\" scrolling=\"no\" class=\"wp-embedded-content\"><\/iframe><script type=\"text\/javascript\">\n\/* <![CDATA[ *\/\n\/*! This file is auto-generated *\/\n!function(d,l){\"use strict\";l.querySelector&&d.addEventListener&&\"undefined\"!=typeof URL&&(d.wp=d.wp||{},d.wp.receiveEmbedMessage||(d.wp.receiveEmbedMessage=function(e){var t=e.data;if((t||t.secret||t.message||t.value)&&!\/[^a-zA-Z0-9]\/.test(t.secret)){for(var s,r,n,a=l.querySelectorAll('iframe[data-secret=\"'+t.secret+'\"]'),o=l.querySelectorAll('blockquote[data-secret=\"'+t.secret+'\"]'),c=new RegExp(\"^https?:$\",\"i\"),i=0;i<o.length;i++)o[i].style.display=\"none\";for(i=0;i<a.length;i++)s=a[i],e.source===s.contentWindow&&(s.removeAttribute(\"style\"),\"height\"===t.message?(1e3<(r=parseInt(t.value,10))?r=1e3:~~r<200&&(r=200),s.height=r):\"link\"===t.message&&(r=new URL(s.getAttribute(\"src\")),n=new URL(t.value),c.test(n.protocol))&&n.host===r.host&&l.activeElement===s&&(d.top.location.href=t.value))}},d.addEventListener(\"message\",d.wp.receiveEmbedMessage,!1),l.addEventListener(\"DOMContentLoaded\",function(){for(var e,t,s=l.querySelectorAll(\"iframe.wp-embedded-content\"),r=0;r<s.length;r++)(t=(e=s[r]).getAttribute(\"data-secret\"))||(t=Math.random().toString(36).substring(2,12),e.src+=\"#?secret=\"+t,e.setAttribute(\"data-secret\",t)),e.contentWindow.postMessage({message:\"ready\",secret:t},\"*\")},!1)))}(window,document);\n\/* ]]> *\/\n<\/script>\n","thumbnail_url":"https:\/\/epochtimestr.com\/wp-content\/uploads\/2011y\/akp-1.jpg","thumbnail_width":1000,"thumbnail_height":500,"description":"Afyonkarahisar Barosu Ba\u015fkan\u0131 Av. Turgay \u015eahin, AKP\u2019li Cumhurba\u015fkan\u0131 Recep Tayyip Erdo\u011fan taraf\u0131ndan AKP Afyon \u0130l Ba\u015fkan\u0131 yap\u0131ld\u0131. Kahramanmara\u015f Baro Ba\u015fkan\u0131 M. Burak G\u00fcl\u2019\u00fcn g\u00f6revini b\u0131rakmadan AKP Kahramanmara\u015f \u0130l Ba\u015fkan\u0131 olmas\u0131n\u0131n ard\u0131ndan Afyonkarahisar\u2019da da ayn\u0131 durum ya\u015fand\u0131. Cumhuriyet\u2019te yer alan habere g\u00f6re, Afyonkarahisar Barosu Ba\u015fkan\u0131 Av. Turgay \u015eahin, Cumhurba\u015fkan\u0131 Erdo\u011fan taraf\u0131ndan AKP Afyon \u0130l Ba\u015fkan\u0131 yap\u0131ld\u0131. [&hellip;]"}