{"version":"1.0","provider_name":"The Epoch Times TR","provider_url":"https:\/\/epochtimestr.com","author_name":"Ayfer K\u00f6kl\u00fc","author_url":"https:\/\/epochtimestr.com\/index.php\/author\/ayfer","title":"A\u011fustos'ta \u0130\u015fsizlik 9.2 Oran\u0131nda D\u00fc\u015ft\u00fc. - The Epoch Times TR","type":"rich","width":600,"height":338,"html":"<blockquote class=\"wp-embedded-content\" data-secret=\"z05qpAECq5\"><a href=\"https:\/\/epochtimestr.com\/index.php\/agustosta-issizlik-9-2-oraninda-dustu\">A\u011fustos&#8217;ta \u0130\u015fsizlik 9.2 Oran\u0131nda D\u00fc\u015ft\u00fc.<\/a><\/blockquote><iframe sandbox=\"allow-scripts\" security=\"restricted\" src=\"https:\/\/epochtimestr.com\/index.php\/agustosta-issizlik-9-2-oraninda-dustu\/embed#?secret=z05qpAECq5\" width=\"600\" height=\"338\" title=\"&#8220;A\u011fustos&#8217;ta \u0130\u015fsizlik 9.2 Oran\u0131nda D\u00fc\u015ft\u00fc.&#8221; &#8212; The Epoch Times TR\" data-secret=\"z05qpAECq5\" frameborder=\"0\" marginwidth=\"0\" marginheight=\"0\" scrolling=\"no\" class=\"wp-embedded-content\"><\/iframe><script type=\"text\/javascript\">\n\/* <![CDATA[ *\/\n\/*! This file is auto-generated *\/\n!function(d,l){\"use strict\";l.querySelector&&d.addEventListener&&\"undefined\"!=typeof URL&&(d.wp=d.wp||{},d.wp.receiveEmbedMessage||(d.wp.receiveEmbedMessage=function(e){var t=e.data;if((t||t.secret||t.message||t.value)&&!\/[^a-zA-Z0-9]\/.test(t.secret)){for(var s,r,n,a=l.querySelectorAll('iframe[data-secret=\"'+t.secret+'\"]'),o=l.querySelectorAll('blockquote[data-secret=\"'+t.secret+'\"]'),c=new RegExp(\"^https?:$\",\"i\"),i=0;i<o.length;i++)o[i].style.display=\"none\";for(i=0;i<a.length;i++)s=a[i],e.source===s.contentWindow&&(s.removeAttribute(\"style\"),\"height\"===t.message?(1e3<(r=parseInt(t.value,10))?r=1e3:~~r<200&&(r=200),s.height=r):\"link\"===t.message&&(r=new URL(s.getAttribute(\"src\")),n=new URL(t.value),c.test(n.protocol))&&n.host===r.host&&l.activeElement===s&&(d.top.location.href=t.value))}},d.addEventListener(\"message\",d.wp.receiveEmbedMessage,!1),l.addEventListener(\"DOMContentLoaded\",function(){for(var e,t,s=l.querySelectorAll(\"iframe.wp-embedded-content\"),r=0;r<s.length;r++)(t=(e=s[r]).getAttribute(\"data-secret\"))||(t=Math.random().toString(36).substring(2,12),e.src+=\"#?secret=\"+t,e.setAttribute(\"data-secret\",t)),e.contentWindow.postMessage({message:\"ready\",secret:t},\"*\")},!1)))}(window,document);\n\/* ]]> *\/\n<\/script>\n","description":"&#8211; \u0130\u015fsizlik oran\u0131 A\u011fustos d\u00f6neminde y\u00fczde 9.2 olarak geriledi. \u0130\u015fsizlik oran\u0131nda bir \u00f6nceki y\u0131la g\u00f6re 2.2 puanl\u0131k d\u00fc\u015f\u00fc\u015f ya\u015fand\u0131. Kentsel yerlerde i\u015fsizlik oran\u0131 2.4 puanl\u0131k azal\u0131\u015fla y\u00fczde 11.6, k\u0131rsal yerlerde ise 1.5 puanl\u0131k azal\u0131\u015fla y\u00fczde 4.7 oldu. T\u00fcrkiye genelinde i\u015fsiz say\u0131s\u0131 ge\u00e7en y\u0131l\u0131n ayn\u0131 d\u00f6nemine g\u00f6re 450 bin ki\u015fi azalarak 2 milyon 521 bin ki\u015fiye [&hellip;]","thumbnail_url":"http:\/\/www.epochtimestr.com\/wp-content\/uploads\/2011y\/i%C5%9Fsizlik-d%C3%BC%C5%9Ft%C3%BC.jpg"}