{"version":"1.0","provider_name":"The Epoch Times TR","provider_url":"https:\/\/epochtimestr.com","author_name":"D.Alk\u0131n","author_url":"https:\/\/epochtimestr.com\/index.php\/author\/derya","title":"Prof Ahmet Mete I\u015f\u0131kara, G\u00fcney'de Olabilecek Bir Depreme Kar\u015f\u0131 Uyard\u0131 - The Epoch Times TR","type":"rich","width":600,"height":338,"html":"<blockquote class=\"wp-embedded-content\" data-secret=\"KwzXTdBT9Z\"><a href=\"https:\/\/epochtimestr.com\/index.php\/ahmet-mete-isikara-hatayda-depreme-karsi-uyardi\">Prof Ahmet Mete I\u015f\u0131kara, G\u00fcney&#8217;de Olabilecek Bir Depreme Kar\u015f\u0131 Uyard\u0131<\/a><\/blockquote><iframe sandbox=\"allow-scripts\" security=\"restricted\" src=\"https:\/\/epochtimestr.com\/index.php\/ahmet-mete-isikara-hatayda-depreme-karsi-uyardi\/embed#?secret=KwzXTdBT9Z\" width=\"600\" height=\"338\" title=\"&#8220;Prof Ahmet Mete I\u015f\u0131kara, G\u00fcney&#8217;de Olabilecek Bir Depreme Kar\u015f\u0131 Uyard\u0131&#8221; &#8212; The Epoch Times TR\" data-secret=\"KwzXTdBT9Z\" frameborder=\"0\" marginwidth=\"0\" marginheight=\"0\" scrolling=\"no\" class=\"wp-embedded-content\"><\/iframe><script type=\"text\/javascript\">\n\/* <![CDATA[ *\/\n\/*! This file is auto-generated *\/\n!function(d,l){\"use strict\";l.querySelector&&d.addEventListener&&\"undefined\"!=typeof URL&&(d.wp=d.wp||{},d.wp.receiveEmbedMessage||(d.wp.receiveEmbedMessage=function(e){var t=e.data;if((t||t.secret||t.message||t.value)&&!\/[^a-zA-Z0-9]\/.test(t.secret)){for(var s,r,n,a=l.querySelectorAll('iframe[data-secret=\"'+t.secret+'\"]'),o=l.querySelectorAll('blockquote[data-secret=\"'+t.secret+'\"]'),c=new RegExp(\"^https?:$\",\"i\"),i=0;i<o.length;i++)o[i].style.display=\"none\";for(i=0;i<a.length;i++)s=a[i],e.source===s.contentWindow&&(s.removeAttribute(\"style\"),\"height\"===t.message?(1e3<(r=parseInt(t.value,10))?r=1e3:~~r<200&&(r=200),s.height=r):\"link\"===t.message&&(r=new URL(s.getAttribute(\"src\")),n=new URL(t.value),c.test(n.protocol))&&n.host===r.host&&l.activeElement===s&&(d.top.location.href=t.value))}},d.addEventListener(\"message\",d.wp.receiveEmbedMessage,!1),l.addEventListener(\"DOMContentLoaded\",function(){for(var e,t,s=l.querySelectorAll(\"iframe.wp-embedded-content\"),r=0;r<s.length;r++)(t=(e=s[r]).getAttribute(\"data-secret\"))||(t=Math.random().toString(36).substring(2,12),e.src+=\"#?secret=\"+t,e.setAttribute(\"data-secret\",t)),e.contentWindow.postMessage({message:\"ready\",secret:t},\"*\")},!1)))}(window,document);\n\/* ]]> *\/\n<\/script>\n","description":"\u00a0Prof. Ahmet Mete I\u015f\u0131kara K\u0131z\u0131lay Haftas\u0131 Etkinli\u011fi kapsam\u0131nda Adana \u00d6zel Bilfen Koleji\u2019nin davetlisi olarak \u2018\u2018Depremden Korunma Bilinci\u2019\u2019 konulu konferansta konu\u015ftu. T\u00fcrk K\u0131z\u0131lay\u2019\u0131 Genel Ba\u015fkan Ba\u015fdan\u0131\u015fman\u0131 olan Prof. I\u015f\u0131kara,\u00a01999 y\u0131l\u0131nda meydana gelen G\u00f6lc\u00fck Depremi s\u0131ras\u0131nda\u00a0Bo\u011fazi\u00e7i\u00a0\u00dcniversitesi Kandilli Rasathanesi m\u00fcd\u00fcrl\u00fc\u011f\u00fc yapt\u0131\u011f\u0131 s\u0131rada\u00a0toplumu deprem konusunda bili\u00e7lendirme \u00e7abalar\u0131 nedeniyle \u2018deprem dede\u2019 , \u2018deprem amca\u2019 \u00fcnvanlar\u0131n\u0131 alm\u0131\u015ft\u0131. Prof. Ahmet Mete I\u015f\u0131kara [&hellip;]","thumbnail_url":"http:\/\/www.epochtimestr.com\/wp-content\/uploads\/2011y\/depremdedewq62-300x219.jpg"}