{"version":"1.0","provider_name":"The Epoch Times TR","provider_url":"https:\/\/epochtimestr.com","author_name":"D.Alk\u0131n","author_url":"https:\/\/epochtimestr.com\/index.php\/author\/derya","title":"AK Parti Yerel Y\u00f6netimlerde Reforma Gidiyor - The Epoch Times TR","type":"rich","width":600,"height":338,"html":"<blockquote class=\"wp-embedded-content\" data-secret=\"PFUIDNpOEv\"><a href=\"https:\/\/epochtimestr.com\/index.php\/ak-parti-yerel-yonetimlerde-reforma-gidiyor\">AK  Parti Yerel Y\u00f6netimlerde Reforma Gidiyor<\/a><\/blockquote><iframe sandbox=\"allow-scripts\" security=\"restricted\" src=\"https:\/\/epochtimestr.com\/index.php\/ak-parti-yerel-yonetimlerde-reforma-gidiyor\/embed#?secret=PFUIDNpOEv\" width=\"600\" height=\"338\" title=\"&#8220;AK  Parti Yerel Y\u00f6netimlerde Reforma Gidiyor&#8221; &#8212; The Epoch Times TR\" data-secret=\"PFUIDNpOEv\" frameborder=\"0\" marginwidth=\"0\" marginheight=\"0\" scrolling=\"no\" class=\"wp-embedded-content\"><\/iframe><script type=\"text\/javascript\">\n\/* <![CDATA[ *\/\n\/*! This file is auto-generated *\/\n!function(d,l){\"use strict\";l.querySelector&&d.addEventListener&&\"undefined\"!=typeof URL&&(d.wp=d.wp||{},d.wp.receiveEmbedMessage||(d.wp.receiveEmbedMessage=function(e){var t=e.data;if((t||t.secret||t.message||t.value)&&!\/[^a-zA-Z0-9]\/.test(t.secret)){for(var s,r,n,a=l.querySelectorAll('iframe[data-secret=\"'+t.secret+'\"]'),o=l.querySelectorAll('blockquote[data-secret=\"'+t.secret+'\"]'),c=new RegExp(\"^https?:$\",\"i\"),i=0;i<o.length;i++)o[i].style.display=\"none\";for(i=0;i<a.length;i++)s=a[i],e.source===s.contentWindow&&(s.removeAttribute(\"style\"),\"height\"===t.message?(1e3<(r=parseInt(t.value,10))?r=1e3:~~r<200&&(r=200),s.height=r):\"link\"===t.message&&(r=new URL(s.getAttribute(\"src\")),n=new URL(t.value),c.test(n.protocol))&&n.host===r.host&&l.activeElement===s&&(d.top.location.href=t.value))}},d.addEventListener(\"message\",d.wp.receiveEmbedMessage,!1),l.addEventListener(\"DOMContentLoaded\",function(){for(var e,t,s=l.querySelectorAll(\"iframe.wp-embedded-content\"),r=0;r<s.length;r++)(t=(e=s[r]).getAttribute(\"data-secret\"))||(t=Math.random().toString(36).substring(2,12),e.src+=\"#?secret=\"+t,e.setAttribute(\"data-secret\",t)),e.contentWindow.postMessage({message:\"ready\",secret:t},\"*\")},!1)))}(window,document);\n\/* ]]> *\/\n<\/script>\n","thumbnail_url":"https:\/\/epochtimestr.com\/wp-content\/uploads\/2011y\/page_akp39nin-yeni-yerel-yonetimler-projesi-eyalet-sistemini-andiriyor_119429403.jpg","thumbnail_width":553,"thumbnail_height":310,"description":"AK Parti &#8216;Eyalet Sistemine&#8217; Haz\u0131rl\u0131k Yap\u0131yor AK Parti \u2018\u2018Ba\u015fkanl\u0131k Sisteminin\u2019\u2019ard\u0131ndan yerel y\u00f6netimlerde de k\u00f6kl\u00fc de\u011fi\u015fiklikler yapmay\u0131 planl\u0131yor. Eyalet sistemini an\u0131msatan \u00e7al\u0131\u015fmada il genel meclislerinin ve il\u00e7e belediye ba\u015fkanl\u0131klar\u0131n\u0131n kald\u0131r\u0131lmas\u0131 ve her ilde tek belediye ba\u015fkan\u0131n\u0131n se\u00e7ilmesi \u00a0ve tek bir yerel meclisle temsil edilmesi gibi k\u00f6kl\u00fc de\u011fi\u015fiklikler s\u00f6z konusu. \u00a0Ak\u015fam gazetesinin haberine g\u00f6re, AK Parti Siyasi [&hellip;]"}