{"version":"1.0","provider_name":"The Epoch Times TR","provider_url":"https:\/\/epochtimestr.com","author_name":"Emel AKAN","author_url":"https:\/\/epochtimestr.com\/index.php\/author\/emel","title":"Akdeniz\u2019de Facia: 700 M\u00fclteciyi Ta\u015f\u0131yan Tekne Batt\u0131 - The Epoch Times TR","type":"rich","width":600,"height":338,"html":"<blockquote class=\"wp-embedded-content\" data-secret=\"wqlghOlrWV\"><a href=\"https:\/\/epochtimestr.com\/index.php\/akdenizde-facia-700-multeciyi-tasiyan-tekne-batti\">Akdeniz\u2019de Facia: 700 M\u00fclteciyi Ta\u015f\u0131yan Tekne Batt\u0131<\/a><\/blockquote><iframe sandbox=\"allow-scripts\" security=\"restricted\" src=\"https:\/\/epochtimestr.com\/index.php\/akdenizde-facia-700-multeciyi-tasiyan-tekne-batti\/embed#?secret=wqlghOlrWV\" width=\"600\" height=\"338\" title=\"&#8220;Akdeniz\u2019de Facia: 700 M\u00fclteciyi Ta\u015f\u0131yan Tekne Batt\u0131&#8221; &#8212; The Epoch Times TR\" data-secret=\"wqlghOlrWV\" frameborder=\"0\" marginwidth=\"0\" marginheight=\"0\" scrolling=\"no\" class=\"wp-embedded-content\"><\/iframe><script type=\"text\/javascript\">\n\/* <![CDATA[ *\/\n\/*! This file is auto-generated *\/\n!function(d,l){\"use strict\";l.querySelector&&d.addEventListener&&\"undefined\"!=typeof URL&&(d.wp=d.wp||{},d.wp.receiveEmbedMessage||(d.wp.receiveEmbedMessage=function(e){var t=e.data;if((t||t.secret||t.message||t.value)&&!\/[^a-zA-Z0-9]\/.test(t.secret)){for(var s,r,n,a=l.querySelectorAll('iframe[data-secret=\"'+t.secret+'\"]'),o=l.querySelectorAll('blockquote[data-secret=\"'+t.secret+'\"]'),c=new RegExp(\"^https?:$\",\"i\"),i=0;i<o.length;i++)o[i].style.display=\"none\";for(i=0;i<a.length;i++)s=a[i],e.source===s.contentWindow&&(s.removeAttribute(\"style\"),\"height\"===t.message?(1e3<(r=parseInt(t.value,10))?r=1e3:~~r<200&&(r=200),s.height=r):\"link\"===t.message&&(r=new URL(s.getAttribute(\"src\")),n=new URL(t.value),c.test(n.protocol))&&n.host===r.host&&l.activeElement===s&&(d.top.location.href=t.value))}},d.addEventListener(\"message\",d.wp.receiveEmbedMessage,!1),l.addEventListener(\"DOMContentLoaded\",function(){for(var e,t,s=l.querySelectorAll(\"iframe.wp-embedded-content\"),r=0;r<s.length;r++)(t=(e=s[r]).getAttribute(\"data-secret\"))||(t=Math.random().toString(36).substring(2,12),e.src+=\"#?secret=\"+t,e.setAttribute(\"data-secret\",t)),e.contentWindow.postMessage({message:\"ready\",secret:t},\"*\")},!1)))}(window,document);\n\/* ]]> *\/\n<\/script>\n","thumbnail_url":"https:\/\/epochtimestr.com\/wp-content\/uploads\/2011y\/700-kacak-gocmeni-tasiyan-tekne-batti-941751-664x354.jpg","thumbnail_width":500,"thumbnail_height":266,"description":"Libya a\u00e7\u0131klar\u0131nda bir m\u00fclteci teknesinin alabora olmas\u0131 sonucu 700 m\u00fcltecinin hayat\u0131n\u0131 kaybetti\u011fi tahmin ediliyor. M\u00fcltecileri ta\u015f\u0131yan bir teknenin \u0130talya&#8217;n\u0131n Lampedusa adas\u0131n\u0131n 120 mil g\u00fcneyinde Libya karasular\u0131nda alabora oldu\u011fu bildirildi. Birle\u015fmi\u015f Milletler M\u00fclteciler Y\u00fcksek Komiserli\u011fi&#8217;nin (UNHCR) S\u00f6zc\u00fcs\u00fc Carlotta Sami, yakla\u015f\u0131k 700 ki\u015finin kay\u0131p oldu\u011funu a\u00e7\u0131klad\u0131. Carlotta Sami, 28 ki\u015finin yak\u0131nlardaki bir y\u00fck gemisi taraf\u0131ndan kurtar\u0131ld\u0131\u011f\u0131n\u0131, kay\u0131p [&hellip;]"}