{"version":"1.0","provider_name":"The Epoch Times TR","provider_url":"https:\/\/epochtimestr.com","author_name":"Dila \u015eeng\u00fcl","author_url":"https:\/\/epochtimestr.com\/index.php\/author\/dila","title":"Ak\u0131nc\u0131, ABD\u2019li Ve Alman B\u00fcy\u00fckel\u00e7ileri Kabul Etti - The Epoch Times TR","type":"rich","width":600,"height":338,"html":"<blockquote class=\"wp-embedded-content\" data-secret=\"clq0oxadsJ\"><a href=\"https:\/\/epochtimestr.com\/index.php\/akinci-abdli-ve-alman-buyukelcileri-kabul-etti\">Ak\u0131nc\u0131, ABD\u2019li Ve Alman B\u00fcy\u00fckel\u00e7ileri Kabul Etti<\/a><\/blockquote><iframe sandbox=\"allow-scripts\" security=\"restricted\" src=\"https:\/\/epochtimestr.com\/index.php\/akinci-abdli-ve-alman-buyukelcileri-kabul-etti\/embed#?secret=clq0oxadsJ\" width=\"600\" height=\"338\" title=\"&#8220;Ak\u0131nc\u0131, ABD\u2019li Ve Alman B\u00fcy\u00fckel\u00e7ileri Kabul Etti&#8221; &#8212; The Epoch Times TR\" data-secret=\"clq0oxadsJ\" frameborder=\"0\" marginwidth=\"0\" marginheight=\"0\" scrolling=\"no\" class=\"wp-embedded-content\"><\/iframe><script type=\"text\/javascript\">\n\/* <![CDATA[ *\/\n\/*! This file is auto-generated *\/\n!function(d,l){\"use strict\";l.querySelector&&d.addEventListener&&\"undefined\"!=typeof URL&&(d.wp=d.wp||{},d.wp.receiveEmbedMessage||(d.wp.receiveEmbedMessage=function(e){var t=e.data;if((t||t.secret||t.message||t.value)&&!\/[^a-zA-Z0-9]\/.test(t.secret)){for(var s,r,n,a=l.querySelectorAll('iframe[data-secret=\"'+t.secret+'\"]'),o=l.querySelectorAll('blockquote[data-secret=\"'+t.secret+'\"]'),c=new RegExp(\"^https?:$\",\"i\"),i=0;i<o.length;i++)o[i].style.display=\"none\";for(i=0;i<a.length;i++)s=a[i],e.source===s.contentWindow&&(s.removeAttribute(\"style\"),\"height\"===t.message?(1e3<(r=parseInt(t.value,10))?r=1e3:~~r<200&&(r=200),s.height=r):\"link\"===t.message&&(r=new URL(s.getAttribute(\"src\")),n=new URL(t.value),c.test(n.protocol))&&n.host===r.host&&l.activeElement===s&&(d.top.location.href=t.value))}},d.addEventListener(\"message\",d.wp.receiveEmbedMessage,!1),l.addEventListener(\"DOMContentLoaded\",function(){for(var e,t,s=l.querySelectorAll(\"iframe.wp-embedded-content\"),r=0;r<s.length;r++)(t=(e=s[r]).getAttribute(\"data-secret\"))||(t=Math.random().toString(36).substring(2,12),e.src+=\"#?secret=\"+t,e.setAttribute(\"data-secret\",t)),e.contentWindow.postMessage({message:\"ready\",secret:t},\"*\")},!1)))}(window,document);\n\/* ]]> *\/\n<\/script>\n","thumbnail_url":"https:\/\/epochtimestr.com\/wp-content\/uploads\/2011y\/2112847.jpg","thumbnail_width":664,"thumbnail_height":354,"description":"KKTC Cumhurba\u015fkan\u0131 Mustafa Ak\u0131nc\u0131, ABD\u2019nin Lefko\u015fa B\u00fcy\u00fckel\u00e7isi Kathleen Doherty ve Almanya\u2019n\u0131n G\u00fcney K\u0131br\u0131s B\u00fcy\u00fckel\u00e7isi Nikolai Von-Schoepff\u2019u kabul etti. KKTC Cumhurba\u015fkan\u0131 Mustafa Ak\u0131nc\u0131, ABD\u2019nin Lefko\u015fa B\u00fcy\u00fckel\u00e7isi Kathleen Doherty\u2019i kabul etti. Cumhurba\u015fkanl\u0131\u011f\u0131nda yap\u0131lan g\u00f6r\u00fc\u015fmede Cumhurba\u015fkanl\u0131\u011f\u0131 Diplomasi ve AB \u00d6zel Dan\u0131\u015fman\u0131 Erhan Er\u00e7in ile Cumhurba\u015fkanl\u0131\u011f\u0131 Siyasi \u0130\u015fler ve Tarih \u00d6zel Dan\u0131\u015fan\u0131 Meltem Onurkan Samani de haz\u0131r bulundu. Ak\u0131nc\u0131 [&hellip;]"}