{"version":"1.0","provider_name":"The Epoch Times TR","provider_url":"https:\/\/epochtimestr.com","author_name":"Haber Merkezi","author_url":"https:\/\/epochtimestr.com\/index.php\/author\/sendag","title":"AKM'den \u0130\u015f\u00e7i Al\u0131m\u0131 \u0130lan\u0131 - The Epoch Times TR","type":"rich","width":600,"height":338,"html":"<blockquote class=\"wp-embedded-content\" data-secret=\"MmW1t98Ff1\"><a href=\"https:\/\/epochtimestr.com\/index.php\/akmden-isci-alimi-ilani\">AKM&#8217;den \u0130\u015f\u00e7i Al\u0131m\u0131 \u0130lan\u0131<\/a><\/blockquote><iframe sandbox=\"allow-scripts\" security=\"restricted\" src=\"https:\/\/epochtimestr.com\/index.php\/akmden-isci-alimi-ilani\/embed#?secret=MmW1t98Ff1\" width=\"600\" height=\"338\" title=\"&#8220;AKM&#8217;den \u0130\u015f\u00e7i Al\u0131m\u0131 \u0130lan\u0131&#8221; &#8212; The Epoch Times TR\" data-secret=\"MmW1t98Ff1\" frameborder=\"0\" marginwidth=\"0\" marginheight=\"0\" scrolling=\"no\" class=\"wp-embedded-content\"><\/iframe><script type=\"text\/javascript\">\n\/* <![CDATA[ *\/\n\/*! This file is auto-generated *\/\n!function(d,l){\"use strict\";l.querySelector&&d.addEventListener&&\"undefined\"!=typeof URL&&(d.wp=d.wp||{},d.wp.receiveEmbedMessage||(d.wp.receiveEmbedMessage=function(e){var t=e.data;if((t||t.secret||t.message||t.value)&&!\/[^a-zA-Z0-9]\/.test(t.secret)){for(var s,r,n,a=l.querySelectorAll('iframe[data-secret=\"'+t.secret+'\"]'),o=l.querySelectorAll('blockquote[data-secret=\"'+t.secret+'\"]'),c=new RegExp(\"^https?:$\",\"i\"),i=0;i<o.length;i++)o[i].style.display=\"none\";for(i=0;i<a.length;i++)s=a[i],e.source===s.contentWindow&&(s.removeAttribute(\"style\"),\"height\"===t.message?(1e3<(r=parseInt(t.value,10))?r=1e3:~~r<200&&(r=200),s.height=r):\"link\"===t.message&&(r=new URL(s.getAttribute(\"src\")),n=new URL(t.value),c.test(n.protocol))&&n.host===r.host&&l.activeElement===s&&(d.top.location.href=t.value))}},d.addEventListener(\"message\",d.wp.receiveEmbedMessage,!1),l.addEventListener(\"DOMContentLoaded\",function(){for(var e,t,s=l.querySelectorAll(\"iframe.wp-embedded-content\"),r=0;r<s.length;r++)(t=(e=s[r]).getAttribute(\"data-secret\"))||(t=Math.random().toString(36).substring(2,12),e.src+=\"#?secret=\"+t,e.setAttribute(\"data-secret\",t)),e.contentWindow.postMessage({message:\"ready\",secret:t},\"*\")},!1)))}(window,document);\n\/* ]]> *\/\n<\/script>\n","thumbnail_url":"https:\/\/epochtimestr.com\/wp-content\/uploads\/2011y\/akm.jpg","thumbnail_width":449,"thumbnail_height":266,"description":"K\u00fclt\u00fcr ve Turizm Bakanl\u0131\u011f\u0131&#8217;n\u0131n ilan\u0131na g\u00f6re \u0130stanbul Atat\u00fcrk K\u00fclt\u00fcr Merkezi Konser Alanlar\u0131 \u0130\u015fletme M\u00fcd\u00fcrl\u00fc\u011f\u00fc&#8217;nde istihdam edilmek \u00fczere s\u00fcrekli i\u015f\u00e7i al\u0131nacak. K\u00fclt\u00fcr ve Turizm Bakanl\u0131\u011f\u0131 D\u00f6ner Sermaye \u0130\u015fletmesi Merkez M\u00fcd\u00fcrl\u00fc\u011f\u00fcn\u00fcn, \u0130stanbul Atat\u00fcrk K\u00fclt\u00fcr Merkezi Konser Alanlar\u0131 \u0130\u015fletme M\u00fcd\u00fcrl\u00fc\u011f\u00fcnde s\u00fcrekli i\u015f\u00e7i kadrosunda \u00e7al\u0131\u015ft\u0131r\u0131lmak \u00fczere T\u00fcrkiye \u0130\u015f Kurumu (\u0130\u015eKUR) arac\u0131l\u0131\u011f\u0131yla s\u00fcrekli i\u015f\u00e7i al\u0131nacak.\u00a0 \u0130STANBUL ATAT\u00dcRK K\u00dcLT\u00dcR MERKEZ\u0130 \u0130\u015e\u00c7\u0130 [&hellip;]"}