{"version":"1.0","provider_name":"The Epoch Times TR","provider_url":"https:\/\/epochtimestr.com","author_name":"Seda F.","author_url":"https:\/\/epochtimestr.com\/index.php\/author\/seda-f","title":"AKP S\u00f6zc\u00fcs\u00fc \u00d6mer \u00c7elik'ten Berat Albayrak A\u00e7\u0131klamas\u0131 - The Epoch Times TR","type":"rich","width":600,"height":338,"html":"<blockquote class=\"wp-embedded-content\" data-secret=\"7M05eAuz54\"><a href=\"https:\/\/epochtimestr.com\/index.php\/akp-sozcusu-omer-celikten-berat-albayrak-aciklamasi\">AKP S\u00f6zc\u00fcs\u00fc \u00d6mer \u00c7elik&#8217;ten Berat Albayrak A\u00e7\u0131klamas\u0131<\/a><\/blockquote><iframe sandbox=\"allow-scripts\" security=\"restricted\" src=\"https:\/\/epochtimestr.com\/index.php\/akp-sozcusu-omer-celikten-berat-albayrak-aciklamasi\/embed#?secret=7M05eAuz54\" width=\"600\" height=\"338\" title=\"&#8220;AKP S\u00f6zc\u00fcs\u00fc \u00d6mer \u00c7elik&#8217;ten Berat Albayrak A\u00e7\u0131klamas\u0131&#8221; &#8212; The Epoch Times TR\" data-secret=\"7M05eAuz54\" frameborder=\"0\" marginwidth=\"0\" marginheight=\"0\" scrolling=\"no\" class=\"wp-embedded-content\"><\/iframe><script type=\"text\/javascript\">\n\/* <![CDATA[ *\/\n\/*! This file is auto-generated *\/\n!function(d,l){\"use strict\";l.querySelector&&d.addEventListener&&\"undefined\"!=typeof URL&&(d.wp=d.wp||{},d.wp.receiveEmbedMessage||(d.wp.receiveEmbedMessage=function(e){var t=e.data;if((t||t.secret||t.message||t.value)&&!\/[^a-zA-Z0-9]\/.test(t.secret)){for(var s,r,n,a=l.querySelectorAll('iframe[data-secret=\"'+t.secret+'\"]'),o=l.querySelectorAll('blockquote[data-secret=\"'+t.secret+'\"]'),c=new RegExp(\"^https?:$\",\"i\"),i=0;i<o.length;i++)o[i].style.display=\"none\";for(i=0;i<a.length;i++)s=a[i],e.source===s.contentWindow&&(s.removeAttribute(\"style\"),\"height\"===t.message?(1e3<(r=parseInt(t.value,10))?r=1e3:~~r<200&&(r=200),s.height=r):\"link\"===t.message&&(r=new URL(s.getAttribute(\"src\")),n=new URL(t.value),c.test(n.protocol))&&n.host===r.host&&l.activeElement===s&&(d.top.location.href=t.value))}},d.addEventListener(\"message\",d.wp.receiveEmbedMessage,!1),l.addEventListener(\"DOMContentLoaded\",function(){for(var e,t,s=l.querySelectorAll(\"iframe.wp-embedded-content\"),r=0;r<s.length;r++)(t=(e=s[r]).getAttribute(\"data-secret\"))||(t=Math.random().toString(36).substring(2,12),e.src+=\"#?secret=\"+t,e.setAttribute(\"data-secret\",t)),e.contentWindow.postMessage({message:\"ready\",secret:t},\"*\")},!1)))}(window,document);\n\/* ]]> *\/\n<\/script>\n","thumbnail_url":"https:\/\/epochtimestr.com\/wp-content\/uploads\/2011y\/\u00f6mer-\u00e7elik-5.jpg","thumbnail_width":684,"thumbnail_height":326,"description":"AKP S\u00f6zc\u00fcs\u00fc \u00d6mer \u00c7elik, Berat Albayrak&#8217;\u0131n Hazine ve Maliye Bakanl\u0131\u011f\u0131&#8217;ndan istifa etti\u011fini duyurmas\u0131 ile ilgili a\u00e7\u0131klamalarda bulundu. AKP S\u00f6zc\u00fcs\u00fc \u00d6mer \u00c7elik&#8217;in a\u00e7\u0131klamalar\u0131 \u015f\u00f6yledir : &#8220;Cumhurba\u015fkanl\u0131\u011f\u0131 h\u00fck\u00fcmet sisteminde g\u00f6reve getirme, g\u00f6revden alma, istifay\u0131 kabul edip etmeme Cumhurba\u015fkanl\u0131\u011f\u0131 makam\u0131n\u0131n takdirindedir. Bu konuyla ilgili benim bir a\u00e7\u0131klama yapmam s\u00f6z konusu de\u011fil. Say\u0131n Cumhurba\u015fkan\u0131m\u0131z kendi takdirini uygun g\u00f6rd\u00fc\u011f\u00fc \u015fekilde [&hellip;]"}