{"version":"1.0","provider_name":"The Epoch Times TR","provider_url":"https:\/\/epochtimestr.com","author_name":"O.Bugdayci","author_url":"https:\/\/epochtimestr.com\/index.php\/author\/ozan","title":"Akt\u00fcel Dergisinden \u00c7arp\u0131c\u0131 Bir Haber  - The Epoch Times TR","type":"rich","width":600,"height":338,"html":"<blockquote class=\"wp-embedded-content\" data-secret=\"OA3yaWhmYW\"><a href=\"https:\/\/epochtimestr.com\/index.php\/aktuel-dergisinden-carpici-bir-haber\">Akt\u00fcel Dergisinden \u00c7arp\u0131c\u0131 Bir Haber<\/a><\/blockquote><iframe sandbox=\"allow-scripts\" security=\"restricted\" src=\"https:\/\/epochtimestr.com\/index.php\/aktuel-dergisinden-carpici-bir-haber\/embed#?secret=OA3yaWhmYW\" width=\"600\" height=\"338\" title=\"&#8220;Akt\u00fcel Dergisinden \u00c7arp\u0131c\u0131 Bir Haber&#8221; &#8212; The Epoch Times TR\" data-secret=\"OA3yaWhmYW\" frameborder=\"0\" marginwidth=\"0\" marginheight=\"0\" scrolling=\"no\" class=\"wp-embedded-content\"><\/iframe><script type=\"text\/javascript\">\n\/* <![CDATA[ *\/\n\/*! This file is auto-generated *\/\n!function(d,l){\"use strict\";l.querySelector&&d.addEventListener&&\"undefined\"!=typeof URL&&(d.wp=d.wp||{},d.wp.receiveEmbedMessage||(d.wp.receiveEmbedMessage=function(e){var t=e.data;if((t||t.secret||t.message||t.value)&&!\/[^a-zA-Z0-9]\/.test(t.secret)){for(var s,r,n,a=l.querySelectorAll('iframe[data-secret=\"'+t.secret+'\"]'),o=l.querySelectorAll('blockquote[data-secret=\"'+t.secret+'\"]'),c=new RegExp(\"^https?:$\",\"i\"),i=0;i<o.length;i++)o[i].style.display=\"none\";for(i=0;i<a.length;i++)s=a[i],e.source===s.contentWindow&&(s.removeAttribute(\"style\"),\"height\"===t.message?(1e3<(r=parseInt(t.value,10))?r=1e3:~~r<200&&(r=200),s.height=r):\"link\"===t.message&&(r=new URL(s.getAttribute(\"src\")),n=new URL(t.value),c.test(n.protocol))&&n.host===r.host&&l.activeElement===s&&(d.top.location.href=t.value))}},d.addEventListener(\"message\",d.wp.receiveEmbedMessage,!1),l.addEventListener(\"DOMContentLoaded\",function(){for(var e,t,s=l.querySelectorAll(\"iframe.wp-embedded-content\"),r=0;r<s.length;r++)(t=(e=s[r]).getAttribute(\"data-secret\"))||(t=Math.random().toString(36).substring(2,12),e.src+=\"#?secret=\"+t,e.setAttribute(\"data-secret\",t)),e.contentWindow.postMessage({message:\"ready\",secret:t},\"*\")},!1)))}(window,document);\n\/* ]]> *\/\n<\/script>\n","description":"Falun Dafa uygulay\u0131c\u0131lar\u0131n\u0131n 1999 y\u0131l\u0131ndan bu yana \u00c7in\u2019de g\u00f6r\u00fcyor oldu\u011fu zul\u00fcm, bu hafta T\u00fcrkiye\u2019nin sayg\u0131n dergilerinden biri olan Akt\u00fcel\u2019de i\u015flendi. Son y\u0131llarda d\u00fcnya \u00e7ap\u0131ndaki insan haklar\u0131 kurulu\u015flar\u0131n\u0131n odak noktalar\u0131ndan biri olan ve durdurulmas\u0131 i\u00e7in b\u00fcy\u00fck m\u00fccadeleler verilen Falun Gong zulm\u00fc maalesef hala devam ediyor. Bu konuda \u00e7ok ciddi deliller ortaya konmu\u015f olmas\u0131na ra\u011fmen ve Avrupa\u2019da [&hellip;]"}