{"version":"1.0","provider_name":"The Epoch Times TR","provider_url":"https:\/\/epochtimestr.com","author_name":"G.Hakan Ko\u00e7man","author_url":"https:\/\/epochtimestr.com\/index.php\/author\/hakan","title":"Alevi Bekta\u015fi Federasyonu\u2019ndan a\u00e7\u0131klama: Sorumlular Bulunsun - The Epoch Times TR","type":"rich","width":600,"height":338,"html":"<blockquote class=\"wp-embedded-content\" data-secret=\"5DYGyG4vIX\"><a href=\"https:\/\/epochtimestr.com\/index.php\/alevi-bektasi-federasyonundan-aciklama-sorumlular-bulunsun\">Alevi Bekta\u015fi Federasyonu\u2019ndan a\u00e7\u0131klama: Sorumlular Bulunsun<\/a><\/blockquote><iframe sandbox=\"allow-scripts\" security=\"restricted\" src=\"https:\/\/epochtimestr.com\/index.php\/alevi-bektasi-federasyonundan-aciklama-sorumlular-bulunsun\/embed#?secret=5DYGyG4vIX\" width=\"600\" height=\"338\" title=\"&#8220;Alevi Bekta\u015fi Federasyonu\u2019ndan a\u00e7\u0131klama: Sorumlular Bulunsun&#8221; &#8212; The Epoch Times TR\" data-secret=\"5DYGyG4vIX\" frameborder=\"0\" marginwidth=\"0\" marginheight=\"0\" scrolling=\"no\" class=\"wp-embedded-content\"><\/iframe><script type=\"text\/javascript\">\n\/* <![CDATA[ *\/\n\/*! This file is auto-generated *\/\n!function(d,l){\"use strict\";l.querySelector&&d.addEventListener&&\"undefined\"!=typeof URL&&(d.wp=d.wp||{},d.wp.receiveEmbedMessage||(d.wp.receiveEmbedMessage=function(e){var t=e.data;if((t||t.secret||t.message||t.value)&&!\/[^a-zA-Z0-9]\/.test(t.secret)){for(var s,r,n,a=l.querySelectorAll('iframe[data-secret=\"'+t.secret+'\"]'),o=l.querySelectorAll('blockquote[data-secret=\"'+t.secret+'\"]'),c=new RegExp(\"^https?:$\",\"i\"),i=0;i<o.length;i++)o[i].style.display=\"none\";for(i=0;i<a.length;i++)s=a[i],e.source===s.contentWindow&&(s.removeAttribute(\"style\"),\"height\"===t.message?(1e3<(r=parseInt(t.value,10))?r=1e3:~~r<200&&(r=200),s.height=r):\"link\"===t.message&&(r=new URL(s.getAttribute(\"src\")),n=new URL(t.value),c.test(n.protocol))&&n.host===r.host&&l.activeElement===s&&(d.top.location.href=t.value))}},d.addEventListener(\"message\",d.wp.receiveEmbedMessage,!1),l.addEventListener(\"DOMContentLoaded\",function(){for(var e,t,s=l.querySelectorAll(\"iframe.wp-embedded-content\"),r=0;r<s.length;r++)(t=(e=s[r]).getAttribute(\"data-secret\"))||(t=Math.random().toString(36).substring(2,12),e.src+=\"#?secret=\"+t,e.setAttribute(\"data-secret\",t)),e.contentWindow.postMessage({message:\"ready\",secret:t},\"*\")},!1)))}(window,document);\n\/* ]]> *\/\n<\/script>\n","thumbnail_url":"https:\/\/epochtimestr.com\/wp-content\/uploads\/2011y\/Alevi-Bekta\u015fi.jpg","thumbnail_width":567,"thumbnail_height":378,"description":"Alevi Bekta\u015fi Federasyonu\u2019ndan a\u00e7\u0131klama: Sorumlular Bulunsun Alevi Bekta\u015fi Federasyonu Antalya Bile\u015fenleri Ad\u0131yaman\u2019\u0131n Karap\u0131nar ve Yunus Emre Mahallelerinde Alevilerin ya\u015fad\u0131\u011f\u0131 evlerin i\u015faretlenmesine \u00a0kar\u015f\u0131 tepki g\u00f6sterdikleri a\u00e7\u0131klamalar\u0131nda \u201cAlevi S\u00fcnni karde\u015ftir\u201d mesaj\u0131 vererek sorumlular\u0131n bulunmas\u0131n\u0131 istediler. Ad\u0131yaman\u2019\u0131n Karap\u0131nar ve Yunus Emre Mahallelerinde k\u0131rm\u0131z\u0131 boyayla Alevilerin ya\u015fad\u0131\u011f\u0131 evlerin i\u015faretlenmesi ile harekete ge\u00e7en Alevi Bekta\u015fi Federasyonu Antalya Bile\u015fenleri, Alevi K\u00fclt\u00fcr [&hellip;]"}