{"version":"1.0","provider_name":"The Epoch Times TR","provider_url":"https:\/\/epochtimestr.com","author_name":"Haber Merkezi","author_url":"https:\/\/epochtimestr.com\/index.php\/author\/sendag","title":"Almanya, \u0130talya ve Fransa AstraZeneca A\u015f\u0131s\u0131n\u0131 Durdurdu - The Epoch Times TR","type":"rich","width":600,"height":338,"html":"<blockquote class=\"wp-embedded-content\" data-secret=\"IP0F4rcKdb\"><a href=\"https:\/\/epochtimestr.com\/index.php\/almanya-italya-ve-fransa-astrazeneca-asisini-durdurdu\">Almanya, \u0130talya ve Fransa AstraZeneca A\u015f\u0131s\u0131n\u0131 Durdurdu<\/a><\/blockquote><iframe sandbox=\"allow-scripts\" security=\"restricted\" src=\"https:\/\/epochtimestr.com\/index.php\/almanya-italya-ve-fransa-astrazeneca-asisini-durdurdu\/embed#?secret=IP0F4rcKdb\" width=\"600\" height=\"338\" title=\"&#8220;Almanya, \u0130talya ve Fransa AstraZeneca A\u015f\u0131s\u0131n\u0131 Durdurdu&#8221; &#8212; The Epoch Times TR\" data-secret=\"IP0F4rcKdb\" frameborder=\"0\" marginwidth=\"0\" marginheight=\"0\" scrolling=\"no\" class=\"wp-embedded-content\"><\/iframe><script type=\"text\/javascript\">\n\/* <![CDATA[ *\/\n\/*! This file is auto-generated *\/\n!function(d,l){\"use strict\";l.querySelector&&d.addEventListener&&\"undefined\"!=typeof URL&&(d.wp=d.wp||{},d.wp.receiveEmbedMessage||(d.wp.receiveEmbedMessage=function(e){var t=e.data;if((t||t.secret||t.message||t.value)&&!\/[^a-zA-Z0-9]\/.test(t.secret)){for(var s,r,n,a=l.querySelectorAll('iframe[data-secret=\"'+t.secret+'\"]'),o=l.querySelectorAll('blockquote[data-secret=\"'+t.secret+'\"]'),c=new RegExp(\"^https?:$\",\"i\"),i=0;i<o.length;i++)o[i].style.display=\"none\";for(i=0;i<a.length;i++)s=a[i],e.source===s.contentWindow&&(s.removeAttribute(\"style\"),\"height\"===t.message?(1e3<(r=parseInt(t.value,10))?r=1e3:~~r<200&&(r=200),s.height=r):\"link\"===t.message&&(r=new URL(s.getAttribute(\"src\")),n=new URL(t.value),c.test(n.protocol))&&n.host===r.host&&l.activeElement===s&&(d.top.location.href=t.value))}},d.addEventListener(\"message\",d.wp.receiveEmbedMessage,!1),l.addEventListener(\"DOMContentLoaded\",function(){for(var e,t,s=l.querySelectorAll(\"iframe.wp-embedded-content\"),r=0;r<s.length;r++)(t=(e=s[r]).getAttribute(\"data-secret\"))||(t=Math.random().toString(36).substring(2,12),e.src+=\"#?secret=\"+t,e.setAttribute(\"data-secret\",t)),e.contentWindow.postMessage({message:\"ready\",secret:t},\"*\")},!1)))}(window,document);\n\/* ]]> *\/\n<\/script>\n","thumbnail_url":"https:\/\/epochtimestr.com\/wp-content\/uploads\/2011y\/A\u015f\u0131-Kovid-19-pixabay.jpg","thumbnail_width":640,"thumbnail_height":373,"description":"Almanya, \u0130talya, Fransa AstraZeneca a\u015f\u0131s\u0131 kullan\u0131m\u0131n\u0131 durdurdu, \u0130spanya ise a\u015f\u0131y\u0131 15 g\u00fcnl\u00fc\u011f\u00fcne ask\u0131ya ald\u0131. Almanya\u00a0Sa\u011fl\u0131k Bakanl\u0131\u011f\u0131ndan yap\u0131lan a\u00e7\u0131klamada, \u00fclkede a\u015f\u0131 konusunda yetkisi bulunan Paul-Ehrlich Enstit\u00fcs\u00fcn\u00fcn bu y\u00f6ndeki tavsiyesi \u00fczerine durdurma karar\u0131n\u0131n al\u0131nd\u0131\u011f\u0131 ifade edildi. A\u00e7\u0131klamada, a\u015f\u0131n\u0131n\u00a0kanda p\u0131ht\u0131la\u015fma riski bulundu\u011fu\u00a0gerek\u00e7esiyle ge\u00e7ici olarak yap\u0131lmayaca\u011f\u0131n\u0131 ve Avrupa \u0130la\u00e7 Ajans\u0131n\u0131n (EMA) yeni bulgular\u0131n a\u015f\u0131n\u0131n onaylanmas\u0131n\u0131 etkileyip etkilemeyece\u011fine ve nas\u0131l [&hellip;]"}