{"version":"1.0","provider_name":"The Epoch Times TR","provider_url":"https:\/\/epochtimestr.com","author_name":"Demet G.","author_url":"https:\/\/epochtimestr.com\/index.php\/author\/d-gokoglu","title":"Almanya'dan T\u00fcrk Gen\u00e7lerine \u00c7ifte Vatanda\u015fl\u0131k Hakk\u0131 - The Epoch Times TR","type":"rich","width":600,"height":338,"html":"<blockquote class=\"wp-embedded-content\" data-secret=\"7c7VsL5GMP\"><a href=\"https:\/\/epochtimestr.com\/index.php\/almanyadan-turk-genclerine-cifte-vatandaslik-hakki\">Almanya&#8217;dan T\u00fcrk Gen\u00e7lerine \u00c7ifte Vatanda\u015fl\u0131k Hakk\u0131<\/a><\/blockquote><iframe sandbox=\"allow-scripts\" security=\"restricted\" src=\"https:\/\/epochtimestr.com\/index.php\/almanyadan-turk-genclerine-cifte-vatandaslik-hakki\/embed#?secret=7c7VsL5GMP\" width=\"600\" height=\"338\" title=\"&#8220;Almanya&#8217;dan T\u00fcrk Gen\u00e7lerine \u00c7ifte Vatanda\u015fl\u0131k Hakk\u0131&#8221; &#8212; The Epoch Times TR\" data-secret=\"7c7VsL5GMP\" frameborder=\"0\" marginwidth=\"0\" marginheight=\"0\" scrolling=\"no\" class=\"wp-embedded-content\"><\/iframe><script type=\"text\/javascript\">\n\/* <![CDATA[ *\/\n\/*! This file is auto-generated *\/\n!function(d,l){\"use strict\";l.querySelector&&d.addEventListener&&\"undefined\"!=typeof URL&&(d.wp=d.wp||{},d.wp.receiveEmbedMessage||(d.wp.receiveEmbedMessage=function(e){var t=e.data;if((t||t.secret||t.message||t.value)&&!\/[^a-zA-Z0-9]\/.test(t.secret)){for(var s,r,n,a=l.querySelectorAll('iframe[data-secret=\"'+t.secret+'\"]'),o=l.querySelectorAll('blockquote[data-secret=\"'+t.secret+'\"]'),c=new RegExp(\"^https?:$\",\"i\"),i=0;i<o.length;i++)o[i].style.display=\"none\";for(i=0;i<a.length;i++)s=a[i],e.source===s.contentWindow&&(s.removeAttribute(\"style\"),\"height\"===t.message?(1e3<(r=parseInt(t.value,10))?r=1e3:~~r<200&&(r=200),s.height=r):\"link\"===t.message&&(r=new URL(s.getAttribute(\"src\")),n=new URL(t.value),c.test(n.protocol))&&n.host===r.host&&l.activeElement===s&&(d.top.location.href=t.value))}},d.addEventListener(\"message\",d.wp.receiveEmbedMessage,!1),l.addEventListener(\"DOMContentLoaded\",function(){for(var e,t,s=l.querySelectorAll(\"iframe.wp-embedded-content\"),r=0;r<s.length;r++)(t=(e=s[r]).getAttribute(\"data-secret\"))||(t=Math.random().toString(36).substring(2,12),e.src+=\"#?secret=\"+t,e.setAttribute(\"data-secret\",t)),e.contentWindow.postMessage({message:\"ready\",secret:t},\"*\")},!1)))}(window,document);\n\/* ]]> *\/\n<\/script>\n","thumbnail_url":"https:\/\/epochtimestr.com\/wp-content\/uploads\/2011y\/alman-yasas\u0131.jpg","thumbnail_width":664,"thumbnail_height":354,"description":"Almanya\u2019da Federal Meclis taraf\u0131ndan kabul edilen ve 20 Aral\u0131k 1993 sonras\u0131 do\u011fumlulara \u00e7ifte vatanda\u015fl\u0131k hakk\u0131 tan\u0131yan Vatanda\u015fl\u0131k Yasas\u0131 bug\u00fcn y\u00fcr\u00fcrl\u00fc\u011fe girdi. Yasa \u00f6ncesi Almanya\u2019da d\u00fcnyaya gelen ki\u015filerin 23 ya\u015f\u0131na kadar iki \u00fclke vatanda\u015fl\u0131\u011f\u0131ndan birini se\u00e7me ko\u015fulu bulunuyordu. Bu yasa kapsam\u0131nda Almanya\u2019da 2000 ile 2013 y\u0131llar\u0131 aras\u0131nda 1,8 milyon ki\u015fi Alman vatanda\u015fl\u0131\u011f\u0131na ge\u00e7mi\u015fti. Almanya\u2019da her y\u0131l [&hellip;]"}