{"version":"1.0","provider_name":"The Epoch Times TR","provider_url":"https:\/\/epochtimestr.com","author_name":"Dila \u015eeng\u00fcl","author_url":"https:\/\/epochtimestr.com\/index.php\/author\/dila","title":"Almanya'ya Bin 151 T\u00fcrk Vatanda\u015f\u0131 \u0130ltica Ba\u015fvurusunda Bulundu - The Epoch Times TR","type":"rich","width":600,"height":338,"html":"<blockquote class=\"wp-embedded-content\" data-secret=\"OI0OEoA32X\"><a href=\"https:\/\/epochtimestr.com\/index.php\/almanyaya-bin-151-turk-vatandasi-iltica-basvurusunda-bulundu\">Almanya&#8217;ya Bin 151 T\u00fcrk Vatanda\u015f\u0131 \u0130ltica Ba\u015fvurusunda Bulundu<\/a><\/blockquote><iframe sandbox=\"allow-scripts\" security=\"restricted\" src=\"https:\/\/epochtimestr.com\/index.php\/almanyaya-bin-151-turk-vatandasi-iltica-basvurusunda-bulundu\/embed#?secret=OI0OEoA32X\" width=\"600\" height=\"338\" title=\"&#8220;Almanya&#8217;ya Bin 151 T\u00fcrk Vatanda\u015f\u0131 \u0130ltica Ba\u015fvurusunda Bulundu&#8221; &#8212; The Epoch Times TR\" data-secret=\"OI0OEoA32X\" frameborder=\"0\" marginwidth=\"0\" marginheight=\"0\" scrolling=\"no\" class=\"wp-embedded-content\"><\/iframe><script type=\"text\/javascript\">\n\/* <![CDATA[ *\/\n\/*! This file is auto-generated *\/\n!function(d,l){\"use strict\";l.querySelector&&d.addEventListener&&\"undefined\"!=typeof URL&&(d.wp=d.wp||{},d.wp.receiveEmbedMessage||(d.wp.receiveEmbedMessage=function(e){var t=e.data;if((t||t.secret||t.message||t.value)&&!\/[^a-zA-Z0-9]\/.test(t.secret)){for(var s,r,n,a=l.querySelectorAll('iframe[data-secret=\"'+t.secret+'\"]'),o=l.querySelectorAll('blockquote[data-secret=\"'+t.secret+'\"]'),c=new RegExp(\"^https?:$\",\"i\"),i=0;i<o.length;i++)o[i].style.display=\"none\";for(i=0;i<a.length;i++)s=a[i],e.source===s.contentWindow&&(s.removeAttribute(\"style\"),\"height\"===t.message?(1e3<(r=parseInt(t.value,10))?r=1e3:~~r<200&&(r=200),s.height=r):\"link\"===t.message&&(r=new URL(s.getAttribute(\"src\")),n=new URL(t.value),c.test(n.protocol))&&n.host===r.host&&l.activeElement===s&&(d.top.location.href=t.value))}},d.addEventListener(\"message\",d.wp.receiveEmbedMessage,!1),l.addEventListener(\"DOMContentLoaded\",function(){for(var e,t,s=l.querySelectorAll(\"iframe.wp-embedded-content\"),r=0;r<s.length;r++)(t=(e=s[r]).getAttribute(\"data-secret\"))||(t=Math.random().toString(36).substring(2,12),e.src+=\"#?secret=\"+t,e.setAttribute(\"data-secret\",t)),e.contentWindow.postMessage({message:\"ready\",secret:t},\"*\")},!1)))}(window,document);\n\/* ]]> *\/\n<\/script>\n","thumbnail_url":"https:\/\/epochtimestr.com\/wp-content\/uploads\/2011y\/1508033-2.jpg","thumbnail_width":664,"thumbnail_height":354,"description":"Federal G\u00f6\u00e7 ve M\u00fclteciler Dairesi&#8217;nin verilerine g\u00f6re Almanya&#8217;ya 6 ay \u00f6ncesine g\u00f6re y\u00fczde 60\u2019l\u0131k art\u0131\u015fla bin 151 T\u00fcrk vatanda\u015f\u0131 iltica ba\u015fvurusunda bulundu. Federal G\u00f6\u00e7 ve M\u00fclteciler Dairesi&#8217;nin verilerine g\u00f6re, A\u011fustos 2016&#8217;dan Ocak ay\u0131n\u0131n sonuna kadar yakla\u015f\u0131k 3 bin 100 T\u00fcrkiye Cumhuriyeti vatanda\u015f\u0131, Almanya&#8217;ya iltica m\u00fcracaat\u0131nda bulundu. Bu rakam, bundan 6 ay \u00f6ncesine k\u0131yasla y\u00fczde 60\u2019l\u0131k [&hellip;]"}