{"version":"1.0","provider_name":"The Epoch Times TR","provider_url":"https:\/\/epochtimestr.com","author_name":"S. \u00d6zcan","author_url":"https:\/\/epochtimestr.com\/index.php\/author\/n-kaya","title":"Ankara Gar\u0131'nda Unutulan \u00c7anta Polisi Harekete Ge\u00e7irdi - The Epoch Times TR","type":"rich","width":600,"height":338,"html":"<blockquote class=\"wp-embedded-content\" data-secret=\"Q6K7l8vWZH\"><a href=\"https:\/\/epochtimestr.com\/index.php\/ankara-garinda-unutulan-canta-polisi-harekete-gecirdi\">Ankara Gar\u0131&#8217;nda Unutulan \u00c7anta Polisi Harekete Ge\u00e7irdi<\/a><\/blockquote><iframe sandbox=\"allow-scripts\" security=\"restricted\" src=\"https:\/\/epochtimestr.com\/index.php\/ankara-garinda-unutulan-canta-polisi-harekete-gecirdi\/embed#?secret=Q6K7l8vWZH\" width=\"600\" height=\"338\" title=\"&#8220;Ankara Gar\u0131&#8217;nda Unutulan \u00c7anta Polisi Harekete Ge\u00e7irdi&#8221; &#8212; The Epoch Times TR\" data-secret=\"Q6K7l8vWZH\" frameborder=\"0\" marginwidth=\"0\" marginheight=\"0\" scrolling=\"no\" class=\"wp-embedded-content\"><\/iframe><script type=\"text\/javascript\">\n\/* <![CDATA[ *\/\n\/*! This file is auto-generated *\/\n!function(d,l){\"use strict\";l.querySelector&&d.addEventListener&&\"undefined\"!=typeof URL&&(d.wp=d.wp||{},d.wp.receiveEmbedMessage||(d.wp.receiveEmbedMessage=function(e){var t=e.data;if((t||t.secret||t.message||t.value)&&!\/[^a-zA-Z0-9]\/.test(t.secret)){for(var s,r,n,a=l.querySelectorAll('iframe[data-secret=\"'+t.secret+'\"]'),o=l.querySelectorAll('blockquote[data-secret=\"'+t.secret+'\"]'),c=new RegExp(\"^https?:$\",\"i\"),i=0;i<o.length;i++)o[i].style.display=\"none\";for(i=0;i<a.length;i++)s=a[i],e.source===s.contentWindow&&(s.removeAttribute(\"style\"),\"height\"===t.message?(1e3<(r=parseInt(t.value,10))?r=1e3:~~r<200&&(r=200),s.height=r):\"link\"===t.message&&(r=new URL(s.getAttribute(\"src\")),n=new URL(t.value),c.test(n.protocol))&&n.host===r.host&&l.activeElement===s&&(d.top.location.href=t.value))}},d.addEventListener(\"message\",d.wp.receiveEmbedMessage,!1),l.addEventListener(\"DOMContentLoaded\",function(){for(var e,t,s=l.querySelectorAll(\"iframe.wp-embedded-content\"),r=0;r<s.length;r++)(t=(e=s[r]).getAttribute(\"data-secret\"))||(t=Math.random().toString(36).substring(2,12),e.src+=\"#?secret=\"+t,e.setAttribute(\"data-secret\",t)),e.contentWindow.postMessage({message:\"ready\",secret:t},\"*\")},!1)))}(window,document);\n\/* ]]> *\/\n<\/script>\n","thumbnail_url":"https:\/\/epochtimestr.com\/wp-content\/uploads\/2011y\/ankara-garinda-bomba-alarmi-1164177-664x354.jpg","thumbnail_width":600,"thumbnail_height":319,"description":"Ankara Gar\u0131&#8217;nda bekleme salonlar\u0131ndan birinde bank\u0131n alt\u0131na b\u0131rak\u0131lan \u00e7anta polisi alarma ge\u00e7irdi. Olay, saat 21.00 s\u0131ralar\u0131nda Ankara Gar\u2019\u0131nda meydana geldi. Edinilen bilgiye g\u00f6re; gar\u0131n g\u00fcvenlik g\u00f6revlileri, uzun s\u00fcredir bir bank\u0131n alt\u0131nda duran \u00e7antay\u0131 fark etti. Bekleme salonunu bo\u015faltan g\u00f6revliler, polis ekiplerine haber verdi. \u0130hbar \u00fczerine olay yerine \u00e7ok say\u0131da polis ekibi sevk edildi. Ekipler, uzaktan [&hellip;]"}