{"version":"1.0","provider_name":"The Epoch Times TR","provider_url":"https:\/\/epochtimestr.com","author_name":"Emel AKAN","author_url":"https:\/\/epochtimestr.com\/index.php\/author\/emel","title":"Anneden K\u0131za Ge\u00e7en Gelenek: \u0130\u011fne Oyas\u0131 - The Epoch Times TR","type":"rich","width":600,"height":338,"html":"<blockquote class=\"wp-embedded-content\" data-secret=\"Kaj9uFRJVF\"><a href=\"https:\/\/epochtimestr.com\/index.php\/anneden-kiza-gecen-gelenek-igne-oyasi\">Anneden K\u0131za Ge\u00e7en Gelenek: \u0130\u011fne Oyas\u0131<\/a><\/blockquote><iframe sandbox=\"allow-scripts\" security=\"restricted\" src=\"https:\/\/epochtimestr.com\/index.php\/anneden-kiza-gecen-gelenek-igne-oyasi\/embed#?secret=Kaj9uFRJVF\" width=\"600\" height=\"338\" title=\"&#8220;Anneden K\u0131za Ge\u00e7en Gelenek: \u0130\u011fne Oyas\u0131&#8221; &#8212; The Epoch Times TR\" data-secret=\"Kaj9uFRJVF\" frameborder=\"0\" marginwidth=\"0\" marginheight=\"0\" scrolling=\"no\" class=\"wp-embedded-content\"><\/iframe><script type=\"text\/javascript\">\n\/* <![CDATA[ *\/\n\/*! This file is auto-generated *\/\n!function(d,l){\"use strict\";l.querySelector&&d.addEventListener&&\"undefined\"!=typeof URL&&(d.wp=d.wp||{},d.wp.receiveEmbedMessage||(d.wp.receiveEmbedMessage=function(e){var t=e.data;if((t||t.secret||t.message||t.value)&&!\/[^a-zA-Z0-9]\/.test(t.secret)){for(var s,r,n,a=l.querySelectorAll('iframe[data-secret=\"'+t.secret+'\"]'),o=l.querySelectorAll('blockquote[data-secret=\"'+t.secret+'\"]'),c=new RegExp(\"^https?:$\",\"i\"),i=0;i<o.length;i++)o[i].style.display=\"none\";for(i=0;i<a.length;i++)s=a[i],e.source===s.contentWindow&&(s.removeAttribute(\"style\"),\"height\"===t.message?(1e3<(r=parseInt(t.value,10))?r=1e3:~~r<200&&(r=200),s.height=r):\"link\"===t.message&&(r=new URL(s.getAttribute(\"src\")),n=new URL(t.value),c.test(n.protocol))&&n.host===r.host&&l.activeElement===s&&(d.top.location.href=t.value))}},d.addEventListener(\"message\",d.wp.receiveEmbedMessage,!1),l.addEventListener(\"DOMContentLoaded\",function(){for(var e,t,s=l.querySelectorAll(\"iframe.wp-embedded-content\"),r=0;r<s.length;r++)(t=(e=s[r]).getAttribute(\"data-secret\"))||(t=Math.random().toString(36).substring(2,12),e.src+=\"#?secret=\"+t,e.setAttribute(\"data-secret\",t)),e.contentWindow.postMessage({message:\"ready\",secret:t},\"*\")},!1)))}(window,document);\n\/* ]]> *\/\n<\/script>\n","description":"\u00c7aml\u0131yayla kad\u0131nlar\u0131 geleneksel el sanat\u0131 \u201c\u0130\u011fne Oyas\u0131\u201dn\u0131 ya\u015fat\u0131yor. Halk E\u011fitim Merkezinde ders alan kad\u0131nlar hem bu \u00f6zg\u00fcn el sanat\u0131n\u0131 devam ettiriyor hem de para kazan\u0131yor. Anneden k\u0131za aktar\u0131lan bu el sanat\u0131 ayn\u0131 zamanda il\u00e7enin en b\u00fcy\u00fck ge\u00e7im kayna\u011f\u0131. \u0130\u011fne oyas\u0131, \u00e7i\u00e7ekle \u00f6rg\u00fc sanat\u0131n\u0131n birle\u015fmesinden do\u011fmu\u015f s\u00fcslemek ve s\u00fcslenmek amac\u0131yla yap\u0131lan bir dantel t\u00fcr\u00fc. \u0130\u011fne ve [&hellip;]","thumbnail_url":"http:\/\/epochtimestr.com\/wp-content\/uploads\/2011y\/photo-51.jpg"}