{"version":"1.0","provider_name":"The Epoch Times TR","provider_url":"https:\/\/epochtimestr.com","author_name":"S. \u00d6zcan","author_url":"https:\/\/epochtimestr.com\/index.php\/author\/n-kaya","title":"Antalya Sa\u011fanak Ya\u011f\u0131\u015f Ve F\u0131rt\u0131nayla Bo\u011fu\u015fuyor - The Epoch Times TR","type":"rich","width":600,"height":338,"html":"<blockquote class=\"wp-embedded-content\" data-secret=\"u7JKaMpg9O\"><a href=\"https:\/\/epochtimestr.com\/index.php\/antalya-saganak-yagis-ve-firtinayla-bogusuyor\">Antalya Sa\u011fanak Ya\u011f\u0131\u015f Ve F\u0131rt\u0131nayla Bo\u011fu\u015fuyor<\/a><\/blockquote><iframe sandbox=\"allow-scripts\" security=\"restricted\" src=\"https:\/\/epochtimestr.com\/index.php\/antalya-saganak-yagis-ve-firtinayla-bogusuyor\/embed#?secret=u7JKaMpg9O\" width=\"600\" height=\"338\" title=\"&#8220;Antalya Sa\u011fanak Ya\u011f\u0131\u015f Ve F\u0131rt\u0131nayla Bo\u011fu\u015fuyor&#8221; &#8212; The Epoch Times TR\" data-secret=\"u7JKaMpg9O\" frameborder=\"0\" marginwidth=\"0\" marginheight=\"0\" scrolling=\"no\" class=\"wp-embedded-content\"><\/iframe><script type=\"text\/javascript\">\n\/* <![CDATA[ *\/\n\/*! This file is auto-generated *\/\n!function(d,l){\"use strict\";l.querySelector&&d.addEventListener&&\"undefined\"!=typeof URL&&(d.wp=d.wp||{},d.wp.receiveEmbedMessage||(d.wp.receiveEmbedMessage=function(e){var t=e.data;if((t||t.secret||t.message||t.value)&&!\/[^a-zA-Z0-9]\/.test(t.secret)){for(var s,r,n,a=l.querySelectorAll('iframe[data-secret=\"'+t.secret+'\"]'),o=l.querySelectorAll('blockquote[data-secret=\"'+t.secret+'\"]'),c=new RegExp(\"^https?:$\",\"i\"),i=0;i<o.length;i++)o[i].style.display=\"none\";for(i=0;i<a.length;i++)s=a[i],e.source===s.contentWindow&&(s.removeAttribute(\"style\"),\"height\"===t.message?(1e3<(r=parseInt(t.value,10))?r=1e3:~~r<200&&(r=200),s.height=r):\"link\"===t.message&&(r=new URL(s.getAttribute(\"src\")),n=new URL(t.value),c.test(n.protocol))&&n.host===r.host&&l.activeElement===s&&(d.top.location.href=t.value))}},d.addEventListener(\"message\",d.wp.receiveEmbedMessage,!1),l.addEventListener(\"DOMContentLoaded\",function(){for(var e,t,s=l.querySelectorAll(\"iframe.wp-embedded-content\"),r=0;r<s.length;r++)(t=(e=s[r]).getAttribute(\"data-secret\"))||(t=Math.random().toString(36).substring(2,12),e.src+=\"#?secret=\"+t,e.setAttribute(\"data-secret\",t)),e.contentWindow.postMessage({message:\"ready\",secret:t},\"*\")},!1)))}(window,document);\n\/* ]]> *\/\n<\/script>\n","thumbnail_url":"https:\/\/epochtimestr.com\/wp-content\/uploads\/2011y\/yollar-coktu-gemiler-devrildi-820138-664x354.jpg","thumbnail_width":500,"thumbnail_height":266,"description":"Antalya&#8217;n\u0131n Ka\u015f il\u00e7esinde sa\u011fanak ya\u011f\u0131\u015f ve f\u0131rt\u0131na nedeniyle yollar \u00e7\u00f6kt\u00fc, karaya \u00e7ekilen gemiler devrildi. Ka\u015f\u2019ta d\u00fcn \u00f6\u011fleden sonra etkili olan sa\u011fanak ve f\u0131rt\u0131na il\u00e7ede hayat\u0131 fel\u00e7 etti. Ka\u015f Eski liman\u0131nda karaya \u00e7ekilen ve turizm sezonu \u00f6ncesi haz\u0131rl\u0131k i\u00e7in tadilat g\u00f6ren turizm yatlar\u0131 devrildi, ara\u00e7lar teknelerin alt\u0131nda kald\u0131. Ka\u015f il\u00e7esini Kalkan Mahallesi\u2019ne ba\u011flayan, ayn\u0131 zamanda da [&hellip;]"}