{"version":"1.0","provider_name":"The Epoch Times TR","provider_url":"https:\/\/epochtimestr.com","author_name":"Ipek K\u00f6kl\u00fc","author_url":"https:\/\/epochtimestr.com\/index.php\/author\/ipek","title":"Arda Turan ve Sinem Kobal Evleniyor - The Epoch Times TR","type":"rich","width":600,"height":338,"html":"<blockquote class=\"wp-embedded-content\" data-secret=\"HMBnpq8OVk\"><a href=\"https:\/\/epochtimestr.com\/index.php\/arda-turan-ve-sinem-kobal-evleniyor\">Arda Turan ve Sinem Kobal Evleniyor<\/a><\/blockquote><iframe sandbox=\"allow-scripts\" security=\"restricted\" src=\"https:\/\/epochtimestr.com\/index.php\/arda-turan-ve-sinem-kobal-evleniyor\/embed#?secret=HMBnpq8OVk\" width=\"600\" height=\"338\" title=\"&#8220;Arda Turan ve Sinem Kobal Evleniyor&#8221; &#8212; The Epoch Times TR\" data-secret=\"HMBnpq8OVk\" frameborder=\"0\" marginwidth=\"0\" marginheight=\"0\" scrolling=\"no\" class=\"wp-embedded-content\"><\/iframe><script type=\"text\/javascript\">\n\/* <![CDATA[ *\/\n\/*! This file is auto-generated *\/\n!function(d,l){\"use strict\";l.querySelector&&d.addEventListener&&\"undefined\"!=typeof URL&&(d.wp=d.wp||{},d.wp.receiveEmbedMessage||(d.wp.receiveEmbedMessage=function(e){var t=e.data;if((t||t.secret||t.message||t.value)&&!\/[^a-zA-Z0-9]\/.test(t.secret)){for(var s,r,n,a=l.querySelectorAll('iframe[data-secret=\"'+t.secret+'\"]'),o=l.querySelectorAll('blockquote[data-secret=\"'+t.secret+'\"]'),c=new RegExp(\"^https?:$\",\"i\"),i=0;i<o.length;i++)o[i].style.display=\"none\";for(i=0;i<a.length;i++)s=a[i],e.source===s.contentWindow&&(s.removeAttribute(\"style\"),\"height\"===t.message?(1e3<(r=parseInt(t.value,10))?r=1e3:~~r<200&&(r=200),s.height=r):\"link\"===t.message&&(r=new URL(s.getAttribute(\"src\")),n=new URL(t.value),c.test(n.protocol))&&n.host===r.host&&l.activeElement===s&&(d.top.location.href=t.value))}},d.addEventListener(\"message\",d.wp.receiveEmbedMessage,!1),l.addEventListener(\"DOMContentLoaded\",function(){for(var e,t,s=l.querySelectorAll(\"iframe.wp-embedded-content\"),r=0;r<s.length;r++)(t=(e=s[r]).getAttribute(\"data-secret\"))||(t=Math.random().toString(36).substring(2,12),e.src+=\"#?secret=\"+t,e.setAttribute(\"data-secret\",t)),e.contentWindow.postMessage({message:\"ready\",secret:t},\"*\")},!1)))}(window,document);\n\/* ]]> *\/\n<\/script>\n","description":"Uzun zamand\u0131r Magazinin yak\u0131ndan takip etti\u011fi Arda Turan ve Sinem Kobal\u2019dan beklenen ad\u0131m sonunda at\u0131ld\u0131. \u0130ki y\u0131ld\u0131r birlikte olan \u00e7ift, Arda Turan\u2019\u0131n Sinem Kobal\u2019\u0131 ailesinden istetmesiyle evlilik i\u00e7in ilk ad\u0131m\u0131 atm\u0131\u015f oldu. \u0130steme merasiminde Arda Turan&#8217;\u0131n yak\u0131n arkada\u015f\u0131 Acun Il\u0131cal\u0131 ve Galatasaray Teknin Direkt\u00f6r\u00fc Fatih Terim\u2019de Sinem Kobal\u2019\u0131n Ata\u015fehir\u2019deki evinde bulundu. Daha \u00f6nceleri Sinem Kobal\u2019\u0131n [&hellip;]","thumbnail_url":"http:\/\/www.epochtimestr.com\/wp-content\/uploads\/2011y\/arda-turan-sinem-kobal.jpg"}