{"version":"1.0","provider_name":"The Epoch Times TR","provider_url":"https:\/\/epochtimestr.com","author_name":"S. \u00d6zcan","author_url":"https:\/\/epochtimestr.com\/index.php\/author\/n-kaya","title":"Orta\u00f6\u011fretimde Ba\u015f\u00f6rt\u00fcs\u00fc Serbest - The Epoch Times TR","type":"rich","width":600,"height":338,"html":"<blockquote class=\"wp-embedded-content\" data-secret=\"kLJaSDqYMw\"><a href=\"https:\/\/epochtimestr.com\/index.php\/arinc-basi-acik-ibaresi-yururlukten-kaldirildi\">Orta\u00f6\u011fretimde Ba\u015f\u00f6rt\u00fcs\u00fc Serbest<\/a><\/blockquote><iframe sandbox=\"allow-scripts\" security=\"restricted\" src=\"https:\/\/epochtimestr.com\/index.php\/arinc-basi-acik-ibaresi-yururlukten-kaldirildi\/embed#?secret=kLJaSDqYMw\" width=\"600\" height=\"338\" title=\"&#8220;Orta\u00f6\u011fretimde Ba\u015f\u00f6rt\u00fcs\u00fc Serbest&#8221; &#8212; The Epoch Times TR\" data-secret=\"kLJaSDqYMw\" frameborder=\"0\" marginwidth=\"0\" marginheight=\"0\" scrolling=\"no\" class=\"wp-embedded-content\"><\/iframe><script type=\"text\/javascript\">\n\/* <![CDATA[ *\/\n\/*! This file is auto-generated *\/\n!function(d,l){\"use strict\";l.querySelector&&d.addEventListener&&\"undefined\"!=typeof URL&&(d.wp=d.wp||{},d.wp.receiveEmbedMessage||(d.wp.receiveEmbedMessage=function(e){var t=e.data;if((t||t.secret||t.message||t.value)&&!\/[^a-zA-Z0-9]\/.test(t.secret)){for(var s,r,n,a=l.querySelectorAll('iframe[data-secret=\"'+t.secret+'\"]'),o=l.querySelectorAll('blockquote[data-secret=\"'+t.secret+'\"]'),c=new RegExp(\"^https?:$\",\"i\"),i=0;i<o.length;i++)o[i].style.display=\"none\";for(i=0;i<a.length;i++)s=a[i],e.source===s.contentWindow&&(s.removeAttribute(\"style\"),\"height\"===t.message?(1e3<(r=parseInt(t.value,10))?r=1e3:~~r<200&&(r=200),s.height=r):\"link\"===t.message&&(r=new URL(s.getAttribute(\"src\")),n=new URL(t.value),c.test(n.protocol))&&n.host===r.host&&l.activeElement===s&&(d.top.location.href=t.value))}},d.addEventListener(\"message\",d.wp.receiveEmbedMessage,!1),l.addEventListener(\"DOMContentLoaded\",function(){for(var e,t,s=l.querySelectorAll(\"iframe.wp-embedded-content\"),r=0;r<s.length;r++)(t=(e=s[r]).getAttribute(\"data-secret\"))||(t=Math.random().toString(36).substring(2,12),e.src+=\"#?secret=\"+t,e.setAttribute(\"data-secret\",t)),e.contentWindow.postMessage({message:\"ready\",secret:t},\"*\")},!1)))}(window,document);\n\/* ]]> *\/\n<\/script>\n","thumbnail_url":"https:\/\/epochtimestr.com\/wp-content\/uploads\/2011y\/arinc-basi-acik-ibaresi-yurulukten-kaldirildi-536052-664x354.jpg","thumbnail_width":500,"thumbnail_height":266,"description":"B\u00fclent\u00a0Ar\u0131n\u00e7: &#8220;Milli E\u011fitim Bakanl\u0131\u011f\u0131&#8217;na ba\u011fl\u0131 okullardaki \u00f6\u011frencilerinin k\u0131l\u0131k ve k\u0131yafetlerine dair y\u00f6netmelik g\u00f6zden ge\u00e7irilerek, &#8216;ba\u015f\u0131 a\u00e7\u0131k&#8217; ibaresi y\u00fcr\u00fcrl\u00fckten kald\u0131r\u0131ld\u0131&#8221; dedi. Ba\u015fbakan Yard\u0131mc\u0131s\u0131 ve H\u00fck\u00fcmet S\u00f6zc\u00fcs\u00fc B\u00fclent Ar\u0131n\u00e7, y\u00f6netmelikte yap\u0131lan de\u011fi\u015fiklikle orta\u00f6\u011fretimde ba\u015f\u00f6rt\u00fcs\u00fc yasa\u011f\u0131n\u0131n kald\u0131r\u0131ld\u0131\u011f\u0131n\u0131 bildirildi. D\u00fcn ak\u015fam, Bakanlar Kurulu toplant\u0131s\u0131n\u0131n ard\u0131ndan kameralar\u0131n kar\u015f\u0131s\u0131na ge\u00e7en Ar\u0131n\u00e7, Milli E\u011fitim Bakanl\u0131\u011f\u0131\u2019na ba\u011fl\u0131 okullardaki \u00f6\u011frencilerin k\u0131l\u0131k ve k\u0131yafetlerine dair [&hellip;]"}