{"version":"1.0","provider_name":"The Epoch Times TR","provider_url":"https:\/\/epochtimestr.com","author_name":"Haber Merkezi","author_url":"https:\/\/epochtimestr.com\/index.php\/author\/sendag","title":"Arjantin'de Devlet Ba\u015fkanl\u0131\u011f\u0131 Se\u00e7imini Milei Kazand\u0131 - The Epoch Times TR","type":"rich","width":600,"height":338,"html":"<blockquote class=\"wp-embedded-content\" data-secret=\"f5pT21YklL\"><a href=\"https:\/\/epochtimestr.com\/index.php\/arjantinde-devlet-baskanligi-secimini-milei-kazandi\">Arjantin&#8217;de Devlet Ba\u015fkanl\u0131\u011f\u0131 Se\u00e7imini Milei Kazand\u0131<\/a><\/blockquote><iframe sandbox=\"allow-scripts\" security=\"restricted\" src=\"https:\/\/epochtimestr.com\/index.php\/arjantinde-devlet-baskanligi-secimini-milei-kazandi\/embed#?secret=f5pT21YklL\" width=\"600\" height=\"338\" title=\"&#8220;Arjantin&#8217;de Devlet Ba\u015fkanl\u0131\u011f\u0131 Se\u00e7imini Milei Kazand\u0131&#8221; &#8212; The Epoch Times TR\" data-secret=\"f5pT21YklL\" frameborder=\"0\" marginwidth=\"0\" marginheight=\"0\" scrolling=\"no\" class=\"wp-embedded-content\"><\/iframe><script type=\"text\/javascript\">\n\/* <![CDATA[ *\/\n\/*! This file is auto-generated *\/\n!function(d,l){\"use strict\";l.querySelector&&d.addEventListener&&\"undefined\"!=typeof URL&&(d.wp=d.wp||{},d.wp.receiveEmbedMessage||(d.wp.receiveEmbedMessage=function(e){var t=e.data;if((t||t.secret||t.message||t.value)&&!\/[^a-zA-Z0-9]\/.test(t.secret)){for(var s,r,n,a=l.querySelectorAll('iframe[data-secret=\"'+t.secret+'\"]'),o=l.querySelectorAll('blockquote[data-secret=\"'+t.secret+'\"]'),c=new RegExp(\"^https?:$\",\"i\"),i=0;i<o.length;i++)o[i].style.display=\"none\";for(i=0;i<a.length;i++)s=a[i],e.source===s.contentWindow&&(s.removeAttribute(\"style\"),\"height\"===t.message?(1e3<(r=parseInt(t.value,10))?r=1e3:~~r<200&&(r=200),s.height=r):\"link\"===t.message&&(r=new URL(s.getAttribute(\"src\")),n=new URL(t.value),c.test(n.protocol))&&n.host===r.host&&l.activeElement===s&&(d.top.location.href=t.value))}},d.addEventListener(\"message\",d.wp.receiveEmbedMessage,!1),l.addEventListener(\"DOMContentLoaded\",function(){for(var e,t,s=l.querySelectorAll(\"iframe.wp-embedded-content\"),r=0;r<s.length;r++)(t=(e=s[r]).getAttribute(\"data-secret\"))||(t=Math.random().toString(36).substring(2,12),e.src+=\"#?secret=\"+t,e.setAttribute(\"data-secret\",t)),e.contentWindow.postMessage({message:\"ready\",secret:t},\"*\")},!1)))}(window,document);\n\/* ]]> *\/\n<\/script>\n","thumbnail_url":"https:\/\/epochtimestr.com\/wp-content\/uploads\/2011y\/javier-milei-youtubescreenshot.png","thumbnail_width":1366,"thumbnail_height":768,"description":"Arjantin&#8217;de devlet ba\u015fkanl\u0131\u011f\u0131 se\u00e7imini &#8216;Arjantin&#8217;in Trump&#8217;\u0131&#8217; olarak bilinen Javier Milei kazand\u0131. G\u00fcney Amerika \u00fclkesi Arjantin, devlet ba\u015fkanl\u0131\u011f\u0131 se\u00e7iminin ikinci turu i\u00e7in 19 Kas\u0131m Pazar g\u00fcn\u00fc sand\u0131k ba\u015f\u0131na gitti. Kat\u0131l\u0131m oran\u0131n\u0131n y\u00fczde 76 oldu\u011fu se\u00e7imin ikinci turunu ilk turu ikinci s\u0131rada tamamlayan fa\u015fist aday Javier Milei kazand\u0131.&nbsp; Sand\u0131klar\u0131n y\u00fczde 94&#8217;\u00fcnden fazlas\u0131n\u0131n a\u00e7\u0131ld\u0131\u011f\u0131 se\u00e7imin ilk sonu\u00e7lar\u0131na g\u00f6re, [&hellip;]"}